{"id":13940,"date":"2024-07-29T18:27:29","date_gmt":"2024-07-29T16:27:29","guid":{"rendered":"https:\/\/neu.flowerevents.com\/?page_id=13940"},"modified":"2024-07-30T13:21:20","modified_gmt":"2024-07-30T11:21:20","slug":"references","status":"publish","type":"page","link":"https:\/\/flowerevents.com\/fr\/accueil\/references\/","title":{"rendered":"References"},"content":{"rendered":"<h1>R\u00e9f\u00e9rences<\/h1>\n<div>\n<h1>R\u00e9f\u00e9rences<\/h1>\n<\/div>\n<div>\n<p>Nous avons une large exp\u00e9rience dans le domaine de la d\u00e9coration de grands espaces.<br \/>Vous trouverez ci-dessous quelques-uns de nos lieux d&rsquo;activit\u00e9 en tant que r\u00e9f\u00e9rences avec les photos correspondantes.<\/p>\n<\/div>\n<p><iframe src=\"https:\/\/www.youtube.com\/watch?v=irc0XeZuHEU\"><\/iframe><\/p>\n<div>\n<p>Exemple de d\u00e9coration au KKL Luzern &#8211; G = g\u00e9nial (pour en savoir plus, voir la vid\u00e9o ci-dessous)<\/p>\n<p><strong>En tant que fleuriste leader de la r\u00e9gion, nous nous r\u00e9jouissons de votre demande d&rsquo;\u00e9v\u00e9nement.<\/strong><\/p>\n<p>Nous sommes volontiers votre interlocuteur pour toutes les d\u00e9corations florales correspondantes !<\/p>\n<p>En plus des cercles d&rsquo;activit\u00e9 mentionn\u00e9s ci-dessous, nous sommes \u00e9galement actifs au-del\u00e0 des fronti\u00e8res cantonales et nationales.<br \/>Foires de B\u00e2le, Zurich, Berne, Francfort, Paris, etc.<\/p>\n<p>B\u00e2le, Berne, Bienne, Gen\u00e8ve, Interlaken, Lausanne, Lugano, Saint-Gall, Saint-Moritz, Winterthour, Zoug, Zurich et bien d&rsquo;autres.<\/p>\n<p>Nous comptons parmi nos clients :<\/p>\n<p>&#8211; Des personnes de la vie priv\u00e9e et publique<br \/>&#8211; Des entreprises ou des marques actives au niveau national et international.<br \/>&#8211; Des entreprises de cin\u00e9ma et de t\u00e9l\u00e9vision<br \/>&#8211; Des personnes qui aiment les belles fleurs<\/p>\n<p><strong>&#8211; et peut-\u00eatre bient\u00f4t vous aussi ?<\/strong><\/p>\n<\/div>\n<div>\n<h1>KKL Centre de culture et de congr\u00e8s<br \/>Lucerne<\/h1>\n<\/div>\n<div>\n<p>Outre les plaisirs musicaux, le <a href=\"https:\/\/www.kkl-luzern.ch\/\">KKL<\/a> accueille \u00e9galement des conf\u00e9rences et des \u00e9v\u00e9nements d&rsquo;entreprise ou priv\u00e9s. <br \/>Notre domaine d&rsquo;intervention est ici tr\u00e8s vari\u00e9 :<br \/>bouquets et d\u00e9corations pour les concerts, concepts de d\u00e9coration de salles, verdissement, d\u00e9corations de table et bien d&rsquo;autres choses encore.<\/p>\n<\/div>\n<ul>\n<li>\n        <a href=\"#Hotel Hermitage Luzern\">H\u00f2tel Hermitage Lucerne<\/a>\n    <\/li>\n<li>\n        <a href=\"#Verkehrshaus der Schweiz Luzern\">Mus\u00e9e Suisse des Transports Lucerne<\/a>\n    <\/li>\n<li>\n        <a href=\"#Schloss Meggenhorn Meggen\">Ch\u00e2teau de Meggenhorn Meggen<\/a>\n    <\/li>\n<li>\n        <a href=\"#St.Charles Hall Meggen\">St.Charles Hall Meggen<\/a>\n    <\/li>\n<li>\n        <a href=\"#Hotel Schweizerhof Luzern\">H\u00f2tel Schweizerhof Lucerne<\/a>\n    <\/li>\n<li>\n        <a href=\"#Grand Casino Lucerne\">Grand Casino Luzern<\/a>\n    <\/li>\n<li>\n        <a href=\"#Gemeindesaal Meggen\">Salle communale Meggen<\/a>\n    <\/li>\n<\/ul>\n<ul>\n<li>\n<p>        <img decoding=\"async\" src=\"\/wp-content\/uploads\/2024\/06\/rs_schwimminseln1.jpg\" alt=\"\"><\/p>\n<h1>KKL Schwimminseln<\/h1>\n<\/li>\n<li>\n<p>        <img decoding=\"async\" src=\"\/wp-content\/uploads\/2024\/06\/bd_kkl.jpg\" alt=\"\"><\/p>\n<h1>KKL Salle Blanche mit Helikonien<\/h1>\n<\/li>\n<li>\n<p>        <img decoding=\"async\" src=\"\/wp-content\/uploads\/2024\/06\/rs_geranienwand.jpg\" alt=\"\"><\/p>\n<h1>KKL Luzerner Saal Geranienwand<\/h1>\n<\/li>\n<li>\n<p>        <img decoding=\"async\" src=\"\/wp-content\/uploads\/2024\/06\/rs_bambuswand.jpg\" alt=\"\"><\/p>\n<h1>KKL Museum Bambuswand<\/h1>\n<\/li>\n<li>\n<p>        <img decoding=\"async\" src=\"\/wp-content\/uploads\/2024\/06\/ref-kkl-16-3.jpg\" alt=\"\"><\/p>\n<h1>KKL Luzerner Terrasse<\/h1>\n<\/li>\n<li>\n<p>        <img decoding=\"async\" src=\"\/wp-content\/uploads\/2024\/06\/ref_kkl_15-8.jpg\" alt=\"\"><\/p>\n<h1>KKL Foyer Luzerner Saal Stehtische<\/h1>\n<\/li>\n<li>\n<p>        <img decoding=\"async\" src=\"\/wp-content\/uploads\/2024\/06\/ref_kkl_15-7.jpg\" alt=\"\"><\/p>\n<h1>KKL Stehtische<\/h1>\n<\/li>\n<li>\n<p>        <img decoding=\"async\" src=\"\/wp-content\/uploads\/2024\/06\/ref_kkl_15-5.jpg\" alt=\"\"><\/p>\n<h1>KKL Luzerner Saal Rosenvorhang<\/h1>\n<\/li>\n<li>\n<p>        <img decoding=\"async\" src=\"\/wp-content\/uploads\/2024\/06\/ref_kkl_15-4.jpg\" alt=\"\"><\/p>\n<h1>KKL Konzertsaal B\u00fchne mit Rosen<\/h1>\n<\/li>\n<li>\n<p>        <img decoding=\"async\" src=\"\/wp-content\/uploads\/2024\/06\/G-KKL.jpg\" alt=\"\"><\/p>\n<h1>KKL Rosenwand mit G<\/h1>\n<\/li>\n<li>\n<p>        <img decoding=\"async\" src=\"\/wp-content\/uploads\/2024\/06\/bd_konzert_kkl.jpg\" alt=\"\"><\/p>\n<h1>KKL Konzertsaal mit Helikonien<\/h1>\n<\/li>\n<li>\n<p>        <img decoding=\"async\" src=\"\/wp-content\/uploads\/2024\/06\/bd_kkl_luzerner_saal.jpg\" alt=\"\"><\/p>\n<h1>KKL Luzernersaal Tischdekoration<\/h1>\n<\/li>\n<\/ul>\n<div>\n<p>En cliquant sur le lien ci-dessous, vous verrez la vid\u00e9o<a href=\"https:\/\/www.youtube.com\/watch?v=irc0XeZuHEU&amp;t=11s\"> \u00ab\u00a0L&rsquo;\u00e9v\u00e9nement des 12 500 roses\u00a0\u00bb<\/a> sur Youtube.<\/p>\n<\/div>\n<div>\n<h1>H\u00f4tel Hermitage<br \/>Lucerne<\/h1>\n<\/div>\n<div>\n<p>L&rsquo;<a href=\"https:\/\/www.hermitage.ch\/\">h\u00f4tel Hermitage<\/a>, avec son acc\u00e8s direct au lac (sans circulation), est une perle au bord du lac des Quatre-Cantons.<br \/>Les f\u00eates de famille en tout genre, les s\u00e9minaires et les congr\u00e8s nous demandent de d\u00e9corer les tables et les salles en cons\u00e9quence.<\/p>\n<\/div>\n<ul>\n<li>\n        <a href=\"#KKL Kultur- und Kongress Zentrum Luzern\">KKL Centre de culture et de congr\u00e8s Lucerne<\/a>\n    <\/li>\n<li>\n        <a href=\"#Verkehrshaus der Schweiz Luzern\">Mus\u00e9e Suisse des Transports Lucerne<\/a>\n    <\/li>\n<li>\n        <a href=\"#Schloss Meggenhorn Meggen\">Ch\u00e2teau de Meggenhorn Meggen<\/a>\n    <\/li>\n<li>\n        <a href=\"#St.Charles Hall Meggen\">St.Charles Hall Meggen<\/a>\n    <\/li>\n<li>\n        <a href=\"#Hotel Schweizerhof Luzern\">H\u00f2tel Schweizerhof Lucerne<\/a>\n    <\/li>\n<li>\n        <a href=\"#Grand Casino Luzern\">Grand Casino Lucerne<\/a>\n    <\/li>\n<li>\n        <a href=\"#Gemeindesaal Meggen\">Salle communale Meggen<\/a>\n    <\/li>\n<\/ul>\n<ul>\n<li>\n<p>        <img decoding=\"async\" src=\"\/wp-content\/uploads\/2024\/06\/td_hermitage_3.jpg\" alt=\"\"><\/p>\n<h1>Hermitage Tischdekoration<\/h1>\n<\/li>\n<li>\n<p>        <img decoding=\"async\" src=\"\/wp-content\/uploads\/2024\/06\/td_hermitage.jpg\" alt=\"\"><\/p>\n<h1>Hermitage Tische in orange<\/h1>\n<\/li>\n<li>\n<p>        <img decoding=\"async\" src=\"\/wp-content\/uploads\/2024\/06\/ref_her12.jpg\" alt=\"\"><\/p>\n<h1>Hermitage Terrasse<\/h1>\n<\/li>\n<li>\n<p>        <img decoding=\"async\" src=\"\/wp-content\/uploads\/2024\/06\/ref_her9.jpg\" alt=\"\"><\/p>\n<h1>Hermitage Tische mit Vasenf\u00fcllungen<\/h1>\n<\/li>\n<li>\n<p>        <img decoding=\"async\" src=\"\/wp-content\/uploads\/2024\/06\/ref_her7.jpg\" alt=\"\"><\/p>\n<h1>Hermitage Zeremonie Beach Club<\/h1>\n<\/li>\n<li>\n<p>        <img decoding=\"async\" src=\"\/wp-content\/uploads\/2024\/06\/ref_her5.jpg\" alt=\"\"><\/p>\n<h1>Hermitage Zeremonie Beach Club<\/h1>\n<\/li>\n<li>\n<p>        <img decoding=\"async\" src=\"\/wp-content\/uploads\/2024\/06\/ref_her3.jpg\" alt=\"\"><\/p>\n<h1>Hermitage Tischring gelb<\/h1>\n<\/li>\n<li>\n<p>        <img decoding=\"async\" src=\"\/wp-content\/uploads\/2024\/06\/ref_her2.jpg\" alt=\"\"><\/p>\n<h1>Hermitage Tische Terrasse<\/h1>\n<\/li>\n<li>\n<p>        <img decoding=\"async\" src=\"\/wp-content\/uploads\/2024\/06\/ref_her1.jpg\" alt=\"\"><\/p>\n<h1>Hermitage Tischring weiss<\/h1>\n<\/li>\n<\/ul>\n<div>\n<h1>Mus\u00e9e Suisse des Transports<br \/>Lucerne<\/h1>\n<\/div>\n<div>\n<p>Le <a href=\"http:\/\/www.verkehrshaus.ch\/\" target=\"_blank\" rel=\"noopener noreferrer\">Mus\u00e9e des Transports<\/a> accueille des congr\u00e8s et des r\u00e9unions. Une maison qui, avec ses nombreuses facettes, est ouverte \u00e0 mille possibilit\u00e9s.<br \/>Les banquets dans le hall routier ou ferroviaire font partie des exp\u00e9riences tr\u00e8s sp\u00e9ciales.<br \/>La salle de congr\u00e8s Coronado offre, par sa sobri\u00e9t\u00e9, les conditions optimales pour des mises en sc\u00e8ne florales.<\/p>\n<\/div>\n<ul>\n<li>\n        <a href=\"#KKL Kultur- und Kongress Zentrum Luzern\">KKL Centre de culture et de congr\u00e8s Lucerne<\/a>\n    <\/li>\n<li>\n        <a href=\"#Hotel Hermitage Luzern\">H\u00f4tel Hermitage Lucerne<\/a>\n    <\/li>\n<li>\n        <a href=\"#Schloss Meggenhorn Meggen\">Ch\u00e2teau de Meggenhorn Meggen<\/a>\n    <\/li>\n<li>\n        <a href=\"#St.Charles Hall Meggen\">St.Charles Hall Meggen<\/a>\n    <\/li>\n<li>\n        <a href=\"#Hotel Schweizerhof Luzern\">H\u00f2tel Schweizerhof Lucerne<\/a>\n    <\/li>\n<li>\n        <a href=\"#Grand Casino Luzern\">Grand Casino Lucerne<\/a>\n    <\/li>\n<li>\n        <a href=\"#Gemeindesaal Meggen\">Salle communale Meggen<\/a>\n    <\/li>\n<\/ul>\n<ul>\n<li>\n<p>        <img decoding=\"async\" src=\"\/wp-content\/uploads\/2024\/06\/td_vhs_bahnhalle.jpg\" alt=\"\"><\/p>\n<h1>Verkehrshaus Bahnhalle<\/h1>\n<\/li>\n<li>\n<p>        <img decoding=\"async\" src=\"\/wp-content\/uploads\/2024\/06\/td_vhs.jpg\" alt=\"\"><\/p>\n<h1>Verkehrshaus Strassenhalle<\/h1>\n<\/li>\n<li>\n<p>        <img decoding=\"async\" src=\"\/wp-content\/uploads\/2024\/06\/rs_vhs_strassenhalle.jpg\" alt=\"\"><\/p>\n<h1>Verkehrshaus Eingang Strassenhalle<\/h1>\n<\/li>\n<li>\n<p>        <img decoding=\"async\" src=\"\/wp-content\/uploads\/2024\/06\/rs_vhs_mk2.jpg\" alt=\"\"><\/p>\n<h1>Verkehrshaus_B\u00fchne_Coronado<\/h1>\n<\/li>\n<li>\n<p>        <img decoding=\"async\" src=\"\/wp-content\/uploads\/2024\/06\/rs_vhs_mk1.jpg\" alt=\"\"><\/p>\n<h1>Verkehrshaus B\u00fchne Coronado<\/h1>\n<\/li>\n<li>\n<p>        <img decoding=\"async\" src=\"\/wp-content\/uploads\/2024\/06\/rs_vhs_eingang.jpg\" alt=\"\"><\/p>\n<h1>Verkehrshaus Haupteingang<\/h1>\n<\/li>\n<li>\n<p>        <img decoding=\"async\" src=\"\/wp-content\/uploads\/2024\/06\/IMG_5327.jpg\" alt=\"\"><\/p>\n<h1>Verkehrshaus B\u00fchne Filmtheater<\/h1>\n<\/li>\n<li>\n<p>        <img decoding=\"async\" src=\"\/wp-content\/uploads\/2024\/06\/bd_vhs4.jpg\" alt=\"\"><\/p>\n<h1>Verkehrshaus B\u00fchne Coronado mit Gitter<\/h1>\n<\/li>\n<li>\n<p>        <img decoding=\"async\" src=\"\/wp-content\/uploads\/2024\/06\/bd_vhs_k1.jpg\" alt=\"\"><\/p>\n<h1>Verkehrshaus B\u00fchneCoronado mit Gitter Details<\/h1>\n<\/li>\n<\/ul>\n<div>\n<h1>Ch\u00e2teau de Meggenhorn Meggen<\/h1>\n<\/div>\n<div>\n<p>Le <a href=\"http:\/\/http\/\/www.meggen.ch\" target=\"_blank\" rel=\"noopener noreferrer\">Ch\u00e2teau de Meggenhorn<\/a> est connu pour accueillir des mariages princiers, des f\u00eates de famille et, bien entendu, des conf\u00e9rences et des concerts.<br \/>Le ch\u00e2teau de Meggenhorn offre les possibilit\u00e9s les plus diverses pour donner \u00e0 votre f\u00eate le cadre ad\u00e9quat.<\/p>\n<\/div>\n<ul>\n<li>\n        <a href=\"#KKL Kultur- und Kongress Zentrum Luzern\">KKL Centre de culture et de congr\u00e8s Lucerne<\/a>\n    <\/li>\n<li>\n        <a href=\"#Hotel Hermitage\">H\u00f4tel Hermitage Lucerne<\/a>\n    <\/li>\n<li>\n        <a href=\"#Verkehrshaus der Schweiz Luzern\">Mus\u00e9e Suisse des Transports Lucerne<\/a>\n    <\/li>\n<li>\n        <a href=\"#St.Charles Hall Meggen\">St.Charles Hall Meggen<\/a>\n    <\/li>\n<li>\n        <a href=\"#Hotel Schweizerhof Luzern\">H\u00f4tel Schweizerhof Lucerne<\/a>\n    <\/li>\n<li>\n        <a href=\"#Grand Casino Luzern\">Grand Casino Lucerne<\/a>\n    <\/li>\n<li>\n        <a href=\"#Gemeindesaal Meggen\">Salle communale Meggen<\/a>\n    <\/li>\n<\/ul>\n<ul>\n<li>\n<p>        <img decoding=\"async\" src=\"\/wp-content\/uploads\/2024\/06\/ref_mh19.jpg\" alt=\"\"><\/p>\n<h1>Meggenhorn Vasenf\u00fcllungen<\/h1>\n<\/li>\n<li>\n<p>        <img decoding=\"async\" src=\"\/wp-content\/uploads\/2024\/06\/ref_mh18.jpg\" alt=\"\"><\/p>\n<h1>Meggenhorn_kleine _Vasenf\u00fcllungen<\/h1>\n<\/li>\n<li>\n<p>        <img decoding=\"async\" src=\"\/wp-content\/uploads\/2024\/06\/ref_mh17.jpg\" alt=\"\"><\/p>\n<h1>Meggenhorn Tischring<\/h1>\n<\/li>\n<li>\n<p>        <img decoding=\"async\" src=\"\/wp-content\/uploads\/2024\/06\/ref_mh14.jpg\" alt=\"\"><\/p>\n<h1>Meggenhorn Kapelle<\/h1>\n<\/li>\n<li>\n<p>        <img decoding=\"async\" src=\"\/wp-content\/uploads\/2024\/06\/ref_mh10.jpg\" alt=\"\"><\/p>\n<h1>Meggenhorn Zeremonie<\/h1>\n<\/li>\n<li>\n<p>        <img decoding=\"async\" src=\"\/wp-content\/uploads\/2024\/06\/ref_mh9.jpg\" alt=\"\"><\/p>\n<h1>Meggenhorn Zugang mit Hortensien<\/h1>\n<\/li>\n<li>\n<p>        <img decoding=\"async\" src=\"\/wp-content\/uploads\/2024\/06\/ref_mh8.jpg\" alt=\"\"><\/p>\n<h1>Meggenhorn Hortensienkugeln<\/h1>\n<\/li>\n<li>\n<p>        <img decoding=\"async\" src=\"\/wp-content\/uploads\/2024\/06\/ref_mh6.jpg\" alt=\"\"><\/p>\n<h1>Meggenhorn Tische<\/h1>\n<\/li>\n<li>\n<p>        <img decoding=\"async\" src=\"\/wp-content\/uploads\/2024\/06\/ref_mh5.jpg\" alt=\"\"><\/p>\n<h1>Meggenhorn Gypsophylla Kugeln<\/h1>\n<\/li>\n<li>\n<p>        <img decoding=\"async\" src=\"\/wp-content\/uploads\/2024\/06\/ref_mh4.jpg\" alt=\"\"><\/p>\n<h1>Meggenhorn Zeremonie Terrasse<\/h1>\n<\/li>\n<li>\n<p>        <img decoding=\"async\" src=\"\/wp-content\/uploads\/2024\/06\/ref_mh3.jpg\" alt=\"\"><\/p>\n<h1>Meggenhorn Bogen bei Treppe<\/h1>\n<\/li>\n<li>\n<p>        <img decoding=\"async\" src=\"\/wp-content\/uploads\/2024\/06\/ref_mh1.jpg\" alt=\"\"><\/p>\n<h1>Meggenhorn Gerbera<\/h1>\n<\/li>\n<li>\n<p>        <img decoding=\"async\" src=\"\/wp-content\/uploads\/2024\/06\/DSCN5734.jpg\" alt=\"\"><\/p>\n<h1>Meggenhorn Aussentreppe<\/h1>\n<\/li>\n<\/ul>\n<div>\n<h1>St.Charles Hall<br \/>Meggen<\/h1>\n<\/div>\n<div>\n<p>La magnifique villa avec vue sur le lac et les montagnes et son magnifique parc est sans doute le plus bel endroit du village. Avec ses diff\u00e9rentes salles, sa grande terrasse, son \u00e9tang et, depuis peu, sa propre chapelle, c&rsquo;est l&rsquo;endroit le plus polyvalent pour organiser des \u00e9v\u00e9nements dans le style classique.<br \/><a href=\"http:\/\/www.st-charles-hall.ch\/\" target=\"_blank\" rel=\"noopener noreferrer\">St Charles Hall<\/a> convient parfaitement pour des concerts, des pr\u00e9sentations d&rsquo;entreprise, des mariages, des f\u00eates d&rsquo;anniversaire et bien d&rsquo;autres possibilit\u00e9s.<\/p>\n<\/div>\n<ul>\n<li>\n        <a href=\"#KKL Luzern\">KKL Centre de culture et de congr\u00e8s Lucerne<\/a>\n    <\/li>\n<li>\n        <a href=\"#Hotel Hermitage Luzern\">H\u00f2tel Hermitage Lucerne<\/a>\n    <\/li>\n<li>\n        <a href=\"#Verkehrshaus der Schweiz Luzern\">Mus\u00e9e Suisse des Transports Lucerne<\/a>\n    <\/li>\n<li>\n        <a href=\"#Schloss Meggenhorn Meggen\">Ch\u00e2teau de Meggenhorn Meggen<\/a>\n    <\/li>\n<li>\n        <a href=\"#St.Charles Hall Meggen\">St.Charles Hall Meggen<\/a>\n    <\/li>\n<li>\n        <a href=\"#Hotel Schweizerhof Luzern\">H\u00f2tel Schweizerhof Lucerne<\/a>\n    <\/li>\n<li>\n        <a href=\"#Grand Casino Luzern\">Grand Casino Lucerne<\/a>\n    <\/li>\n<li>\n        <a href=\"#Gemeindesaal Meggen\">Salle communale Meggen<\/a>\n    <\/li>\n<\/ul>\n<ul>\n<li>\n<p>        <img decoding=\"async\" src=\"\/wp-content\/uploads\/2024\/06\/td_torte2.jpg\" alt=\"\"><\/p>\n<h1>St.Charles Tische<\/h1>\n<\/li>\n<li>\n<p>        <img decoding=\"async\" src=\"\/wp-content\/uploads\/2024\/06\/td_st.charles1.jpg\" alt=\"\"><\/p>\n<h1>St.Charles Tische mit Kugeln<\/h1>\n<\/li>\n<li>\n<p>        <img decoding=\"async\" src=\"\/wp-content\/uploads\/2024\/06\/td_st.charles.jpg\" alt=\"\"><\/p>\n<h1>St.Charles Lounge<\/h1>\n<\/li>\n<li>\n<p>        <img decoding=\"async\" src=\"\/wp-content\/uploads\/2024\/06\/stch_11.jpg\" alt=\"\"><\/p>\n<h1>St.Charles Tische Sonnenblumen<\/h1>\n<\/li>\n<li>\n<p>        <img decoding=\"async\" src=\"\/wp-content\/uploads\/2024\/06\/stch_8.jpg\" alt=\"\"><\/p>\n<h1>St.Charles Zeremonie Wiener Saal<\/h1>\n<\/li>\n<li>\n<p>        <img decoding=\"async\" src=\"\/wp-content\/uploads\/2024\/06\/stch_7.jpg\" alt=\"\"><\/p>\n<h1>St.Charles Tische Gobelinsaal<\/h1>\n<\/li>\n<li>\n<p>        <img decoding=\"async\" src=\"\/wp-content\/uploads\/2024\/06\/stch_4.jpg\" alt=\"\"><\/p>\n<h1>St.Charles Tische Wiener Saal<\/h1>\n<\/li>\n<li>\n<p>        <img decoding=\"async\" src=\"\/wp-content\/uploads\/2024\/06\/stch_3.jpg\" alt=\"\"><\/p>\n<h1>St.Charles St\u00fchle Zeremonie<\/h1>\n<\/li>\n<li>\n<p>        <img decoding=\"async\" src=\"\/wp-content\/uploads\/2024\/06\/stch_2.jpg\" alt=\"\"><\/p>\n<h1>St.Charles Zeremonie mit Baldachin<\/h1>\n<\/li>\n<li>\n<p>        <img decoding=\"async\" src=\"\/wp-content\/uploads\/2024\/06\/rs_st.charles.jpg\" alt=\"\"><\/p>\n<h1>St.Charles Eingang Wiener Saal<\/h1>\n<\/li>\n<\/ul>\n<div>\n<h1>H\u00f4tel Schweizerhof<br \/>Lucerne<\/h1>\n<\/div>\n<div>\n<p>L&rsquo;<a href=\"http:\/\/www.schweizerhof-luzern.ch\/\" target=\"_blank\" rel=\"noopener noreferrer\">h\u00f4tel Schweizerhof<\/a>, avec sa situation prestigieuse au c\u0153ur de Lucerne, propose une offre culturelle tr\u00e8s large. Outre des expositions, des \u00e9v\u00e9nements d&rsquo;entreprise, des concerts ou des mariages, nous nous chargeons volontiers de la mise en sc\u00e8ne florale en tant que fleuriste externe.<\/p>\n<\/div>\n<ul>\n<li>\n        <a href=\"#KKL Kultur- und Kongress Zentrum Luzern\">KKL Centre de culture et de congr\u00e8s Lucerne<\/a>\n    <\/li>\n<li>\n        <a href=\"#Hotel Hermitage Luzern\">KKL Centre de culture et de congr\u00e8s Lucerne<\/a>\n    <\/li>\n<li>\n        <a href=\"#Verkehrshaus der Schweiz Luzern\">Mus\u00e9e Suisse des Transports Lucerne<\/a>\n    <\/li>\n<li>\n        <a href=\"#Schloss Meggenhorn Meggen\">Ch\u00e2teau de Meggenhorn Meggen<\/a>\n    <\/li>\n<li>\n        <a href=\"#St.Charles Hall Meggen\">St.Charles Hall Meggen<\/a>\n    <\/li>\n<li>\n        <a href=\"#Grand Casino Luzern\">Grand Casino Lucerne<\/a>\n    <\/li>\n<li>\n        <a href=\"#Gemeindesaal Meggen\">Salle communale Meggen<\/a>\n    <\/li>\n<\/ul>\n<ul>\n<li>\n<p>        <img decoding=\"async\" src=\"\/wp-content\/uploads\/2024\/06\/td_rosenkugeln_details.jpg\" alt=\"\"><\/p>\n<h1>Schweizerhof Rosenkugeln<\/h1>\n<\/li>\n<li>\n<p>        <img decoding=\"async\" src=\"\/wp-content\/uploads\/2024\/06\/Td_rosenkugeln.jpg\" alt=\"\"><\/p>\n<h1>Schweizerhof Rosenkugeln<\/h1>\n<\/li>\n<li>\n<p>        <img decoding=\"async\" src=\"\/wp-content\/uploads\/2024\/06\/td_bt_schweizerhof.jpg\" alt=\"\"><\/p>\n<h1>Schweizerhof Brauttisch<\/h1>\n<\/li>\n<li>\n<p>        <img decoding=\"async\" src=\"\/wp-content\/uploads\/2024\/06\/rs.jpg\" alt=\"\"><\/p>\n<h1>Schweizerhof Dessertb\u00fcffet<\/h1>\n<\/li>\n<\/ul>\n<div>\n<h1>Grand Casino<br \/>Lucerne<\/h1>\n<\/div>\n<div>\n<p>Les congr\u00e8s, les assembl\u00e9es g\u00e9n\u00e9rales, le Lucerne Festival, les f\u00eates de famille, les mariages ne sont que quelques-uns des \u00e9v\u00e9nements qui se d\u00e9roulent au <a href=\"http:\/\/www.grandcasinoluzern.ch\/\" target=\"_blank\" rel=\"noopener noreferrer\">Grand Casino<\/a> de Lucerne.<br \/>C&rsquo;est l\u00e0 que nous intervenons en d\u00e9corant les salles et les tables.<\/p>\n<\/div>\n<ul>\n<li>\n        <a href=\"#KKL Kultur- und Kongress Zentrum Luzern\">KKL Centre de culture et de congr\u00e8s Lucerne<\/a>\n    <\/li>\n<li>\n        <a href=\"#Hotel Hermitage Luzern\">H\u00f2tel Hermitage Luzerne<\/a>\n    <\/li>\n<li>\n        <a href=\"#Verkehrshaus der Schweiz Luzern\">Mus\u00e9e Suisse des Transports Lucerne<\/a>\n    <\/li>\n<li>\n        <a href=\"#Schloss Meggenhorn Meggen\">Ch\u00e2teau de Meggenhorn Meggen<\/a>\n    <\/li>\n<li>\n        <a href=\"#St.Charles Hall Meggen\">St.Charles Hall Meggen<\/a>\n    <\/li>\n<li>\n        <a href=\"#Hotel Schweizerhof Luzern\">H\u00f2tel Schweizerhof Lucerne<\/a>\n    <\/li>\n<li>\n        <a href=\"#Gemeindesaal Meggen\">Salle communale Meggen<\/a>\n    <\/li>\n<\/ul>\n<ul>\n<li>\n<p>        <img decoding=\"async\" src=\"\/wp-content\/uploads\/2024\/06\/td_gc_luzern3.jpg\" alt=\"\"><\/p>\n<h1>Casino_Tischringe<\/h1>\n<\/li>\n<li>\n<p>        <img decoding=\"async\" src=\"\/wp-content\/uploads\/2024\/06\/td_gc_luzern_.jpg\" alt=\"\"><\/p>\n<h1>Casino_TIschdeko<\/h1>\n<\/li>\n<li>\n<p>        <img decoding=\"async\" src=\"\/wp-content\/uploads\/2024\/06\/td_caroussel.jpg\" alt=\"\"><\/p>\n<h1>Casino_Tisch_Carousel<\/h1>\n<\/li>\n<li>\n<p>        <img decoding=\"async\" src=\"\/wp-content\/uploads\/2024\/06\/rs_tiefgarage.jpg\" alt=\"\"><\/p>\n<h1>Casino_Tiefgarage<\/h1>\n<\/li>\n<li>\n<p>        <img decoding=\"async\" src=\"\/wp-content\/uploads\/2024\/06\/rs_passerelle.jpg\" alt=\"\"><\/p>\n<h1>Casino_Passerelle<\/h1>\n<\/li>\n<li>\n<p>        <img decoding=\"async\" src=\"\/wp-content\/uploads\/2024\/06\/rs_eingang.jpg\" alt=\"\"><\/p>\n<h1>Casino_Eingang_See<\/h1>\n<\/li>\n<li>\n<p>        <img decoding=\"async\" src=\"\/wp-content\/uploads\/2024\/06\/rs_casino2.jpg\" alt=\"\"><\/p>\n<h1>Casino_Eingang_Saal<\/h1>\n<\/li>\n<li>\n<p>        <img decoding=\"async\" src=\"\/wp-content\/uploads\/2024\/06\/rs_casino.jpg\" alt=\"\"><\/p>\n<h1>Casino_Eingang_Saal 2<\/h1>\n<\/li>\n<li>\n<p>        <img decoding=\"async\" src=\"\/wp-content\/uploads\/2024\/06\/lf_16_2.jpg\" alt=\"\"><\/p>\n<h1>Casino_Saal<\/h1>\n<\/li>\n<li>\n<p>        <img decoding=\"async\" src=\"\/wp-content\/uploads\/2024\/06\/lf_16_1.jpg\" alt=\"\"><\/p>\n<h1>Casino_Tischdeko_Halbkugel<\/h1>\n<\/li>\n<\/ul>\n<div>\n<h1>Salle communale<br \/>Meggen<\/h1>\n<\/div>\n<div>\n<p>La <a href=\"http:\/\/meggen.ch\/\" target=\"_blank\" rel=\"noopener noreferrer\">salle communale<\/a> est connue pour le th\u00e9\u00e2tre, les bals de carnaval, les concerts, les \u00e9v\u00e9nements associatifs et les assembl\u00e9es g\u00e9n\u00e9rales.<br \/>Par ailleurs, ilarrive qu&rsquo;une f\u00eate d&rsquo;anniversaire ou un grand mariage soit c\u00e9l\u00e9br\u00e9 dans ces locaux.<\/p>\n<\/div>\n<ul>\n<li>\n        <a href=\"#KKL Kultur- und Kongress Zentrum Luzern\">KKL Centre de culture et de congr\u00e8s Lucerne<\/a>\n    <\/li>\n<li>\n        <a href=\"#Hotel Hermitage Luzern\">H\u00f2tel Hermitage Lucerne<\/a>\n    <\/li>\n<li>\n        <a href=\"#Verkehrshaus der Schweiz Luzern\">Mus\u00e9e Suisse des Transports Lucerne<\/a>\n    <\/li>\n<li>\n        <a href=\"#Schloss Meggenhorn Meggen\">Ch\u00e2teau de Meggenhorn Meggen<\/a>\n    <\/li>\n<li>\n        <a href=\"#St.Charles Hall Meggen\">St.Charles Hall Meggen<\/a>\n    <\/li>\n<li>\n        <a href=\"#Hotel Schweizerhof Luzern\">H\u00f4tel Schweizerhof Lucerne<\/a>\n    <\/li>\n<li>\n        <a href=\"#Grand Casino Luzern\">Grand Casino Lucerne<\/a>\n    <\/li>\n<\/ul>\n<ul>\n<li>\n<p>        <img decoding=\"async\" src=\"\/wp-content\/uploads\/2024\/06\/td_gemeinde_meggen.jpg\" alt=\"\"><\/p>\n<h1>Gemeindesaal Meggen<\/h1>\n<\/li>\n<li>\n<p>        <img decoding=\"async\" src=\"\/wp-content\/uploads\/2024\/06\/bd_konzert_meggen.jpg\" alt=\"\"><\/p>\n<h1>Gemeindesaal Meggen<\/h1>\n<\/li>\n<\/ul>\n<p><!--more--><br \/>\n<!-- {\"type\":\"layout\",\"children\":[{\"type\":\"section\",\"props\":{\"header_transparent\":false,\"header_transparent_noplaceholder\":false,\"height\":\"section\",\"height_offset_top\":false,\"image\":\"wp-content\\\/uploads\\\/2024\\\/06\\\/s2.Vorhang.jpg\",\"image_loading\":true,\"image_parallax_bgy\":\"400\",\"image_position\":\"center-center\",\"image_size\":\"cover\",\"media_focal_point\":\"top-center\",\"padding\":\"small\",\"style\":\"default\",\"text_color\":\"light\",\"title_breakpoint\":\"xl\",\"title_position\":\"top-left\",\"title_rotation\":\"left\",\"vertical_align\":\"middle\",\"width\":\"expand\"},\"children\":[{\"type\":\"row\",\"children\":[{\"type\":\"column\",\"props\":{\"image_position\":\"center-center\",\"position_sticky_breakpoint\":\"m\"},\"children\":[{\"type\":\"headline\",\"props\":{\"animation\":\"none\",\"content\":\"R\\u00e9f\\u00e9rences\",\"margin_remove_bottom\":true,\"margin_remove_top\":true,\"parallax_blur\":\"50\",\"parallax_opacity\":\"1,0\",\"parallax_scale\":\"0.5\",\"text_align\":\"center\",\"title_color\":\"danger\",\"title_element\":\"h1\",\"title_style\":\"heading-2xlarge\"}}]}]}],\"name\":\"Hero\"},{\"type\":\"section\",\"props\":{\"height\":\"viewport\",\"id\":\"Mobach Keramik\",\"image_position\":\"center-center\",\"padding\":\"small\",\"padding_remove_bottom\":true,\"padding_remove_top\":false,\"preserve_color\":true,\"style\":\"primary\",\"title_breakpoint\":\"xl\",\"title_position\":\"top-left\",\"title_rotation\":\"left\",\"vertical_align\":\"middle\",\"width\":\"xlarge\"},\"children\":[{\"type\":\"row\",\"props\":{\"match\":false,\"width\":\"expand\"},\"children\":[{\"type\":\"column\",\"props\":{\"image_position\":\"center-center\",\"position_sticky_breakpoint\":\"m\",\"vertical_align\":\"middle\"},\"children\":[{\"type\":\"text\",\"props\":{\"column_breakpoint\":\"m\",\"content\":\"\n\n<h1>R\\u00e9f\\u00e9rences<\\\/h1>\",\"margin\":\"default\",\"margin_remove_top\":false},\"name\":\"Referenzen\"},{\"type\":\"text\",\"props\":{\"column_breakpoint\":\"m\",\"content\":\"\n\n<p>Nous avons une large exp\\u00e9rience dans le domaine de la d\\u00e9coration de grands espaces.<br \\\/>Vous trouverez ci-dessous quelques-uns de nos lieux d'activit\\u00e9 en tant que r\\u00e9f\\u00e9rences avec les photos correspondantes.<\\\/p>\",\"margin\":\"default\"}},{\"type\":\"video\",\"props\":{\"margin\":\"default\",\"margin_remove_bottom\":true,\"margin_remove_top\":true,\"text_color\":\"light\",\"video\":\"https:\\\/\\\/www.youtube.com\\\/watch?v=irc0XeZuHEU\",\"video_controls\":true,\"video_height\":\"1600\",\"video_lazyload\":true,\"video_width\":\"2400\"}},{\"type\":\"text\",\"props\":{\"column_breakpoint\":\"m\",\"content\":\"\n\n<p>Exemple de d\\u00e9coration au KKL Luzern - G = g\\u00e9nial (pour en savoir plus, voir la vid\\u00e9o ci-dessous)<\\\/p>\\n\n\n<p><strong>En tant que fleuriste leader de la r\\u00e9gion, nous nous r\\u00e9jouissons de votre demande d'\\u00e9v\\u00e9nement.<\\\/strong><\\\/p>\\n\n\n<p>Nous sommes volontiers votre interlocuteur pour toutes les d\\u00e9corations florales correspondantes !<\\\/p>\\n\n\n<p>En plus des cercles d'activit\\u00e9 mentionn\\u00e9s ci-dessous, nous sommes \\u00e9galement actifs au-del\\u00e0 des fronti\\u00e8res cantonales et nationales.<br \\\/>Foires de B\\u00e2le, Zurich, Berne, Francfort, Paris, etc.<\\\/p>\\n\n\n<p>B\\u00e2le, Berne, Bienne, Gen\\u00e8ve, Interlaken, Lausanne, Lugano, Saint-Gall, Saint-Moritz, Winterthour, Zoug, Zurich et bien d'autres.<\\\/p>\\n\n\n<p>Nous comptons parmi nos clients :<\\\/p>\\n\n\n<p>- Des personnes de la vie priv\\u00e9e et publique<br \\\/>- Des entreprises ou des marques actives au niveau national et international.<br \\\/>- Des entreprises de cin\\u00e9ma et de t\\u00e9l\\u00e9vision<br \\\/>- Des personnes qui aiment les belles fleurs<\\\/p>\\n\n\n<p><strong>- et peut-\\u00eatre bient\\u00f4t vous aussi ?<\\\/strong><\\\/p>\",\"margin\":\"default\"}},{\"type\":\"text\",\"props\":{\"column_breakpoint\":\"m\",\"content\":\"\n\n<h1>KKL Centre de culture et de congr\\u00e8s<br \\\/>Lucerne<\\\/h1>\",\"id\":\"KKL Kultur- und Kongress Zentrum Luzern\",\"margin\":\"default\",\"margin_remove_top\":false},\"name\":\"KKL Kultur- und Kongress Zentrum Luzern\"},{\"type\":\"text\",\"props\":{\"column_breakpoint\":\"m\",\"content\":\"\n\n<p>Outre les plaisirs musicaux, le <a href=\\\"https:\\\/\\\/www.kkl-luzern.ch\\\/\\\">KKL<\\\/a> accueille \\u00e9galement des conf\\u00e9rences et des \\u00e9v\\u00e9nements d'entreprise ou priv\\u00e9s. <br \\\/>Notre domaine d'intervention est ici tr\\u00e8s vari\\u00e9 :<br \\\/>bouquets et d\\u00e9corations pour les concerts, concepts de d\\u00e9coration de salles, verdissement, d\\u00e9corations de table et bien d'autres choses encore.<\\\/p>\",\"margin\":\"default\"}},{\"type\":\"subnav\",\"children\":[{\"type\":\"subnav_item\",\"props\":{\"content\":\"H\\u00f2tel Hermitage Lucerne\",\"link\":\"#Hotel Hermitage Luzern\"}},{\"type\":\"subnav_item\",\"props\":{\"content\":\"Mus\\u00e9e Suisse des Transports Lucerne\",\"link\":\"#Verkehrshaus der Schweiz Luzern\"}},{\"type\":\"subnav_item\",\"props\":{\"content\":\"Ch\\u00e2teau de Meggenhorn Meggen\",\"link\":\"#Schloss Meggenhorn Meggen\"}},{\"type\":\"subnav_item\",\"props\":{\"content\":\"St.Charles Hall Meggen\",\"link\":\"#St.Charles Hall Meggen\"}},{\"type\":\"subnav_item\",\"props\":{\"content\":\"H\\u00f2tel Schweizerhof Lucerne\",\"link\":\"#Hotel Schweizerhof Luzern\"}},{\"type\":\"subnav_item\",\"props\":{\"content\":\"Grand Casino Luzern\",\"link\":\"#Grand Casino Lucerne\"}},{\"type\":\"subnav_item\",\"props\":{\"content\":\"Salle communale Meggen\",\"link\":\"#Gemeindesaal Meggen\"}}]},{\"type\":\"slideshow\",\"props\":{\"link_style\":\"default\",\"link_text\":\"Read more\",\"margin\":\"default\",\"meta_align\":\"below-title\",\"meta_element\":\"div\",\"meta_style\":\"text-meta\",\"nav\":\"\",\"nav_align\":\"center\",\"nav_breakpoint\":\"s\",\"nav_position\":\"bottom-center\",\"nav_position_margin\":\"medium\",\"overlay_animation\":\"parallax\",\"overlay_position\":\"bottom-center\",\"show_content\":true,\"show_link\":true,\"show_meta\":true,\"show_thumbnail\":true,\"show_title\":true,\"slidenav\":\"outside\",\"slidenav_breakpoint\":\"s\",\"slidenav_large\":false,\"slidenav_margin\":\"\",\"slidenav_outside_breakpoint\":\"l\",\"slidenav_outside_color\":\"light\",\"slideshow_animation\":\"fade\",\"slideshow_autoplay\":true,\"slideshow_autoplay_pause\":true,\"slideshow_height\":\"section\",\"slideshow_min_height\":300,\"text_align\":\"center\",\"text_color\":\"light\",\"thumbnav_height\":\"75\",\"thumbnav_svg_color\":\"emphasis\",\"thumbnav_width\":\"100\",\"title_element\":\"h1\",\"title_font_family\":\"default\"},\"children\":[{\"type\":\"slideshow_item\",\"props\":{\"image\":\"wp-content\\\/uploads\\\/2024\\\/06\\\/rs_schwimminseln1.jpg\",\"title\":\"KKL Schwimminseln\"}},{\"type\":\"slideshow_item\",\"props\":{\"image\":\"wp-content\\\/uploads\\\/2024\\\/06\\\/bd_kkl.jpg\",\"title\":\"KKL Salle Blanche mit Helikonien\"}},{\"type\":\"slideshow_item\",\"props\":{\"image\":\"wp-content\\\/uploads\\\/2024\\\/06\\\/rs_geranienwand.jpg\",\"title\":\"KKL Luzerner Saal Geranienwand\"}},{\"type\":\"slideshow_item\",\"props\":{\"image\":\"wp-content\\\/uploads\\\/2024\\\/06\\\/rs_bambuswand.jpg\",\"title\":\"KKL Museum Bambuswand\"}},{\"type\":\"slideshow_item\",\"props\":{\"image\":\"wp-content\\\/uploads\\\/2024\\\/06\\\/ref-kkl-16-3.jpg\",\"title\":\"KKL Luzerner Terrasse\"}},{\"type\":\"slideshow_item\",\"props\":{\"image\":\"wp-content\\\/uploads\\\/2024\\\/06\\\/ref_kkl_15-8.jpg\",\"title\":\"KKL Foyer Luzerner Saal Stehtische\"}},{\"type\":\"slideshow_item\",\"props\":{\"image\":\"wp-content\\\/uploads\\\/2024\\\/06\\\/ref_kkl_15-7.jpg\",\"title\":\"KKL Stehtische\"}},{\"type\":\"slideshow_item\",\"props\":{\"image\":\"wp-content\\\/uploads\\\/2024\\\/06\\\/ref_kkl_15-5.jpg\",\"title\":\"KKL Luzerner Saal Rosenvorhang\"}},{\"type\":\"slideshow_item\",\"props\":{\"image\":\"wp-content\\\/uploads\\\/2024\\\/06\\\/ref_kkl_15-4.jpg\",\"title\":\"KKL Konzertsaal B\\u00fchne mit Rosen\"}},{\"type\":\"slideshow_item\",\"props\":{\"image\":\"wp-content\\\/uploads\\\/2024\\\/06\\\/G-KKL.jpg\",\"title\":\"KKL Rosenwand mit G\"}},{\"type\":\"slideshow_item\",\"props\":{\"image\":\"wp-content\\\/uploads\\\/2024\\\/06\\\/bd_konzert_kkl.jpg\",\"title\":\"KKL Konzertsaal mit Helikonien\"}},{\"type\":\"slideshow_item\",\"props\":{\"image\":\"wp-content\\\/uploads\\\/2024\\\/06\\\/bd_kkl_luzerner_saal.jpg\",\"title\":\"KKL Luzernersaal Tischdekoration\"}}]},{\"type\":\"text\",\"props\":{\"column_breakpoint\":\"m\",\"content\":\"\n\n<p>En cliquant sur le lien ci-dessous, vous verrez la vid\\u00e9o<a href=\\\"https:\\\/\\\/www.youtube.com\\\/watch?v=irc0XeZuHEU&amp;t=11s\\\"> \\\"L'\\u00e9v\\u00e9nement des 12 500 roses\\\"<\\\/a> sur Youtube.<\\\/p>\",\"margin\":\"default\"}},{\"type\":\"text\",\"props\":{\"column_breakpoint\":\"m\",\"content\":\"\n\n<h1>H\\u00f4tel Hermitage<br \\\/>Lucerne<\\\/h1>\",\"id\":\"Hotel Hermitage Luzern\",\"margin\":\"default\",\"margin_remove_top\":false},\"name\":\"Hotel Hermitage Luzern\"},{\"type\":\"text\",\"props\":{\"column_breakpoint\":\"m\",\"content\":\"\n\n<p>L'<a href=\\\"https:\\\/\\\/www.hermitage.ch\\\/\\\">h\\u00f4tel Hermitage<\\\/a>, avec son acc\\u00e8s direct au lac (sans circulation), est une perle au bord du lac des Quatre-Cantons.<br \\\/>Les f\\u00eates de famille en tout genre, les s\\u00e9minaires et les congr\\u00e8s nous demandent de d\\u00e9corer les tables et les salles en cons\\u00e9quence.<\\\/p>\",\"margin\":\"default\"}},{\"type\":\"subnav\",\"children\":[{\"type\":\"subnav_item\",\"props\":{\"content\":\"KKL Centre de culture et de congr\\u00e8s Lucerne\",\"link\":\"#KKL Kultur- und Kongress Zentrum Luzern\"}},{\"type\":\"subnav_item\",\"props\":{\"content\":\"Mus\\u00e9e Suisse des Transports Lucerne\",\"link\":\"#Verkehrshaus der Schweiz Luzern\"}},{\"type\":\"subnav_item\",\"props\":{\"content\":\"Ch\\u00e2teau de Meggenhorn Meggen\",\"link\":\"#Schloss Meggenhorn Meggen\"}},{\"type\":\"subnav_item\",\"props\":{\"content\":\"St.Charles Hall Meggen\",\"link\":\"#St.Charles Hall Meggen\"}},{\"type\":\"subnav_item\",\"props\":{\"content\":\"H\\u00f2tel Schweizerhof Lucerne\",\"link\":\"#Hotel Schweizerhof Luzern\"}},{\"type\":\"subnav_item\",\"props\":{\"content\":\"Grand Casino Lucerne\",\"link\":\"#Grand Casino Luzern\"}},{\"type\":\"subnav_item\",\"props\":{\"content\":\"Salle communale Meggen\",\"link\":\"#Gemeindesaal Meggen\"}}]},{\"type\":\"slideshow\",\"props\":{\"link_style\":\"default\",\"link_text\":\"Read more\",\"margin\":\"default\",\"meta_align\":\"below-title\",\"meta_element\":\"div\",\"meta_style\":\"text-meta\",\"nav\":\"\",\"nav_align\":\"center\",\"nav_breakpoint\":\"s\",\"nav_position\":\"bottom-center\",\"nav_position_margin\":\"medium\",\"overlay_animation\":\"parallax\",\"overlay_position\":\"bottom-center\",\"show_content\":true,\"show_link\":true,\"show_meta\":true,\"show_thumbnail\":true,\"show_title\":true,\"slidenav\":\"outside\",\"slidenav_breakpoint\":\"s\",\"slidenav_large\":false,\"slidenav_margin\":\"\",\"slidenav_outside_breakpoint\":\"l\",\"slidenav_outside_color\":\"light\",\"slideshow_animation\":\"fade\",\"slideshow_autoplay\":true,\"slideshow_autoplay_pause\":true,\"slideshow_height\":\"section\",\"slideshow_min_height\":300,\"text_align\":\"center\",\"text_color\":\"light\",\"thumbnav_height\":\"75\",\"thumbnav_svg_color\":\"emphasis\",\"thumbnav_width\":\"100\",\"title_element\":\"h1\",\"title_font_family\":\"default\"},\"children\":[{\"type\":\"slideshow_item\",\"props\":{\"image\":\"wp-content\\\/uploads\\\/2024\\\/06\\\/td_hermitage_3.jpg\",\"title\":\"Hermitage Tischdekoration\"}},{\"type\":\"slideshow_item\",\"props\":{\"image\":\"wp-content\\\/uploads\\\/2024\\\/06\\\/td_hermitage.jpg\",\"title\":\"Hermitage Tische in orange\"}},{\"type\":\"slideshow_item\",\"props\":{\"image\":\"wp-content\\\/uploads\\\/2024\\\/06\\\/ref_her12.jpg\",\"title\":\"Hermitage Terrasse\"}},{\"type\":\"slideshow_item\",\"props\":{\"image\":\"wp-content\\\/uploads\\\/2024\\\/06\\\/ref_her9.jpg\",\"title\":\"Hermitage Tische mit Vasenf\\u00fcllungen\"}},{\"type\":\"slideshow_item\",\"props\":{\"image\":\"wp-content\\\/uploads\\\/2024\\\/06\\\/ref_her7.jpg\",\"title\":\"Hermitage Zeremonie Beach Club\"}},{\"type\":\"slideshow_item\",\"props\":{\"image\":\"wp-content\\\/uploads\\\/2024\\\/06\\\/ref_her5.jpg\",\"title\":\"Hermitage Zeremonie Beach Club\"}},{\"type\":\"slideshow_item\",\"props\":{\"image\":\"wp-content\\\/uploads\\\/2024\\\/06\\\/ref_her3.jpg\",\"title\":\"Hermitage Tischring gelb\"}},{\"type\":\"slideshow_item\",\"props\":{\"image\":\"wp-content\\\/uploads\\\/2024\\\/06\\\/ref_her2.jpg\",\"title\":\"Hermitage Tische Terrasse\"}},{\"type\":\"slideshow_item\",\"props\":{\"image\":\"wp-content\\\/uploads\\\/2024\\\/06\\\/ref_her1.jpg\",\"title\":\"Hermitage Tischring weiss\"}}]},{\"type\":\"text\",\"props\":{\"column_breakpoint\":\"m\",\"content\":\"\n\n<h1>Mus\\u00e9e Suisse des Transports<br \\\/>Lucerne<\\\/h1>\",\"id\":\"Verkehrshaus der Schweiz Luzern\",\"margin\":\"default\"},\"name\":\"Verkehrshaus der Schweiz Luzern\"},{\"type\":\"text\",\"props\":{\"column_breakpoint\":\"m\",\"content\":\"\n\n<p>Le <a href=\\\"http:\\\/\\\/www.verkehrshaus.ch\\\/\\\" target=\\\"_blank\\\" rel=\\\"noopener noreferrer\\\">Mus\\u00e9e des Transports<\\\/a> accueille des congr\\u00e8s et des r\\u00e9unions. Une maison qui, avec ses nombreuses facettes, est ouverte \\u00e0 mille possibilit\\u00e9s.<br \\\/>Les banquets dans le hall routier ou ferroviaire font partie des exp\\u00e9riences tr\\u00e8s sp\\u00e9ciales.<br \\\/>La salle de congr\\u00e8s Coronado offre, par sa sobri\\u00e9t\\u00e9, les conditions optimales pour des mises en sc\\u00e8ne florales.<\\\/p>\",\"margin\":\"default\"}},{\"type\":\"subnav\",\"children\":[{\"type\":\"subnav_item\",\"props\":{\"content\":\"KKL Centre de culture et de congr\\u00e8s Lucerne\",\"link\":\"#KKL Kultur- und Kongress Zentrum Luzern\"}},{\"type\":\"subnav_item\",\"props\":{\"content\":\"H\\u00f4tel Hermitage Lucerne\",\"link\":\"#Hotel Hermitage Luzern\"}},{\"type\":\"subnav_item\",\"props\":{\"content\":\"Ch\\u00e2teau de Meggenhorn Meggen\",\"link\":\"#Schloss Meggenhorn Meggen\"}},{\"type\":\"subnav_item\",\"props\":{\"content\":\"St.Charles Hall Meggen\",\"link\":\"#St.Charles Hall Meggen\"}},{\"type\":\"subnav_item\",\"props\":{\"content\":\"H\\u00f2tel Schweizerhof Lucerne\",\"link\":\"#Hotel Schweizerhof Luzern\"}},{\"type\":\"subnav_item\",\"props\":{\"content\":\"Grand Casino Lucerne\",\"link\":\"#Grand Casino Luzern\"}},{\"type\":\"subnav_item\",\"props\":{\"content\":\"Salle communale Meggen\",\"link\":\"#Gemeindesaal Meggen\"}}]},{\"type\":\"slideshow\",\"props\":{\"link_style\":\"default\",\"link_text\":\"Read more\",\"margin\":\"default\",\"meta_align\":\"below-title\",\"meta_element\":\"div\",\"meta_style\":\"text-meta\",\"nav\":\"\",\"nav_align\":\"center\",\"nav_breakpoint\":\"s\",\"nav_position\":\"bottom-center\",\"nav_position_margin\":\"medium\",\"overlay_animation\":\"parallax\",\"overlay_position\":\"bottom-center\",\"show_content\":true,\"show_link\":true,\"show_meta\":true,\"show_thumbnail\":true,\"show_title\":true,\"slidenav\":\"outside\",\"slidenav_breakpoint\":\"s\",\"slidenav_large\":false,\"slidenav_margin\":\"\",\"slidenav_outside_breakpoint\":\"l\",\"slidenav_outside_color\":\"light\",\"slideshow_animation\":\"fade\",\"slideshow_autoplay\":true,\"slideshow_autoplay_pause\":true,\"slideshow_height\":\"section\",\"slideshow_min_height\":300,\"text_align\":\"center\",\"text_color\":\"light\",\"thumbnav_height\":\"75\",\"thumbnav_svg_color\":\"emphasis\",\"thumbnav_width\":\"100\",\"title_element\":\"h1\",\"title_font_family\":\"default\"},\"children\":[{\"type\":\"slideshow_item\",\"props\":{\"image\":\"wp-content\\\/uploads\\\/2024\\\/06\\\/td_vhs_bahnhalle.jpg\",\"title\":\"Verkehrshaus Bahnhalle\"}},{\"type\":\"slideshow_item\",\"props\":{\"image\":\"wp-content\\\/uploads\\\/2024\\\/06\\\/td_vhs.jpg\",\"title\":\"Verkehrshaus Strassenhalle\"}},{\"type\":\"slideshow_item\",\"props\":{\"image\":\"wp-content\\\/uploads\\\/2024\\\/06\\\/rs_vhs_strassenhalle.jpg\",\"title\":\"Verkehrshaus Eingang Strassenhalle\"}},{\"type\":\"slideshow_item\",\"props\":{\"image\":\"wp-content\\\/uploads\\\/2024\\\/06\\\/rs_vhs_mk2.jpg\",\"title\":\"Verkehrshaus_B\\u00fchne_Coronado\"}},{\"type\":\"slideshow_item\",\"props\":{\"image\":\"wp-content\\\/uploads\\\/2024\\\/06\\\/rs_vhs_mk1.jpg\",\"title\":\"Verkehrshaus B\\u00fchne Coronado\"}},{\"type\":\"slideshow_item\",\"props\":{\"image\":\"wp-content\\\/uploads\\\/2024\\\/06\\\/rs_vhs_eingang.jpg\",\"title\":\"Verkehrshaus Haupteingang\"}},{\"type\":\"slideshow_item\",\"props\":{\"image\":\"wp-content\\\/uploads\\\/2024\\\/06\\\/IMG_5327.jpg\",\"title\":\"Verkehrshaus B\\u00fchne Filmtheater\"}},{\"type\":\"slideshow_item\",\"props\":{\"image\":\"wp-content\\\/uploads\\\/2024\\\/06\\\/bd_vhs4.jpg\",\"title\":\"Verkehrshaus B\\u00fchne Coronado mit Gitter\"}},{\"type\":\"slideshow_item\",\"props\":{\"image\":\"wp-content\\\/uploads\\\/2024\\\/06\\\/bd_vhs_k1.jpg\",\"title\":\"Verkehrshaus B\\u00fchneCoronado mit Gitter Details\"}}]},{\"type\":\"text\",\"props\":{\"column_breakpoint\":\"m\",\"content\":\"\n\n<h1>Ch\\u00e2teau de Meggenhorn Meggen<\\\/h1>\",\"id\":\"Schloss Meggenhorn Meggen\",\"margin\":\"default\"},\"name\":\"Schloss Meggenhorn Meggen\"},{\"type\":\"text\",\"props\":{\"column_breakpoint\":\"m\",\"content\":\"\n\n<p>Le <a href=\\\"http:\\\/\\\/http\\\/\\\/www.meggen.ch\\\" target=\\\"_blank\\\" rel=\\\"noopener noreferrer\\\">Ch\\u00e2teau de Meggenhorn<\\\/a> est connu pour accueillir des mariages princiers, des f\\u00eates de famille et, bien entendu, des conf\\u00e9rences et des concerts.<br \\\/>Le ch\\u00e2teau de Meggenhorn offre les possibilit\\u00e9s les plus diverses pour donner \\u00e0 votre f\\u00eate le cadre ad\\u00e9quat.<\\\/p>\",\"margin\":\"default\"}},{\"type\":\"subnav\",\"children\":[{\"type\":\"subnav_item\",\"props\":{\"content\":\"KKL Centre de culture et de congr\\u00e8s Lucerne\",\"link\":\"#KKL Kultur- und Kongress Zentrum Luzern\"}},{\"type\":\"subnav_item\",\"props\":{\"content\":\"H\\u00f4tel Hermitage Lucerne\",\"link\":\"#Hotel Hermitage\"}},{\"type\":\"subnav_item\",\"props\":{\"content\":\"Mus\\u00e9e Suisse des Transports Lucerne\",\"link\":\"#Verkehrshaus der Schweiz Luzern\"}},{\"type\":\"subnav_item\",\"props\":{\"content\":\"St.Charles Hall Meggen\",\"link\":\"#St.Charles Hall Meggen\"}},{\"type\":\"subnav_item\",\"props\":{\"content\":\"H\\u00f4tel Schweizerhof Lucerne\",\"link\":\"#Hotel Schweizerhof Luzern\"}},{\"type\":\"subnav_item\",\"props\":{\"content\":\"Grand Casino Lucerne\",\"link\":\"#Grand Casino Luzern\"}},{\"type\":\"subnav_item\",\"props\":{\"content\":\"Salle communale Meggen\",\"link\":\"#Gemeindesaal Meggen\"}}]},{\"type\":\"slideshow\",\"props\":{\"link_style\":\"default\",\"link_text\":\"Read more\",\"margin\":\"default\",\"meta_align\":\"below-title\",\"meta_element\":\"div\",\"meta_style\":\"text-meta\",\"nav\":\"\",\"nav_align\":\"center\",\"nav_breakpoint\":\"s\",\"nav_position\":\"bottom-center\",\"nav_position_margin\":\"medium\",\"overlay_animation\":\"parallax\",\"overlay_position\":\"bottom-center\",\"show_content\":true,\"show_link\":true,\"show_meta\":true,\"show_thumbnail\":true,\"show_title\":true,\"slidenav\":\"outside\",\"slidenav_breakpoint\":\"s\",\"slidenav_large\":false,\"slidenav_margin\":\"\",\"slidenav_outside_breakpoint\":\"l\",\"slidenav_outside_color\":\"light\",\"slideshow_animation\":\"fade\",\"slideshow_autoplay\":true,\"slideshow_autoplay_pause\":true,\"slideshow_height\":\"section\",\"slideshow_min_height\":300,\"text_align\":\"center\",\"text_color\":\"light\",\"thumbnav_height\":\"75\",\"thumbnav_svg_color\":\"emphasis\",\"thumbnav_width\":\"100\",\"title_element\":\"h1\",\"title_font_family\":\"default\"},\"children\":[{\"type\":\"slideshow_item\",\"props\":{\"image\":\"wp-content\\\/uploads\\\/2024\\\/06\\\/ref_mh19.jpg\",\"title\":\"Meggenhorn Vasenf\\u00fcllungen\"}},{\"type\":\"slideshow_item\",\"props\":{\"image\":\"wp-content\\\/uploads\\\/2024\\\/06\\\/ref_mh18.jpg\",\"title\":\"Meggenhorn_kleine _Vasenf\\u00fcllungen\"}},{\"type\":\"slideshow_item\",\"props\":{\"image\":\"wp-content\\\/uploads\\\/2024\\\/06\\\/ref_mh17.jpg\",\"title\":\"Meggenhorn Tischring\"}},{\"type\":\"slideshow_item\",\"props\":{\"image\":\"wp-content\\\/uploads\\\/2024\\\/06\\\/ref_mh14.jpg\",\"title\":\"Meggenhorn Kapelle\"}},{\"type\":\"slideshow_item\",\"props\":{\"image\":\"wp-content\\\/uploads\\\/2024\\\/06\\\/ref_mh10.jpg\",\"title\":\"Meggenhorn Zeremonie\"}},{\"type\":\"slideshow_item\",\"props\":{\"image\":\"wp-content\\\/uploads\\\/2024\\\/06\\\/ref_mh9.jpg\",\"title\":\"Meggenhorn Zugang mit Hortensien\"}},{\"type\":\"slideshow_item\",\"props\":{\"image\":\"wp-content\\\/uploads\\\/2024\\\/06\\\/ref_mh8.jpg\",\"title\":\"Meggenhorn Hortensienkugeln\"}},{\"type\":\"slideshow_item\",\"props\":{\"image\":\"wp-content\\\/uploads\\\/2024\\\/06\\\/ref_mh6.jpg\",\"title\":\"Meggenhorn Tische\"}},{\"type\":\"slideshow_item\",\"props\":{\"image\":\"wp-content\\\/uploads\\\/2024\\\/06\\\/ref_mh5.jpg\",\"title\":\"Meggenhorn Gypsophylla Kugeln\"}},{\"type\":\"slideshow_item\",\"props\":{\"image\":\"wp-content\\\/uploads\\\/2024\\\/06\\\/ref_mh4.jpg\",\"title\":\"Meggenhorn Zeremonie Terrasse\"}},{\"type\":\"slideshow_item\",\"props\":{\"image\":\"wp-content\\\/uploads\\\/2024\\\/06\\\/ref_mh3.jpg\",\"title\":\"Meggenhorn Bogen bei Treppe\"}},{\"type\":\"slideshow_item\",\"props\":{\"image\":\"wp-content\\\/uploads\\\/2024\\\/06\\\/ref_mh1.jpg\",\"title\":\"Meggenhorn Gerbera\"}},{\"type\":\"slideshow_item\",\"props\":{\"image\":\"wp-content\\\/uploads\\\/2024\\\/06\\\/DSCN5734.jpg\",\"title\":\"Meggenhorn Aussentreppe\"}}]},{\"type\":\"text\",\"props\":{\"column_breakpoint\":\"m\",\"content\":\"\n\n<h1>St.Charles Hall<br \\\/>Meggen<\\\/h1>\",\"id\":\"St.Charles Hall Meggen\",\"margin\":\"default\"},\"name\":\"St.Charles Hall Meggen\"},{\"type\":\"text\",\"props\":{\"column_breakpoint\":\"m\",\"content\":\"\n\n<p>La magnifique villa avec vue sur le lac et les montagnes et son magnifique parc est sans doute le plus bel endroit du village. Avec ses diff\\u00e9rentes salles, sa grande terrasse, son \\u00e9tang et, depuis peu, sa propre chapelle, c'est l'endroit le plus polyvalent pour organiser des \\u00e9v\\u00e9nements dans le style classique.<br \\\/><a href=\\\"http:\\\/\\\/www.st-charles-hall.ch\\\/\\\" target=\\\"_blank\\\" rel=\\\"noopener noreferrer\\\">St Charles Hall<\\\/a> convient parfaitement pour des concerts, des pr\\u00e9sentations d'entreprise, des mariages, des f\\u00eates d'anniversaire et bien d'autres possibilit\\u00e9s.<\\\/p>\",\"margin\":\"default\"}},{\"type\":\"subnav\",\"children\":[{\"type\":\"subnav_item\",\"props\":{\"content\":\"KKL Centre de culture et de congr\\u00e8s Lucerne\",\"link\":\"#KKL Luzern\"}},{\"type\":\"subnav_item\",\"props\":{\"content\":\"H\\u00f2tel Hermitage Lucerne\",\"link\":\"#Hotel Hermitage Luzern\"}},{\"type\":\"subnav_item\",\"props\":{\"content\":\"Mus\\u00e9e Suisse des Transports Lucerne\",\"link\":\"#Verkehrshaus der Schweiz Luzern\"}},{\"type\":\"subnav_item\",\"props\":{\"content\":\"Ch\\u00e2teau de Meggenhorn Meggen\",\"link\":\"#Schloss Meggenhorn Meggen\"}},{\"type\":\"subnav_item\",\"props\":{\"content\":\"St.Charles Hall Meggen\",\"link\":\"#St.Charles Hall Meggen\"}},{\"type\":\"subnav_item\",\"props\":{\"content\":\"H\\u00f2tel Schweizerhof Lucerne\",\"link\":\"#Hotel Schweizerhof Luzern\"}},{\"type\":\"subnav_item\",\"props\":{\"content\":\"Grand Casino Lucerne\",\"link\":\"#Grand Casino Luzern\"}},{\"type\":\"subnav_item\",\"props\":{\"content\":\"Salle communale Meggen\",\"link\":\"#Gemeindesaal Meggen\"}}]},{\"type\":\"slideshow\",\"props\":{\"link_style\":\"default\",\"link_text\":\"Read more\",\"margin\":\"default\",\"meta_align\":\"below-title\",\"meta_element\":\"div\",\"meta_style\":\"text-meta\",\"nav\":\"\",\"nav_align\":\"center\",\"nav_breakpoint\":\"s\",\"nav_position\":\"bottom-center\",\"nav_position_margin\":\"medium\",\"overlay_animation\":\"parallax\",\"overlay_position\":\"bottom-center\",\"show_content\":true,\"show_link\":true,\"show_meta\":true,\"show_thumbnail\":true,\"show_title\":true,\"slidenav\":\"outside\",\"slidenav_breakpoint\":\"s\",\"slidenav_large\":false,\"slidenav_margin\":\"\",\"slidenav_outside_breakpoint\":\"l\",\"slidenav_outside_color\":\"light\",\"slideshow_animation\":\"fade\",\"slideshow_autoplay\":true,\"slideshow_autoplay_pause\":true,\"slideshow_height\":\"section\",\"slideshow_min_height\":300,\"text_align\":\"center\",\"text_color\":\"light\",\"thumbnav_height\":\"75\",\"thumbnav_svg_color\":\"emphasis\",\"thumbnav_width\":\"100\",\"title_element\":\"h1\",\"title_font_family\":\"default\"},\"children\":[{\"type\":\"slideshow_item\",\"props\":{\"image\":\"wp-content\\\/uploads\\\/2024\\\/06\\\/td_torte2.jpg\",\"title\":\"St.Charles Tische\"}},{\"type\":\"slideshow_item\",\"props\":{\"image\":\"wp-content\\\/uploads\\\/2024\\\/06\\\/td_st.charles1.jpg\",\"title\":\"St.Charles Tische mit Kugeln\"}},{\"type\":\"slideshow_item\",\"props\":{\"image\":\"wp-content\\\/uploads\\\/2024\\\/06\\\/td_st.charles.jpg\",\"title\":\"St.Charles Lounge\"}},{\"type\":\"slideshow_item\",\"props\":{\"image\":\"wp-content\\\/uploads\\\/2024\\\/06\\\/stch_11.jpg\",\"title\":\"St.Charles Tische Sonnenblumen\"}},{\"type\":\"slideshow_item\",\"props\":{\"image\":\"wp-content\\\/uploads\\\/2024\\\/06\\\/stch_8.jpg\",\"title\":\"St.Charles Zeremonie Wiener Saal\"}},{\"type\":\"slideshow_item\",\"props\":{\"image\":\"wp-content\\\/uploads\\\/2024\\\/06\\\/stch_7.jpg\",\"title\":\"St.Charles Tische Gobelinsaal\"}},{\"type\":\"slideshow_item\",\"props\":{\"image\":\"wp-content\\\/uploads\\\/2024\\\/06\\\/stch_4.jpg\",\"title\":\"St.Charles Tische Wiener Saal\"}},{\"type\":\"slideshow_item\",\"props\":{\"image\":\"wp-content\\\/uploads\\\/2024\\\/06\\\/stch_3.jpg\",\"title\":\"St.Charles St\\u00fchle Zeremonie\"}},{\"type\":\"slideshow_item\",\"props\":{\"image\":\"wp-content\\\/uploads\\\/2024\\\/06\\\/stch_2.jpg\",\"title\":\"St.Charles Zeremonie mit Baldachin\"}},{\"type\":\"slideshow_item\",\"props\":{\"image\":\"wp-content\\\/uploads\\\/2024\\\/06\\\/rs_st.charles.jpg\",\"title\":\"St.Charles Eingang Wiener Saal\"}}]},{\"type\":\"text\",\"props\":{\"column_breakpoint\":\"m\",\"content\":\"\n\n<h1>H\\u00f4tel Schweizerhof<br \\\/>Lucerne<\\\/h1>\",\"id\":\"Hotel Schweizerhof Luzern\",\"margin\":\"default\"},\"name\":\"Hotel Schweizerhof, Luzern\"},{\"type\":\"text\",\"props\":{\"column_breakpoint\":\"m\",\"content\":\"\n\n<p>L'<a href=\\\"http:\\\/\\\/www.schweizerhof-luzern.ch\\\/\\\" target=\\\"_blank\\\" rel=\\\"noopener noreferrer\\\">h\\u00f4tel Schweizerhof<\\\/a>, avec sa situation prestigieuse au c\\u0153ur de Lucerne, propose une offre culturelle tr\\u00e8s large. Outre des expositions, des \\u00e9v\\u00e9nements d'entreprise, des concerts ou des mariages, nous nous chargeons volontiers de la mise en sc\\u00e8ne florale en tant que fleuriste externe.<\\\/p>\",\"margin\":\"default\"}},{\"type\":\"subnav\",\"children\":[{\"type\":\"subnav_item\",\"props\":{\"content\":\"KKL Centre de culture et de congr\\u00e8s Lucerne\",\"link\":\"#KKL Kultur- und Kongress Zentrum Luzern\"}},{\"type\":\"subnav_item\",\"props\":{\"content\":\"KKL Centre de culture et de congr\\u00e8s Lucerne\",\"link\":\"#Hotel Hermitage Luzern\"}},{\"type\":\"subnav_item\",\"props\":{\"content\":\"Mus\\u00e9e Suisse des Transports Lucerne\",\"link\":\"#Verkehrshaus der Schweiz Luzern\"}},{\"type\":\"subnav_item\",\"props\":{\"content\":\"Ch\\u00e2teau de Meggenhorn Meggen\",\"link\":\"#Schloss Meggenhorn Meggen\"}},{\"type\":\"subnav_item\",\"props\":{\"content\":\"St.Charles Hall Meggen\",\"link\":\"#St.Charles Hall Meggen\"}},{\"type\":\"subnav_item\",\"props\":{\"content\":\"Grand Casino Lucerne\",\"link\":\"#Grand Casino Luzern\"}},{\"type\":\"subnav_item\",\"props\":{\"content\":\"Salle communale Meggen\",\"link\":\"#Gemeindesaal Meggen\"}}]},{\"type\":\"slideshow\",\"props\":{\"link_style\":\"default\",\"link_text\":\"Read more\",\"margin\":\"default\",\"meta_align\":\"below-title\",\"meta_element\":\"div\",\"meta_style\":\"text-meta\",\"nav\":\"\",\"nav_align\":\"center\",\"nav_breakpoint\":\"s\",\"nav_position\":\"bottom-center\",\"nav_position_margin\":\"medium\",\"overlay_animation\":\"parallax\",\"overlay_position\":\"bottom-center\",\"show_content\":true,\"show_link\":true,\"show_meta\":true,\"show_thumbnail\":true,\"show_title\":true,\"slidenav\":\"outside\",\"slidenav_breakpoint\":\"s\",\"slidenav_large\":false,\"slidenav_margin\":\"\",\"slidenav_outside_breakpoint\":\"l\",\"slidenav_outside_color\":\"light\",\"slideshow_animation\":\"fade\",\"slideshow_autoplay\":true,\"slideshow_autoplay_pause\":true,\"slideshow_height\":\"section\",\"slideshow_min_height\":300,\"text_align\":\"center\",\"text_color\":\"light\",\"thumbnav_height\":\"75\",\"thumbnav_svg_color\":\"emphasis\",\"thumbnav_width\":\"100\",\"title_element\":\"h1\",\"title_font_family\":\"default\"},\"children\":[{\"type\":\"slideshow_item\",\"props\":{\"image\":\"wp-content\\\/uploads\\\/2024\\\/06\\\/td_rosenkugeln_details.jpg\",\"title\":\"Schweizerhof Rosenkugeln\"}},{\"type\":\"slideshow_item\",\"props\":{\"image\":\"wp-content\\\/uploads\\\/2024\\\/06\\\/Td_rosenkugeln.jpg\",\"title\":\"Schweizerhof Rosenkugeln\"}},{\"type\":\"slideshow_item\",\"props\":{\"image\":\"wp-content\\\/uploads\\\/2024\\\/06\\\/td_bt_schweizerhof.jpg\",\"title\":\"Schweizerhof Brauttisch\"}},{\"type\":\"slideshow_item\",\"props\":{\"image\":\"wp-content\\\/uploads\\\/2024\\\/06\\\/rs.jpg\",\"title\":\"Schweizerhof Dessertb\\u00fcffet\"}}]},{\"type\":\"text\",\"props\":{\"column_breakpoint\":\"m\",\"content\":\"\n\n<h1>Grand Casino<br \\\/>Lucerne<\\\/h1>\",\"id\":\"Grand Casino Luzern\",\"margin\":\"default\"},\"name\":\"Grand Casino , Luzern\"},{\"type\":\"text\",\"props\":{\"column_breakpoint\":\"m\",\"content\":\"\n\n<p>Les congr\\u00e8s, les assembl\\u00e9es g\\u00e9n\\u00e9rales, le Lucerne Festival, les f\\u00eates de famille, les mariages ne sont que quelques-uns des \\u00e9v\\u00e9nements qui se d\\u00e9roulent au <a href=\\\"http:\\\/\\\/www.grandcasinoluzern.ch\\\/\\\" target=\\\"_blank\\\" rel=\\\"noopener noreferrer\\\">Grand Casino<\\\/a> de Lucerne.<br \\\/>C'est l\\u00e0 que nous intervenons en d\\u00e9corant les salles et les tables.<\\\/p>\",\"margin\":\"default\"}},{\"type\":\"subnav\",\"children\":[{\"type\":\"subnav_item\",\"props\":{\"content\":\"KKL Centre de culture et de congr\\u00e8s Lucerne\",\"link\":\"#KKL Kultur- und Kongress Zentrum Luzern\"}},{\"type\":\"subnav_item\",\"props\":{\"content\":\"H\\u00f2tel Hermitage Luzerne\",\"link\":\"#Hotel Hermitage Luzern\"}},{\"type\":\"subnav_item\",\"props\":{\"content\":\"Mus\\u00e9e Suisse des Transports Lucerne\",\"link\":\"#Verkehrshaus der Schweiz Luzern\"}},{\"type\":\"subnav_item\",\"props\":{\"content\":\"Ch\\u00e2teau de Meggenhorn Meggen\",\"link\":\"#Schloss Meggenhorn Meggen\"}},{\"type\":\"subnav_item\",\"props\":{\"content\":\"St.Charles Hall Meggen\",\"link\":\"#St.Charles Hall Meggen\"}},{\"type\":\"subnav_item\",\"props\":{\"content\":\"H\\u00f2tel Schweizerhof Lucerne\",\"link\":\"#Hotel Schweizerhof Luzern\"}},{\"type\":\"subnav_item\",\"props\":{\"content\":\"Salle communale Meggen\",\"link\":\"#Gemeindesaal Meggen\"}}]},{\"type\":\"slideshow\",\"props\":{\"link_style\":\"default\",\"link_text\":\"Read more\",\"margin\":\"default\",\"meta_align\":\"below-title\",\"meta_element\":\"div\",\"meta_style\":\"text-meta\",\"nav\":\"\",\"nav_align\":\"center\",\"nav_breakpoint\":\"s\",\"nav_position\":\"bottom-center\",\"nav_position_margin\":\"medium\",\"overlay_animation\":\"parallax\",\"overlay_position\":\"bottom-center\",\"show_content\":true,\"show_link\":true,\"show_meta\":true,\"show_thumbnail\":true,\"show_title\":true,\"slidenav\":\"outside\",\"slidenav_breakpoint\":\"s\",\"slidenav_large\":false,\"slidenav_margin\":\"\",\"slidenav_outside_breakpoint\":\"l\",\"slidenav_outside_color\":\"light\",\"slideshow_animation\":\"fade\",\"slideshow_autoplay\":true,\"slideshow_autoplay_pause\":true,\"slideshow_height\":\"section\",\"slideshow_min_height\":300,\"text_align\":\"center\",\"text_color\":\"light\",\"thumbnav_height\":\"75\",\"thumbnav_svg_color\":\"emphasis\",\"thumbnav_width\":\"100\",\"title_element\":\"h1\",\"title_font_family\":\"default\"},\"children\":[{\"type\":\"slideshow_item\",\"props\":{\"image\":\"wp-content\\\/uploads\\\/2024\\\/06\\\/td_gc_luzern3.jpg\",\"title\":\"Casino_Tischringe\"}},{\"type\":\"slideshow_item\",\"props\":{\"image\":\"wp-content\\\/uploads\\\/2024\\\/06\\\/td_gc_luzern_.jpg\",\"title\":\"Casino_TIschdeko\"}},{\"type\":\"slideshow_item\",\"props\":{\"image\":\"wp-content\\\/uploads\\\/2024\\\/06\\\/td_caroussel.jpg\",\"title\":\"Casino_Tisch_Carousel\"}},{\"type\":\"slideshow_item\",\"props\":{\"image\":\"wp-content\\\/uploads\\\/2024\\\/06\\\/rs_tiefgarage.jpg\",\"title\":\"Casino_Tiefgarage\"}},{\"type\":\"slideshow_item\",\"props\":{\"image\":\"wp-content\\\/uploads\\\/2024\\\/06\\\/rs_passerelle.jpg\",\"title\":\"Casino_Passerelle\"}},{\"type\":\"slideshow_item\",\"props\":{\"image\":\"wp-content\\\/uploads\\\/2024\\\/06\\\/rs_eingang.jpg\",\"title\":\"Casino_Eingang_See\"}},{\"type\":\"slideshow_item\",\"props\":{\"image\":\"wp-content\\\/uploads\\\/2024\\\/06\\\/rs_casino2.jpg\",\"title\":\"Casino_Eingang_Saal\"}},{\"type\":\"slideshow_item\",\"props\":{\"image\":\"wp-content\\\/uploads\\\/2024\\\/06\\\/rs_casino.jpg\",\"title\":\"Casino_Eingang_Saal 2\"}},{\"type\":\"slideshow_item\",\"props\":{\"image\":\"wp-content\\\/uploads\\\/2024\\\/06\\\/lf_16_2.jpg\",\"title\":\"Casino_Saal\"}},{\"type\":\"slideshow_item\",\"props\":{\"image\":\"wp-content\\\/uploads\\\/2024\\\/06\\\/lf_16_1.jpg\",\"title\":\"Casino_Tischdeko_Halbkugel\"}}]},{\"type\":\"text\",\"props\":{\"column_breakpoint\":\"m\",\"content\":\"\n\n<h1>Salle communale<br \\\/>Meggen<\\\/h1>\",\"id\":\"Gemeindesaal Meggen\",\"margin\":\"default\"},\"name\":\"Gemeindesaal, Meggen\"},{\"type\":\"text\",\"props\":{\"column_breakpoint\":\"m\",\"content\":\"\n\n<p>La <a href=\\\"http:\\\/\\\/meggen.ch\\\/\\\" target=\\\"_blank\\\" rel=\\\"noopener noreferrer\\\">salle communale<\\\/a> est connue pour le th\\u00e9\\u00e2tre, les bals de carnaval, les concerts, les \\u00e9v\\u00e9nements associatifs et les assembl\\u00e9es g\\u00e9n\\u00e9rales.<br \\\/>Par ailleurs, ilarrive qu'une f\\u00eate d'anniversaire ou un grand mariage soit c\\u00e9l\\u00e9br\\u00e9 dans ces locaux.<\\\/p>\",\"margin\":\"default\"}},{\"type\":\"subnav\",\"children\":[{\"type\":\"subnav_item\",\"props\":{\"content\":\"KKL Centre de culture et de congr\\u00e8s Lucerne\",\"link\":\"#KKL Kultur- und Kongress Zentrum Luzern\"}},{\"type\":\"subnav_item\",\"props\":{\"content\":\"H\\u00f2tel Hermitage Lucerne\",\"link\":\"#Hotel Hermitage Luzern\"}},{\"type\":\"subnav_item\",\"props\":{\"content\":\"Mus\\u00e9e Suisse des Transports Lucerne\",\"link\":\"#Verkehrshaus der Schweiz Luzern\"}},{\"type\":\"subnav_item\",\"props\":{\"content\":\"Ch\\u00e2teau de Meggenhorn Meggen\",\"link\":\"#Schloss Meggenhorn Meggen\"}},{\"type\":\"subnav_item\",\"props\":{\"content\":\"St.Charles Hall Meggen\",\"link\":\"#St.Charles Hall Meggen\"}},{\"type\":\"subnav_item\",\"props\":{\"content\":\"H\\u00f4tel Schweizerhof Lucerne\",\"link\":\"#Hotel Schweizerhof Luzern\"}},{\"type\":\"subnav_item\",\"props\":{\"content\":\"Grand Casino Lucerne\",\"link\":\"#Grand Casino Luzern\"}}]},{\"type\":\"slideshow\",\"props\":{\"link_style\":\"default\",\"link_text\":\"Read more\",\"margin\":\"default\",\"meta_align\":\"below-title\",\"meta_element\":\"div\",\"meta_style\":\"text-meta\",\"nav\":\"\",\"nav_align\":\"center\",\"nav_breakpoint\":\"s\",\"nav_position\":\"bottom-center\",\"nav_position_margin\":\"medium\",\"overlay_animation\":\"parallax\",\"overlay_position\":\"bottom-center\",\"show_content\":true,\"show_link\":true,\"show_meta\":true,\"show_thumbnail\":true,\"show_title\":true,\"slidenav\":\"outside\",\"slidenav_breakpoint\":\"s\",\"slidenav_large\":false,\"slidenav_margin\":\"\",\"slidenav_outside_breakpoint\":\"l\",\"slidenav_outside_color\":\"light\",\"slideshow_animation\":\"fade\",\"slideshow_autoplay\":true,\"slideshow_autoplay_pause\":true,\"slideshow_height\":\"section\",\"slideshow_min_height\":300,\"text_align\":\"center\",\"text_color\":\"light\",\"thumbnav_height\":\"75\",\"thumbnav_svg_color\":\"emphasis\",\"thumbnav_width\":\"100\",\"title_element\":\"h1\",\"title_font_family\":\"default\"},\"children\":[{\"type\":\"slideshow_item\",\"props\":{\"image\":\"wp-content\\\/uploads\\\/2024\\\/06\\\/td_gemeinde_meggen.jpg\",\"title\":\"Gemeindesaal Meggen\"}},{\"type\":\"slideshow_item\",\"props\":{\"image\":\"wp-content\\\/uploads\\\/2024\\\/06\\\/bd_konzert_meggen.jpg\",\"title\":\"Gemeindesaal Meggen\"}}]},{\"type\":\"totop\",\"props\":{\"margin\":\"default\",\"text_align\":\"right\",\"title_grid_column_gap\":\"small\",\"title_grid_row_gap\":\"small\"}}]}]}]}],\"version\":\"4.4.6\"} --><\/p>\n","protected":false},"excerpt":{"rendered":"<p>R\u00e9f\u00e9rences R\u00e9f\u00e9rences Nous avons une large exp\u00e9rience dans le domaine de la d\u00e9coration de grands espaces.Vous trouverez ci-dessous quelques-uns de nos lieux d&rsquo;activit\u00e9 en tant que r\u00e9f\u00e9rences avec les photos correspondantes. Exemple de d\u00e9coration au KKL Luzern &#8211; G = g\u00e9nial (pour en savoir plus, voir la vid\u00e9o ci-dessous) En tant que fleuriste leader de [&hellip;]<\/p>\n","protected":false},"author":2,"featured_media":0,"parent":12261,"menu_order":4,"comment_status":"closed","ping_status":"closed","template":"","meta":{"footnotes":""},"class_list":["post-13940","page","type-page","status-publish","hentry"],"yoast_head":"<!-- This site is optimized with the Yoast SEO Premium plugin v24.9 (Yoast SEO v24.9) - https:\/\/yoast.com\/wordpress\/plugins\/seo\/ -->\n<title>References - Blumen Florist Luzern Blumenonline<\/title>\n<meta name=\"description\" content=\"Blumen Blumengesch\u00e4ft Florist Luzern\" \/>\n<meta name=\"robots\" content=\"index, follow, max-snippet:-1, max-image-preview:large, max-video-preview:-1\" \/>\n<link rel=\"canonical\" href=\"https:\/\/flowerevents.com\/fr\/accueil\/references\/\" \/>\n<meta property=\"og:locale\" content=\"fr_FR\" \/>\n<meta property=\"og:type\" content=\"article\" \/>\n<meta property=\"og:title\" content=\"References\" \/>\n<meta property=\"og:description\" content=\"Instagram\" \/>\n<meta property=\"og:url\" content=\"https:\/\/flowerevents.com\/fr\/accueil\/references\/\" \/>\n<meta property=\"og:site_name\" content=\"Blumen Florist Luzern Blumenonline\" \/>\n<meta property=\"article:publisher\" content=\"https:\/\/www.facebook.com\/flowerevents.ch\" \/>\n<meta property=\"article:modified_time\" content=\"2024-07-30T11:21:20+00:00\" \/>\n<meta name=\"twitter:card\" content=\"summary_large_image\" \/>\n<meta name=\"twitter:label1\" content=\"Dur\u00e9e de lecture estim\u00e9e\" \/>\n\t<meta name=\"twitter:data1\" content=\"6 minutes\" \/>\n<script type=\"application\/ld+json\" class=\"yoast-schema-graph\">{\"@context\":\"https:\/\/schema.org\",\"@graph\":[{\"@type\":\"WebPage\",\"@id\":\"https:\/\/flowerevents.com\/fr\/accueil\/references\/\",\"url\":\"https:\/\/flowerevents.com\/fr\/accueil\/references\/\",\"name\":\"References - Blumen Florist Luzern Blumenonline\",\"isPartOf\":{\"@id\":\"https:\/\/flowerevents.com\/fr\/#website\"},\"datePublished\":\"2024-07-29T16:27:29+00:00\",\"dateModified\":\"2024-07-30T11:21:20+00:00\",\"description\":\"Blumen Blumengesch\u00e4ft Florist Luzern\",\"breadcrumb\":{\"@id\":\"https:\/\/flowerevents.com\/fr\/accueil\/references\/#breadcrumb\"},\"inLanguage\":\"fr-FR\",\"potentialAction\":[{\"@type\":\"ReadAction\",\"target\":[\"https:\/\/flowerevents.com\/fr\/accueil\/references\/\"]}]},{\"@type\":\"BreadcrumbList\",\"@id\":\"https:\/\/flowerevents.com\/fr\/accueil\/references\/#breadcrumb\",\"itemListElement\":[{\"@type\":\"ListItem\",\"position\":1,\"name\":\"Startseite\",\"item\":\"https:\/\/flowerevents.com\/fr\/\"},{\"@type\":\"ListItem\",\"position\":2,\"name\":\"Accueil\",\"item\":\"https:\/\/flowerevents.com\/fr\/\"},{\"@type\":\"ListItem\",\"position\":3,\"name\":\"References\"}]},{\"@type\":\"WebSite\",\"@id\":\"https:\/\/flowerevents.com\/fr\/#website\",\"url\":\"https:\/\/flowerevents.com\/fr\/\",\"name\":\"Flowerevents\",\"description\":\"Wenn es um Blumiges geht - die sch\u00f6nste Blumengesch\u00e4ft von Luzern\",\"alternateName\":\"Blumen Luzern Flowerevents\",\"potentialAction\":[{\"@type\":\"SearchAction\",\"target\":{\"@type\":\"EntryPoint\",\"urlTemplate\":\"https:\/\/flowerevents.com\/fr\/?s={search_term_string}\"},\"query-input\":{\"@type\":\"PropertyValueSpecification\",\"valueRequired\":true,\"valueName\":\"search_term_string\"}}],\"inLanguage\":\"fr-FR\"}]}<\/script>\n<!-- \/ Yoast SEO Premium plugin. -->","yoast_head_json":{"title":"References - Blumen Florist Luzern Blumenonline","description":"Blumen Blumengesch\u00e4ft Florist Luzern","robots":{"index":"index","follow":"follow","max-snippet":"max-snippet:-1","max-image-preview":"max-image-preview:large","max-video-preview":"max-video-preview:-1"},"canonical":"https:\/\/flowerevents.com\/fr\/accueil\/references\/","og_locale":"fr_FR","og_type":"article","og_title":"References","og_description":"Instagram","og_url":"https:\/\/flowerevents.com\/fr\/accueil\/references\/","og_site_name":"Blumen Florist Luzern Blumenonline","article_publisher":"https:\/\/www.facebook.com\/flowerevents.ch","article_modified_time":"2024-07-30T11:21:20+00:00","twitter_card":"summary_large_image","twitter_misc":{"Dur\u00e9e de lecture estim\u00e9e":"6 minutes"},"schema":{"@context":"https:\/\/schema.org","@graph":[{"@type":"WebPage","@id":"https:\/\/flowerevents.com\/fr\/accueil\/references\/","url":"https:\/\/flowerevents.com\/fr\/accueil\/references\/","name":"References - Blumen Florist Luzern Blumenonline","isPartOf":{"@id":"https:\/\/flowerevents.com\/fr\/#website"},"datePublished":"2024-07-29T16:27:29+00:00","dateModified":"2024-07-30T11:21:20+00:00","description":"Blumen Blumengesch\u00e4ft Florist Luzern","breadcrumb":{"@id":"https:\/\/flowerevents.com\/fr\/accueil\/references\/#breadcrumb"},"inLanguage":"fr-FR","potentialAction":[{"@type":"ReadAction","target":["https:\/\/flowerevents.com\/fr\/accueil\/references\/"]}]},{"@type":"BreadcrumbList","@id":"https:\/\/flowerevents.com\/fr\/accueil\/references\/#breadcrumb","itemListElement":[{"@type":"ListItem","position":1,"name":"Startseite","item":"https:\/\/flowerevents.com\/fr\/"},{"@type":"ListItem","position":2,"name":"Accueil","item":"https:\/\/flowerevents.com\/fr\/"},{"@type":"ListItem","position":3,"name":"References"}]},{"@type":"WebSite","@id":"https:\/\/flowerevents.com\/fr\/#website","url":"https:\/\/flowerevents.com\/fr\/","name":"Flowerevents","description":"Wenn es um Blumiges geht - die sch\u00f6nste Blumengesch\u00e4ft von Luzern","alternateName":"Blumen Luzern Flowerevents","potentialAction":[{"@type":"SearchAction","target":{"@type":"EntryPoint","urlTemplate":"https:\/\/flowerevents.com\/fr\/?s={search_term_string}"},"query-input":{"@type":"PropertyValueSpecification","valueRequired":true,"valueName":"search_term_string"}}],"inLanguage":"fr-FR"}]}},"_links":{"self":[{"href":"https:\/\/flowerevents.com\/fr\/wp-json\/wp\/v2\/pages\/13940"}],"collection":[{"href":"https:\/\/flowerevents.com\/fr\/wp-json\/wp\/v2\/pages"}],"about":[{"href":"https:\/\/flowerevents.com\/fr\/wp-json\/wp\/v2\/types\/page"}],"author":[{"embeddable":true,"href":"https:\/\/flowerevents.com\/fr\/wp-json\/wp\/v2\/users\/2"}],"replies":[{"embeddable":true,"href":"https:\/\/flowerevents.com\/fr\/wp-json\/wp\/v2\/comments?post=13940"}],"version-history":[{"count":15,"href":"https:\/\/flowerevents.com\/fr\/wp-json\/wp\/v2\/pages\/13940\/revisions"}],"predecessor-version":[{"id":13996,"href":"https:\/\/flowerevents.com\/fr\/wp-json\/wp\/v2\/pages\/13940\/revisions\/13996"}],"up":[{"embeddable":true,"href":"https:\/\/flowerevents.com\/fr\/wp-json\/wp\/v2\/pages\/12261"}],"wp:attachment":[{"href":"https:\/\/flowerevents.com\/fr\/wp-json\/wp\/v2\/media?parent=13940"}],"curies":[{"name":"wp","href":"https:\/\/api.w.org\/{rel}","templated":true}]}}