{"id":12261,"date":"2024-03-26T10:55:40","date_gmt":"2024-03-26T09:55:40","guid":{"rendered":"https:\/\/neu.flowerevents.com\/home-2\/"},"modified":"2026-04-22T07:31:15","modified_gmt":"2026-04-22T05:31:15","slug":"accueil","status":"publish","type":"page","link":"https:\/\/flowerevents.com\/fr\/","title":{"rendered":"Accueil"},"content":{"rendered":"<div>\n<p style=\"text-align: center;\">Bienvenue \u00e0 Flowerevents<\/p>\n<\/div>\n<div><strong>nos horaires d&rsquo;ouverture<\/strong><\/p>\n<h1><\/h1>\n<\/div>\n<div>\n<p style=\"text-align: center;\">Lundi &#8211; Vendredi:<\/p>\n<\/div>\n<div>\n<p style=\"text-align: center;\"><strong>07.30 -18.30 h<\/strong><\/p>\n<\/div>\n<div>\n<p style=\"text-align: center;\">Samedi:\u00a0<\/p>\n<\/div>\n<div>\n<p style=\"text-align: center;\">07.30 &#8211; 17.00 h\u00a0<\/p>\n<\/div>\n<div>\n<p style=\"text-align: center;\"><strong>Dimanche et jours f\u00e9ri\u00e9s<\/strong><\/p>\n<\/div>\n<div>\n<p style=\"text-align: center;\">09.00 -12.00 h<\/p>\n<\/div>\n<h1>\n<h1 style=\"text-align: center;\">Bienvenue sur le portail en ligne de Flowerevents \u00e0 Meggen<\/h1>\n<\/h1>\n<p><img decoding=\"async\" src=\"\/wp-content\/uploads\/2026\/04\/Muttertag-2026_fr.jpg\" alt=\"\"><\/p>\n<div>\n<h2 style=\"text-align: center;\"><strong>\u00a0\u00bb Le fleuriste pour les exigences particuli\u00e8res <\/strong><strong>et les solutions florales.<\/strong>..<strong><br \/>&#8230;aux portes de la ville de Lucerne \u00ab\u00a0<\/strong><\/h2>\n<h2 style=\"text-align: left;\"><strong><span><div class=\"ditty ditty--pre\" data-id=\"13116\" data-uniqid=\"ditty-69f366f05a6a8\"><\/div><\/span><\/strong><\/h2>\n<h2 style=\"text-align: left;\"><strong><span><br \/><\/span><\/strong>Nous cr\u00e9ons chaque jour de nouveaux chefs-d&rsquo;\u0153uvre pour vous !<br \/>Nous acceptons volontiers vos commandes 24h\/7j, \u00e9galement dans notre boutique en ligne.<\/h2>\n<\/div>\n<div>\n<p>En tant que l&rsquo;un des fleuristes leaders de Suisse centrale, nous nous effor\u00e7ons d&rsquo;offrir un large \u00e9ventail de services dans les domaines des fleurs, des plantes et de l&rsquo;art floral.\u00a0<br \/>Associ\u00e9s \u00e0 l&rsquo;artisanat appropri\u00e9, nous cr\u00e9ons pour vous les chefs-d&rsquo;\u0153uvre que vous souhaitez.<br \/>Notre exigence est d&rsquo;harmoniser des mat\u00e9riaux de haute qualit\u00e9, avec des r\u00e9cipients ou des accessoires correspondants.<\/p>\n<p>Nous nous r\u00e9jouissons de votre visite<\/p>\n<p>Karl &amp; Christine Zuber et l&rsquo;\u00e9quipe Flowerevents<\/p>\n<h1><\/h1>\n<\/div>\n<h1>\n<h2>Aper\u00e7u du site web<\/h2>\n<\/h1>\n<div>\n<p>Cliquez dans les segments de l&rsquo;image pour acc\u00e9der aux cat\u00e9gories !<\/p>\n<\/div>\n<ul>\n<li>\n<p>        <img decoding=\"async\" src=\"\/wp-content\/uploads\/2024\/05\/str.IMG_3692.jpg\" alt=\"\"><\/p>\n<h1>Florales<\/h1>\n<p><a href=\"https:\/\/flowerevents.com\/fr\/fleurs-et-plantes\/fleurs\/\">Cliquez ici pour voir Florales<\/a><\/p>\n<\/li>\n<li>\n<p>        <img decoding=\"async\" src=\"\/wp-content\/uploads\/2024\/04\/Farn-1.jpg\" alt=\"\"><\/p>\n<h1>Verdure<\/h1>\n<p><a href=\"https:\/\/flowerevents.com\/fr\/fleurs-et-plantes\/verdure\/\">Cliquez ici pour le vert<\/a><\/p>\n<\/li>\n<li>\n<p>        <img decoding=\"async\" src=\"\/wp-content\/uploads\/2024\/04\/ref_kkl_15-5.Q.jpg\" alt=\"\"><\/p>\n<h1>\u00c9v\u00e9nements<\/h1>\n<p><a href=\"\/fr\/evenements\/\">Cliquez ici pour les \u00e9v\u00e9nements<\/a><\/p>\n<\/li>\n<li>\n<p>        <img decoding=\"async\" src=\"\/wp-content\/uploads\/2024\/04\/Abo-Sunneziel-05.02.21a.jpg\" alt=\"\"><\/p>\n<h1>Vers la boutique en ligne<\/h1>\n<p><a href=\"https:\/\/flowerevents.com\/fr\/boutique\/\">Cliquez ici pour acc\u00e9der \u00e0 la boutique en ligne<\/a><\/p>\n<\/li>\n<li>\n<p>        <img decoding=\"async\" src=\"\/wp-content\/uploads\/2024\/03\/bs_rosen_historisch_q.jpg\" alt=\"\"><\/p>\n<h1>Mariages<\/h1>\n<p><a href=\"https:\/\/flowerevents.com\/fr\/evenementiel\/evenements-prives\/mariages\/\">Cliquez ici pour les mariages<\/a><\/p>\n<\/li>\n<li>\n<p>        <img decoding=\"async\" src=\"\/wp-content\/uploads\/2024\/04\/Phalaenopsis-gold-Mobach.jpg\" alt=\"\"><\/p>\n<h1>Plantes fleuri<\/h1>\n<p><a href=\"https:\/\/flowerevents.com\/fr\/fleurs-et-plantes\/fleurir\/\">Cliquez ici pour les fleurir<\/a><\/p>\n<\/li>\n<li>\n<p>        <img decoding=\"async\" src=\"\/wp-content\/uploads\/2024\/04\/kranz_gruen_weiss-1.jpg\" alt=\"\"><\/p>\n<h1>Dire au revoir<\/h1>\n<p><a href=\"https:\/\/flowerevents.com\/fr\/evenementiel\/evenements-prives\/dire-au-revoir\/\">Cliquez ici pour les adieux<\/a><\/p>\n<\/li>\n<li>\n<p>        <img decoding=\"async\" src=\"\/wp-content\/uploads\/2024\/04\/mo_messe2.jpg\" alt=\"\"><\/p>\n<h1>Accessoires<\/h1>\n<p><a href=\"https:\/\/flowerevents.com\/fr\/accessoires\/\">Cliquez ici pour les accessoires<\/a><\/p>\n<\/li>\n<li>\n<p>        <img decoding=\"async\" src=\"\/wp-content\/uploads\/2024\/04\/Q.DSCN0809.jpg\" alt=\"\"><\/p>\n<h1>Cours et conf\u00e9rences<\/h1>\n<p><a href=\"\/fr\/home-2\/cours-et-conferences\/\">Cliquez ici pour les conf\u00e9rences<\/a><\/p>\n<\/li>\n<\/ul>\n<p><!--more--><br \/>\n<!-- {\"type\":\"layout\",\"children\":[{\"type\":\"section\",\"props\":{\"header_transparent\":true,\"header_transparent_noplaceholder\":false,\"height_offset_top\":false,\"height_viewport\":300,\"image\":\"wp-content\\\/uploads\\\/2026\\\/02\\\/DSC_3111.jpg\",\"image_effect\":\"fixed\",\"image_loading\":true,\"image_parallax_target\":\"![class*='uk-section-'] ~ [class*='uk-section-']\",\"image_position\":\"center-center\",\"image_size\":\"cover\",\"overlap\":false,\"padding\":\"none\",\"padding_remove_bottom\":false,\"padding_remove_horizontal\":false,\"padding_remove_top\":false,\"preserve_color\":true,\"style\":\"primary\",\"title_breakpoint\":\"xl\",\"title_position\":\"top-left\",\"title_rotation\":\"left\",\"vertical_align\":\"\",\"width\":\"\"},\"children\":[{\"type\":\"row\",\"props\":{\"alignment\":\"center\",\"column_gap\":\"collapse\",\"divider\":true,\"height_offset_top\":true,\"margin_remove_bottom\":false,\"margin_remove_top\":false,\"parallax\":false,\"row_gap\":\"collapse\",\"width\":\"default\"},\"children\":[{\"type\":\"column\",\"props\":{\"image_position\":\"center-center\",\"image_size\":\"cover\",\"media_overlay\":\"rgba(181, 38, 38, 0)\",\"media_overlay_parallax_easing\":\"-2\",\"media_overlay_parallax_opacity\":\"0.5 38%\",\"padding\":\"none\",\"position_sticky_breakpoint\":\"\",\"video_width\":\"2560\"},\"children\":[{\"type\":\"image\",\"props\":{\"animation\":\"none\",\"height_expand\":false,\"image\":\"\",\"image_loading\":true,\"image_svg_color\":\"emphasis\",\"image_viewport_height\":false,\"margin\":\"remove-vertical\",\"margin_remove_bottom\":true,\"margin_remove_top\":true}}]}]},{\"type\":\"row\",\"children\":[{\"type\":\"column\",\"props\":{\"image_position\":\"center-center\",\"position_sticky_breakpoint\":\"m\",\"text_color\":\"light\"},\"children\":[{\"type\":\"headline\",\"props\":{\"animation\":\"parallax\",\"content\":\"\n\n<p style=\\\"text-align: center;\\\">Bienvenue \\u00e0 Flowerevents<\\\/p>\",\"css\":\".el-element { margin-bottom: 15vh; }\",\"margin_remove_top\":false,\"parallax_blur\":\"50\",\"parallax_opacity\":\"1,0\",\"parallax_scale\":\"0.5\",\"parallax_start\":\"55vh + 50%\",\"text_align\":\"center\",\"title_color\":\"danger\",\"title_element\":\"div\",\"title_style\":\"heading-3xlarge\"}},{\"type\":\"headline\",\"props\":{\"animation\":\"parallax\",\"content\":\"<strong>nos horaires d'ouverture<\\\/strong>\\n\n\n<h1><\\\/h1>\",\"margin\":\"xlarge\",\"margin_remove_bottom\":true,\"margin_remove_top\":false,\"parallax_blur\":\"50\",\"parallax_opacity\":\"1,0\",\"parallax_scale\":\"0.5\",\"parallax_start\":\"55vh + 50%\",\"text_align\":\"center\",\"title_color\":\"danger\",\"title_element\":\"div\",\"title_font_family\":\"default\",\"title_style\":\"heading-large\"}},{\"type\":\"headline\",\"props\":{\"content\":\"\n\n<p style=\\\"text-align: center;\\\">Lundi - Vendredi:<\\\/p>\",\"title_color\":\"danger\",\"title_element\":\"div\",\"title_style\":\"heading-small\"}},{\"type\":\"headline\",\"props\":{\"content\":\"\n\n<p style=\\\"text-align: center;\\\"><strong>07.30 -18.30 h<\\\/strong><\\\/p>\",\"title_color\":\"danger\",\"title_element\":\"div\",\"title_style\":\"heading-small\"}},{\"type\":\"headline\",\"props\":{\"animation\":\"parallax\",\"content\":\"\n\n<p style=\\\"text-align: center;\\\">Samedi:\\u00a0<\\\/p>\",\"title_color\":\"danger\",\"title_element\":\"div\",\"title_style\":\"heading-small\"}},{\"type\":\"headline\",\"props\":{\"content\":\"\n\n<p style=\\\"text-align: center;\\\">07.30 - 17.00 h\\u00a0<\\\/p>\",\"title_color\":\"danger\",\"title_element\":\"div\",\"title_style\":\"heading-small\"}},{\"type\":\"headline\",\"props\":{\"content\":\"\n\n<p style=\\\"text-align: center;\\\"><strong>Dimanche et jours f\\u00e9ri\\u00e9s<\\\/strong><\\\/p>\",\"title_color\":\"danger\",\"title_element\":\"div\",\"title_style\":\"heading-small\"}},{\"type\":\"headline\",\"props\":{\"content\":\"\n\n<p style=\\\"text-align: center;\\\">09.00 -12.00 h<\\\/p>\",\"title_color\":\"danger\",\"title_element\":\"div\",\"title_style\":\"heading-small\"}}]}],\"props\":{\"css\":\".el-row {\\n    position: relative;\\n    z-index: 1;\\n}\",\"margin\":\"remove-vertical\",\"width\":\"expand\"}}],\"name\":\"Startseite\"},{\"type\":\"section\",\"props\":{\"image_position\":\"center-center\",\"padding\":\"small\",\"preserve_color\":true,\"style\":\"primary\",\"title_breakpoint\":\"xl\",\"title_position\":\"top-left\",\"title_rotation\":\"left\",\"vertical_align\":\"\",\"width\":\"xlarge\"},\"children\":[{\"type\":\"row\",\"children\":[{\"type\":\"column\",\"props\":{\"image_position\":\"center-center\",\"position_sticky_breakpoint\":\"m\"},\"children\":[{\"type\":\"headline\",\"props\":{\"content\":\"\n\n<h1 style=\\\"text-align: center;\\\">Bienvenue sur le portail en ligne de Flowerevents \\u00e0 Meggen<\\\/h1>\",\"title_color\":\"danger\",\"title_element\":\"h1\",\"title_font_family\":\"default\"}},{\"type\":\"image\",\"props\":{\"image\":\"wp-content\\\/uploads\\\/2026\\\/04\\\/Muttertag-2026_fr.jpg\",\"image_svg_color\":\"emphasis\",\"margin\":\"default\"}},{\"type\":\"text\",\"props\":{\"column_breakpoint\":\"m\",\"content\":\"\",\"margin\":\"default\"},\"name\":\"Spezial\"},{\"type\":\"text\",\"props\":{\"column_breakpoint\":\"m\",\"content\":\"\n\n<h2 style=\\\"text-align: center;\\\"><strong>\\\" Le fleuriste pour les exigences particuli\\u00e8res <\\\/strong><strong>et les solutions florales.<\\\/strong>..<strong><br \\\/>...aux portes de la ville de Lucerne \\\"<\\\/strong><\\\/h2>\\n\n\n<h2 style=\\\"text-align: left;\\\"><strong><span>[ditty id=13116]<\\\/span><\\\/strong><\\\/h2>\\n\n\n<h2 style=\\\"text-align: left;\\\"><strong><span><br \\\/><\\\/span><\\\/strong>Nous cr\\u00e9ons chaque jour de nouveaux chefs-d'\\u0153uvre pour vous !<br \\\/>Nous acceptons volontiers vos commandes 24h\\\/7j, \\u00e9galement dans notre boutique en ligne.<\\\/h2>\",\"margin\":\"default\"}},{\"type\":\"text\",\"props\":{\"column_breakpoint\":\"m\",\"content\":\"\n\n<p>En tant que l'un des fleuristes leaders de Suisse centrale, nous nous effor\\u00e7ons d'offrir un large \\u00e9ventail de services dans les domaines des fleurs, des plantes et de l'art floral.\\u00a0<br \\\/>Associ\\u00e9s \\u00e0 l'artisanat appropri\\u00e9, nous cr\\u00e9ons pour vous les chefs-d'\\u0153uvre que vous souhaitez.<br \\\/>Notre exigence est d'harmoniser des mat\\u00e9riaux de haute qualit\\u00e9, avec des r\\u00e9cipients ou des accessoires correspondants.<\\\/p>\\n\n\n<p>Nous nous r\\u00e9jouissons de votre visite<\\\/p>\\n\n\n<p>Karl &amp; Christine Zuber et l'\\u00e9quipe Flowerevents<\\\/p>\\n\n\n<h1><\\\/h1>\",\"margin\":\"default\"}},{\"type\":\"text\",\"props\":{\"column_breakpoint\":\"m\",\"content\":\"\",\"margin\":\"default\"},\"name\":\"Muttertag\"},{\"type\":\"headline\",\"props\":{\"content\":\"\n\n<h2>Aper\\u00e7u du site web<\\\/h2>\",\"title_element\":\"h1\"},\"name\":\"\\u00dcbersicht Webseite\"},{\"type\":\"text\",\"props\":{\"column_breakpoint\":\"m\",\"content\":\"\n\n<p>Cliquez dans les segments de l'image pour acc\\u00e9der aux cat\\u00e9gories !<\\\/p>\",\"margin\":\"default\"}},{\"type\":\"gallery\",\"props\":{\"content_margin\":\"remove\",\"filter\":false,\"filter_align\":\"left\",\"filter_all\":false,\"filter_animation\":\"false\",\"filter_grid_breakpoint\":\"m\",\"filter_grid_width\":\"auto\",\"filter_position\":\"top\",\"filter_style\":\"tab\",\"grid_column_gap\":\"small\",\"grid_default\":\"1\",\"grid_medium\":\"3\",\"grid_row_gap\":\"small\",\"item_animation\":false,\"lightbox\":false,\"link_size\":\"small\",\"link_style\":\"default\",\"link_text\":\"Read more\",\"margin\":\"default\",\"meta_align\":\"below-title\",\"meta_element\":\"div\",\"meta_style\":\"text-meta\",\"overlay_hover\":true,\"overlay_link\":false,\"overlay_maxwidth\":\"xlarge\",\"overlay_mode\":\"cover\",\"overlay_padding\":\"none\",\"overlay_position\":\"center\",\"overlay_style\":\"\",\"overlay_transition\":\"fade\",\"overlay_transition_background\":false,\"show_content\":true,\"show_hover_image\":true,\"show_hover_video\":true,\"show_link\":true,\"show_meta\":true,\"show_title\":true,\"text_align\":\"center\",\"text_color\":\"light\",\"text_color_hover\":false,\"title_color\":\"warning\",\"title_element\":\"h1\",\"title_hover_style\":\"\",\"title_link\":true,\"title_style\":\"h1\",\"title_transition\":\"fade\"},\"children\":[{\"type\":\"gallery_item\",\"props\":{\"image\":\"wp-content\\\/uploads\\\/2024\\\/05\\\/str.IMG_3692.jpg\",\"link\":\"fr\\\/fleurs-et-plantes\\\/fleurs\\\/\",\"link_text\":\"Cliquez ici pour voir Florales\",\"text_color\":\"dark\",\"text_color_hover\":true,\"title\":\"Florales\"}},{\"type\":\"gallery_item\",\"props\":{\"image\":\"wp-content\\\/uploads\\\/2024\\\/04\\\/Farn-1.jpg\",\"link\":\"fr\\\/fleurs-et-plantes\\\/verdure\\\/\",\"link_text\":\"Cliquez ici pour le vert\",\"text_color\":\"dark\",\"text_color_hover\":true,\"title\":\"Verdure\"}},{\"type\":\"gallery_item\",\"props\":{\"content\":\"\",\"image\":\"wp-content\\\/uploads\\\/2024\\\/04\\\/ref_kkl_15-5.Q.jpg\",\"link\":\"fr\\\/evenements\\\/\",\"link_text\":\"Cliquez ici pour les \\u00e9v\\u00e9nements\",\"meta\":\"\",\"text_color\":\"dark\",\"text_color_hover\":true,\"title\":\"\\u00c9v\\u00e9nements\"}},{\"type\":\"gallery_item\",\"props\":{\"image\":\"wp-content\\\/uploads\\\/2024\\\/04\\\/Abo-Sunneziel-05.02.21a.jpg\",\"link\":\"fr\\\/shop\\\/\",\"link_text\":\"Cliquez ici pour acc\\u00e9der \\u00e0 la boutique en ligne\",\"text_color\":\"dark\",\"text_color_hover\":true,\"title\":\"Vers la boutique en ligne\"}},{\"type\":\"gallery_item\",\"props\":{\"hover_image\":\"\",\"image\":\"wp-content\\\/uploads\\\/2024\\\/03\\\/bs_rosen_historisch_q.jpg\",\"link\":\"fr\\\/evenementiel\\\/evenements-prives\\\/mariages\\\/\",\"link_text\":\"Cliquez ici pour les mariages\",\"text_color\":\"dark\",\"text_color_hover\":true,\"title\":\"Mariages\"}},{\"type\":\"gallery_item\",\"props\":{\"image\":\"wp-content\\\/uploads\\\/2024\\\/04\\\/Phalaenopsis-gold-Mobach.jpg\",\"link\":\"fr\\\/fleurs-et-plantes\\\/fleurir\\\/\",\"link_text\":\"Cliquez ici pour les fleurir\",\"text_color\":\"dark\",\"text_color_hover\":true,\"title\":\"Plantes fleuri\"}},{\"type\":\"gallery_item\",\"props\":{\"hover_image\":\"\",\"image\":\"wp-content\\\/uploads\\\/2024\\\/04\\\/kranz_gruen_weiss-1.jpg\",\"link\":\"fr\\\/evenementiel\\\/evenements-prives\\\/dire-au-revoir\\\/\",\"link_text\":\"Cliquez ici pour les adieux\",\"text_color\":\"dark\",\"text_color_hover\":true,\"title\":\"Dire au revoir\"}},{\"type\":\"gallery_item\",\"props\":{\"image\":\"wp-content\\\/uploads\\\/2024\\\/04\\\/mo_messe2.jpg\",\"link\":\"fr\\\/accessoires\\\/\",\"link_text\":\"Cliquez ici pour les accessoires\",\"text_color\":\"dark\",\"text_color_hover\":true,\"title\":\"Accessoires\"}},{\"type\":\"gallery_item\",\"props\":{\"image\":\"wp-content\\\/uploads\\\/2024\\\/04\\\/Q.DSCN0809.jpg\",\"link\":\"fr\\\/home-2\\\/cours-et-conferences\\\/\",\"link_text\":\"Cliquez ici pour les conf\\u00e9rences\",\"text_color\":\"dark\",\"text_color_hover\":true,\"title\":\"Cours et conf\\u00e9rences\"}}]}]}]}]},{\"type\":\"section\",\"props\":{\"image_position\":\"center-center\",\"padding\":\"none\",\"preserve_color\":true,\"style\":\"primary\",\"title_breakpoint\":\"xl\",\"title_position\":\"top-left\",\"title_rotation\":\"left\",\"vertical_align\":\"\",\"width\":\"xlarge\"},\"children\":[{\"type\":\"row\",\"children\":[{\"type\":\"column\",\"props\":{\"image_position\":\"center-center\",\"position_sticky_breakpoint\":\"m\"},\"children\":[{\"type\":\"totop\",\"props\":{\"margin\":\"default\",\"text_align\":\"right\",\"title_grid_column_gap\":\"small\",\"title_grid_row_gap\":\"small\"}}]}]}]}],\"version\":\"4.4.7\"} --><\/p>\n","protected":false},"excerpt":{"rendered":"<p>Bienvenue \u00e0 Flowerevents nos horaires d&rsquo;ouverture Lundi &#8211; Vendredi: 07.30 -18.30 h Samedi:\u00a0 07.30 &#8211; 17.00 h\u00a0 Dimanche et jours f\u00e9ri\u00e9s 09.00 -12.00 h Bienvenue sur le portail en ligne de Flowerevents \u00e0 Meggen \u00a0\u00bb Le fleuriste pour les exigences particuli\u00e8res et les solutions florales&#8230;&#8230;aux portes de la ville de Lucerne \u00ab\u00a0 Nous cr\u00e9ons chaque [&hellip;]<\/p>\n","protected":false},"author":2,"featured_media":17681,"parent":0,"menu_order":0,"comment_status":"closed","ping_status":"closed","template":"","meta":{"footnotes":""},"class_list":["post-12261","page","type-page","status-publish","has-post-thumbnail","hentry"],"yoast_head":"<!-- This site is optimized with the Yoast SEO Premium plugin v24.9 (Yoast SEO v24.9) - https:\/\/yoast.com\/wordpress\/plugins\/seo\/ -->\n<title>Accueil - Wenn es um Blumiges geht - die sch\u00f6nste Blumengesch\u00e4ft von Luzern Blumen Florist Luzern Blumenonline<\/title>\n<meta name=\"description\" content=\"Fleuriste Lucerne Fleurs fleursenligne Le plus beau fleuriste de Lucerne Plantes R\u00e9cipients Service de livraison D\u00e9corations de mariage\" \/>\n<meta name=\"robots\" content=\"index, follow, max-snippet:-1, max-image-preview:large, max-video-preview:-1\" \/>\n<link rel=\"canonical\" href=\"https:\/\/flowerevents.com\/fr\/\" \/>\n<meta property=\"og:locale\" content=\"fr_FR\" \/>\n<meta property=\"og:type\" content=\"article\" \/>\n<meta property=\"og:title\" content=\"Accueil\" \/>\n<meta property=\"og:description\" content=\"Instagram\" \/>\n<meta property=\"og:url\" content=\"https:\/\/flowerevents.com\/fr\/\" \/>\n<meta property=\"og:site_name\" content=\"Blumen Florist Luzern Blumenonline\" \/>\n<meta property=\"article:publisher\" content=\"https:\/\/www.facebook.com\/flowerevents.ch\" \/>\n<meta property=\"article:modified_time\" content=\"2026-04-22T05:31:15+00:00\" \/>\n<meta property=\"og:image\" content=\"https:\/\/flowerevents.com\/wp-content\/uploads\/2026\/03\/Frauentag-d-1024x683.jpg\" \/>\n<meta name=\"twitter:card\" content=\"summary_large_image\" \/>\n<meta name=\"twitter:label1\" content=\"Dur\u00e9e de lecture estim\u00e9e\" \/>\n\t<meta name=\"twitter:data1\" content=\"4 minutes\" \/>\n<script type=\"application\/ld+json\" class=\"yoast-schema-graph\">{\"@context\":\"https:\/\/schema.org\",\"@graph\":[{\"@type\":\"WebPage\",\"@id\":\"https:\/\/flowerevents.com\/fr\/\",\"url\":\"https:\/\/flowerevents.com\/fr\/\",\"name\":\"Accueil - Wenn es um Blumiges geht - die sch\u00f6nste Blumengesch\u00e4ft von Luzern Blumen Florist Luzern Blumenonline\",\"isPartOf\":{\"@id\":\"https:\/\/flowerevents.com\/fr\/#website\"},\"primaryImageOfPage\":{\"@id\":\"https:\/\/flowerevents.com\/fr\/#primaryimage\"},\"image\":{\"@id\":\"https:\/\/flowerevents.com\/fr\/#primaryimage\"},\"thumbnailUrl\":\"https:\/\/i0.wp.com\/flowerevents.com\/wp-content\/uploads\/2026\/03\/Frauentag-d.jpg?fit=1600%2C1067&ssl=1\",\"datePublished\":\"2024-03-26T09:55:40+00:00\",\"dateModified\":\"2026-04-22T05:31:15+00:00\",\"description\":\"Fleuriste Lucerne Fleurs fleursenligne Le plus beau fleuriste de Lucerne Plantes R\u00e9cipients Service de livraison D\u00e9corations de mariage\",\"breadcrumb\":{\"@id\":\"https:\/\/flowerevents.com\/fr\/#breadcrumb\"},\"inLanguage\":\"fr-FR\",\"potentialAction\":[{\"@type\":\"ReadAction\",\"target\":[\"https:\/\/flowerevents.com\/fr\/\"]}]},{\"@type\":\"ImageObject\",\"inLanguage\":\"fr-FR\",\"@id\":\"https:\/\/flowerevents.com\/fr\/#primaryimage\",\"url\":\"https:\/\/i0.wp.com\/flowerevents.com\/wp-content\/uploads\/2026\/03\/Frauentag-d.jpg?fit=1600%2C1067&ssl=1\",\"contentUrl\":\"https:\/\/i0.wp.com\/flowerevents.com\/wp-content\/uploads\/2026\/03\/Frauentag-d.jpg?fit=1600%2C1067&ssl=1\",\"width\":1600,\"height\":1067},{\"@type\":\"BreadcrumbList\",\"@id\":\"https:\/\/flowerevents.com\/fr\/#breadcrumb\",\"itemListElement\":[{\"@type\":\"ListItem\",\"position\":1,\"name\":\"Startseite\",\"item\":\"https:\/\/flowerevents.com\/fr\/\"},{\"@type\":\"ListItem\",\"position\":2,\"name\":\"Accueil\"}]},{\"@type\":\"WebSite\",\"@id\":\"https:\/\/flowerevents.com\/fr\/#website\",\"url\":\"https:\/\/flowerevents.com\/fr\/\",\"name\":\"Flowerevents\",\"description\":\"Wenn es um Blumiges geht - die sch\u00f6nste Blumengesch\u00e4ft von Luzern\",\"alternateName\":\"Blumen Luzern Flowerevents\",\"potentialAction\":[{\"@type\":\"SearchAction\",\"target\":{\"@type\":\"EntryPoint\",\"urlTemplate\":\"https:\/\/flowerevents.com\/fr\/?s={search_term_string}\"},\"query-input\":{\"@type\":\"PropertyValueSpecification\",\"valueRequired\":true,\"valueName\":\"search_term_string\"}}],\"inLanguage\":\"fr-FR\"}]}<\/script>\n<!-- \/ Yoast SEO Premium plugin. -->","yoast_head_json":{"title":"Accueil - Wenn es um Blumiges geht - die sch\u00f6nste Blumengesch\u00e4ft von Luzern Blumen Florist Luzern Blumenonline","description":"Fleuriste Lucerne Fleurs fleursenligne Le plus beau fleuriste de Lucerne Plantes R\u00e9cipients Service de livraison D\u00e9corations de mariage","robots":{"index":"index","follow":"follow","max-snippet":"max-snippet:-1","max-image-preview":"max-image-preview:large","max-video-preview":"max-video-preview:-1"},"canonical":"https:\/\/flowerevents.com\/fr\/","og_locale":"fr_FR","og_type":"article","og_title":"Accueil","og_description":"Instagram","og_url":"https:\/\/flowerevents.com\/fr\/","og_site_name":"Blumen Florist Luzern Blumenonline","article_publisher":"https:\/\/www.facebook.com\/flowerevents.ch","article_modified_time":"2026-04-22T05:31:15+00:00","og_image":[{"url":"https:\/\/flowerevents.com\/wp-content\/uploads\/2026\/03\/Frauentag-d-1024x683.jpg","type":"","width":"","height":""}],"twitter_card":"summary_large_image","twitter_misc":{"Dur\u00e9e de lecture estim\u00e9e":"4 minutes"},"schema":{"@context":"https:\/\/schema.org","@graph":[{"@type":"WebPage","@id":"https:\/\/flowerevents.com\/fr\/","url":"https:\/\/flowerevents.com\/fr\/","name":"Accueil - Wenn es um Blumiges geht - die sch\u00f6nste Blumengesch\u00e4ft von Luzern Blumen Florist Luzern Blumenonline","isPartOf":{"@id":"https:\/\/flowerevents.com\/fr\/#website"},"primaryImageOfPage":{"@id":"https:\/\/flowerevents.com\/fr\/#primaryimage"},"image":{"@id":"https:\/\/flowerevents.com\/fr\/#primaryimage"},"thumbnailUrl":"https:\/\/i0.wp.com\/flowerevents.com\/wp-content\/uploads\/2026\/03\/Frauentag-d.jpg?fit=1600%2C1067&ssl=1","datePublished":"2024-03-26T09:55:40+00:00","dateModified":"2026-04-22T05:31:15+00:00","description":"Fleuriste Lucerne Fleurs fleursenligne Le plus beau fleuriste de Lucerne Plantes R\u00e9cipients Service de livraison D\u00e9corations de mariage","breadcrumb":{"@id":"https:\/\/flowerevents.com\/fr\/#breadcrumb"},"inLanguage":"fr-FR","potentialAction":[{"@type":"ReadAction","target":["https:\/\/flowerevents.com\/fr\/"]}]},{"@type":"ImageObject","inLanguage":"fr-FR","@id":"https:\/\/flowerevents.com\/fr\/#primaryimage","url":"https:\/\/i0.wp.com\/flowerevents.com\/wp-content\/uploads\/2026\/03\/Frauentag-d.jpg?fit=1600%2C1067&ssl=1","contentUrl":"https:\/\/i0.wp.com\/flowerevents.com\/wp-content\/uploads\/2026\/03\/Frauentag-d.jpg?fit=1600%2C1067&ssl=1","width":1600,"height":1067},{"@type":"BreadcrumbList","@id":"https:\/\/flowerevents.com\/fr\/#breadcrumb","itemListElement":[{"@type":"ListItem","position":1,"name":"Startseite","item":"https:\/\/flowerevents.com\/fr\/"},{"@type":"ListItem","position":2,"name":"Accueil"}]},{"@type":"WebSite","@id":"https:\/\/flowerevents.com\/fr\/#website","url":"https:\/\/flowerevents.com\/fr\/","name":"Flowerevents","description":"Wenn es um Blumiges geht - die sch\u00f6nste Blumengesch\u00e4ft von Luzern","alternateName":"Blumen Luzern Flowerevents","potentialAction":[{"@type":"SearchAction","target":{"@type":"EntryPoint","urlTemplate":"https:\/\/flowerevents.com\/fr\/?s={search_term_string}"},"query-input":{"@type":"PropertyValueSpecification","valueRequired":true,"valueName":"search_term_string"}}],"inLanguage":"fr-FR"}]}},"_links":{"self":[{"href":"https:\/\/flowerevents.com\/fr\/wp-json\/wp\/v2\/pages\/12261"}],"collection":[{"href":"https:\/\/flowerevents.com\/fr\/wp-json\/wp\/v2\/pages"}],"about":[{"href":"https:\/\/flowerevents.com\/fr\/wp-json\/wp\/v2\/types\/page"}],"author":[{"embeddable":true,"href":"https:\/\/flowerevents.com\/fr\/wp-json\/wp\/v2\/users\/2"}],"replies":[{"embeddable":true,"href":"https:\/\/flowerevents.com\/fr\/wp-json\/wp\/v2\/comments?post=12261"}],"version-history":[{"count":142,"href":"https:\/\/flowerevents.com\/fr\/wp-json\/wp\/v2\/pages\/12261\/revisions"}],"predecessor-version":[{"id":17775,"href":"https:\/\/flowerevents.com\/fr\/wp-json\/wp\/v2\/pages\/12261\/revisions\/17775"}],"wp:featuredmedia":[{"embeddable":true,"href":"https:\/\/flowerevents.com\/fr\/wp-json\/wp\/v2\/media\/17681"}],"wp:attachment":[{"href":"https:\/\/flowerevents.com\/fr\/wp-json\/wp\/v2\/media?parent=12261"}],"curies":[{"name":"wp","href":"https:\/\/api.w.org\/{rel}","templated":true}]}}