{"id":12028,"date":"2024-05-31T16:49:25","date_gmt":"2024-05-31T14:49:25","guid":{"rendered":"https:\/\/neu.flowerevents.com\/?page_id=12028"},"modified":"2025-04-11T09:29:01","modified_gmt":"2025-04-11T07:29:01","slug":"dire-au-revoir","status":"publish","type":"page","link":"https:\/\/flowerevents.com\/fr\/evenementiel\/evenements-prives\/dire-au-revoir\/","title":{"rendered":"Dire au revoir"},"content":{"rendered":"<h1>\n<p style=\"text-align: center;\">Dire au revoir<\/p>\n<\/h1>\n<div>\n<h2>Dire au revoir<\/h2>\n<\/div>\n<div>\n<p><em><strong>&#8230; Ceux qui souhaitent rendre hommage au d\u00e9funt avec des fleurs<\/strong><\/em><\/p>\n<p>Dans cette rubrique, nous vous pr\u00e9sentons les diff\u00e9rentes possibilit\u00e9s et prestations li\u00e9es au d\u00e9part d&rsquo;un proche. <br \/>Nous classons tout ce qui concerne le d\u00e9part en diff\u00e9rents th\u00e8mes.<\/p>\n<p>Dans le domaine priv\u00e9, la d\u00e9coration du cercueil ou de l&rsquo;urne rev\u00eat une plus grande importance. D&rsquo;autres dons tr\u00e8s personnels sont ici, par exemple, des c\u0153urs fleuris, des couronnes et des fleurs sur la tombe. La mise en sc\u00e8ne d&rsquo;une c\u00e9r\u00e9monie d&rsquo;adieu \u00e0 l&rsquo;\u00e9glise ou sur la tombe peut \u00e9galement \u00eatre accompagn\u00e9e de fleurs.<\/p>\n<p>Lorsqu&rsquo;il s&rsquo;agit de faire ses adieux dans le cadre de l&rsquo;entreprise, il s&rsquo;agit g\u00e9n\u00e9ralement de compositions florales telles que des arrangements ou des couronnes aux couleurs de l&rsquo;entreprise, avec des rubans et des textes correspondants.<\/p>\n<p>Si vous cliquez dans les segments de l&rsquo;image, vous acc\u00e9dez\u00a0 ; aux zones correspondantes.<\/p>\n<\/div>\n<ul>\n<li>\n        <a href=\"\/evenements\/evenements-daffaires\/?lang=fr\">\u00c9v\u00e9nements d&rsquo;affairs<\/a>\n    <\/li>\n<li>\n        <a href=\"\/evenements\/evenements-daffaires\/conception-de-salons\/?lang=fr\">Conception de salon<\/a>\n    <\/li>\n<li>\n        <a href=\"\/evenements\/evenements-daffaires\/fleurs-en-abonnement\/?lang=fr\">Abonnement aux fleurs<\/a>\n    <\/li>\n<li>\n        <a href=\"\/evenements\/evenements-prives\/?lang=fr\">\u00c9v\u00e9nements priv\u00e9s<\/a>\n    <\/li>\n<li>\n        <a href=\"\/evenements\/evenements-prives\/mariages\/?lang=fr\">Mariages<\/a>\n    <\/li>\n<\/ul>\n<ul>\n<li>\n<p>        <img decoding=\"async\" src=\"\/wp-content\/uploads\/2024\/04\/kranz_gruen_weiss-1.jpg\" alt=\"\"><\/p>\n<h1>Couronnes de deuil<\/h1>\n<p><a href=\"\/fr\/evenementiel\/evenements-prives\/dire-au-revoir\/couronnes-de-deuil\/\">Plus d&rsquo;images<\/a><\/p>\n<\/li>\n<li>\n<p>        <img decoding=\"async\" src=\"\/wp-content\/uploads\/2024\/04\/Urne-in-der-Margeritenwiese.jpg\" alt=\"\"><\/p>\n<h1>D\u00e9corations d&rsquo;urnes<\/h1>\n<p><a href=\"\/fr\/evenementiel\/evenements-prives\/dire-au-revoir\/decorations-durnes\/\">Plus d&rsquo;images<\/a><\/p>\n<\/li>\n<li>\n<p>        <img decoding=\"async\" src=\"\/wp-content\/uploads\/2024\/03\/sarg_rot-weiss_2-1.jpg\" alt=\"\"><\/p>\n<h1>D\u00e9corations de cercueil<\/h1>\n<p><a href=\"\/fr\/evenementiel\/evenements-prives\/dire-au-revoir\/decorations-de-cercueil\/\">Plus d&rsquo;images<\/a><\/p>\n<\/li>\n<li>\n<p>        <img decoding=\"async\" src=\"\/wp-content\/uploads\/2024\/03\/Herz_gd.jpg\" alt=\"\"><\/p>\n<h1>Toussaint \/ D\u00e9corations fun\u00e9raires<\/h1>\n<p><a href=\"\/fr\/evenementiel\/evenements-prives\/dire-au-revoir\/toussaint\/\">Plus d&rsquo;images<\/a><\/p>\n<\/li>\n<li>\n<p>        <img decoding=\"async\" src=\"\/wp-content\/uploads\/2024\/03\/IMG_4868.jpg\" alt=\"\"><\/p>\n<h1>Faire ses adieux<\/h1>\n<p><a href=\"\/fr\/evenementiel\/evenements-prives\/dire-au-revoir\/adieu\/\">Plus d&rsquo;images<\/a><\/p>\n<\/li>\n<li>\n<p>        <img decoding=\"async\" src=\"\/wp-content\/uploads\/2024\/04\/val_8-e1430137210221.jpg\" alt=\"\"><\/p>\n<h1>Dons fun\u00e9raires divers<\/h1>\n<p><a href=\"\/fr\/evenementiel\/evenements-prives\/dire-au-revoir\/dons-funeraires-divers\/\">Plus d&rsquo;images<\/a><\/p>\n<\/li>\n<\/ul>\n<p><!--more--><br \/>\n<!-- {\"type\":\"layout\",\"children\":[{\"type\":\"section\",\"props\":{\"header_transparent\":false,\"header_transparent_noplaceholder\":false,\"height\":\"section\",\"height_offset_top\":false,\"image\":\"wp-content\\\/uploads\\\/2024\\\/05\\\/s.trauerk.jpg\",\"image_effect\":\"parallax\",\"image_loading\":true,\"image_parallax_bgy\":\"400\",\"image_position\":\"top-center\",\"image_size\":\"cover\",\"padding\":\"small\",\"preserve_color\":true,\"style\":\"primary\",\"title_breakpoint\":\"xl\",\"title_position\":\"top-left\",\"title_rotation\":\"left\",\"vertical_align\":\"middle\",\"width\":\"xlarge\"},\"children\":[{\"type\":\"row\",\"children\":[{\"type\":\"column\",\"props\":{\"image_position\":\"center-center\",\"position_sticky_breakpoint\":\"m\"},\"children\":[{\"type\":\"headline\",\"props\":{\"animation\":\"parallax\",\"content\":\"\n\n<p style=\\\"text-align: center;\\\">Dire au revoir<\\\/p>\",\"parallax_blur\":\"50\",\"parallax_opacity\":\"1,0\",\"parallax_scale\":\"0.5\",\"text_align\":\"center\",\"title_element\":\"h1\",\"title_style\":\"heading-xlarge\"}}]}]}],\"name\":\"Hero\"},{\"type\":\"section\",\"props\":{\"image_position\":\"center-center\",\"padding\":\"small\",\"padding_remove_bottom\":false,\"padding_remove_top\":false,\"preserve_color\":true,\"style\":\"primary\",\"title_breakpoint\":\"xl\",\"title_position\":\"top-left\",\"title_rotation\":\"left\",\"vertical_align\":\"\",\"width\":\"xlarge\"},\"children\":[{\"type\":\"row\",\"props\":{\"layout\":\"1-3,2-3\",\"match\":false,\"width\":\"expand\"},\"children\":[{\"type\":\"column\",\"props\":{\"image_position\":\"center-center\",\"position_sticky_breakpoint\":\"m\",\"vertical_align\":\"middle\"},\"children\":[{\"type\":\"panel\",\"props\":{\"block_align\":\"center\",\"content\":\"\",\"content_align\":false,\"content_column_breakpoint\":\"m\",\"content_dropcap\":false,\"content_margin\":\"large\",\"icon_width\":80,\"image\":\"\",\"image_align\":\"bottom\",\"image_grid_breakpoint\":\"m\",\"image_grid_width\":\"1-2\",\"image_margin\":\"medium\",\"image_svg_color\":\"primary\",\"image_svg_inline\":true,\"image_width\":\"350\",\"link_style\":\"default\",\"link_text\":\"Read more\",\"margin\":\"default\",\"meta_align\":\"below-title\",\"meta_element\":\"div\",\"meta_style\":\"text-meta\",\"parallax_breakpoint\":\"l\",\"text_align\":\"left\",\"title\":\"Dire au revoir\",\"title_align\":\"top\",\"title_element\":\"h2\",\"title_grid_breakpoint\":\"m\",\"title_grid_width\":\"1-2\",\"title_hover_style\":\"reset\",\"title_style\":\"heading-medium\"},\"name\":\"Abschied nehmen\"},{\"type\":\"text\",\"props\":{\"column_breakpoint\":\"m\",\"content\":\"\n\n<p><em><strong>... Ceux qui souhaitent rendre hommage au d\\u00e9funt avec des fleurs<\\\/strong><\\\/em><\\\/p>\\n\n\n<p>Dans cette rubrique, nous vous pr\\u00e9sentons les diff\\u00e9rentes possibilit\\u00e9s et prestations li\\u00e9es au d\\u00e9part d'un proche. <br \\\/>Nous classons tout ce qui concerne le d\\u00e9part en diff\\u00e9rents th\\u00e8mes.<\\\/p>\\n\n\n<p>Dans le domaine priv\\u00e9, la d\\u00e9coration du cercueil ou de l'urne rev\\u00eat une plus grande importance. D'autres dons tr\\u00e8s personnels sont ici, par exemple, des c\\u0153urs fleuris, des couronnes et des fleurs sur la tombe. La mise en sc\\u00e8ne d'une c\\u00e9r\\u00e9monie d'adieu \\u00e0 l'\\u00e9glise ou sur la tombe peut \\u00e9galement \\u00eatre accompagn\\u00e9e de fleurs.<\\\/p>\\n\n\n<p>Lorsqu'il s'agit de faire ses adieux dans le cadre de l'entreprise, il s'agit g\\u00e9n\\u00e9ralement de compositions florales telles que des arrangements ou des couronnes aux couleurs de l'entreprise, avec des rubans et des textes correspondants.<\\\/p>\\n\n\n<p>Si vous cliquez dans les segments de l'image, vous acc\\u00e9dez\\u00a0 ; aux zones correspondantes.<\\\/p>\",\"margin\":\"default\"}},{\"type\":\"subnav\",\"children\":[{\"type\":\"subnav_item\",\"props\":{\"content\":\"\\u00c9v\\u00e9nements d'affairs\",\"link\":\"evenements\\\/evenements-daffaires\\\/?lang=fr\"}},{\"type\":\"subnav_item\",\"props\":{\"content\":\"Conception de salon\",\"link\":\"evenements\\\/evenements-daffaires\\\/conception-de-salons\\\/?lang=fr\"}},{\"type\":\"subnav_item\",\"props\":{\"content\":\"Abonnement aux fleurs\",\"link\":\"evenements\\\/evenements-daffaires\\\/fleurs-en-abonnement\\\/?lang=fr\"}},{\"type\":\"subnav_item\",\"props\":{\"content\":\"\\u00c9v\\u00e9nements priv\\u00e9s\",\"link\":\"evenements\\\/evenements-prives\\\/?lang=fr\"}},{\"type\":\"subnav_item\",\"props\":{\"content\":\"Mariages\",\"link\":\"evenements\\\/evenements-prives\\\/mariages\\\/?lang=fr\"}}]}]},{\"type\":\"column\",\"props\":{\"image_position\":\"center-center\",\"position_sticky_breakpoint\":\"m\"},\"children\":[{\"type\":\"gallery\",\"props\":{\"filter\":true,\"filter_align\":\"center\",\"filter_all\":false,\"filter_animation\":\"false\",\"filter_grid_breakpoint\":\"m\",\"filter_grid_width\":\"auto\",\"filter_position\":\"top\",\"filter_style\":\"tab\",\"grid_column_align\":false,\"grid_column_gap\":\"small\",\"grid_default\":\"1\",\"grid_divider\":false,\"grid_medium\":\"3\",\"grid_parallax_justify\":false,\"grid_row_align\":false,\"grid_row_gap\":\"small\",\"item_animation\":true,\"lightbox\":false,\"lightbox_image_orientation\":false,\"link_style\":\"default\",\"link_text\":\"Mehr lesen\",\"margin\":\"default\",\"meta_align\":\"below-title\",\"meta_element\":\"div\",\"meta_style\":\"text-meta\",\"overlay_hover\":true,\"overlay_mode\":\"cover\",\"overlay_position\":\"center\",\"overlay_style\":\"overlay-primary\",\"overlay_transition\":\"fade\",\"show_content\":true,\"show_hover_image\":true,\"show_hover_video\":true,\"show_link\":true,\"show_meta\":true,\"show_title\":true,\"text_align\":\"center\",\"text_color\":\"light\",\"title_element\":\"h1\",\"title_hover_style\":\"reset\",\"title_style\":\"h1\"},\"children\":[{\"type\":\"gallery_item\",\"props\":{\"image\":\"wp-content\\\/uploads\\\/2024\\\/04\\\/kranz_gruen_weiss-1.jpg\",\"link\":\"fr\\\/evenementiel\\\/evenements-prives\\\/dire-au-revoir\\\/couronnes-de-deuil\\\/\",\"link_text\":\"Plus d'images\",\"title\":\"Couronnes de deuil\"}},{\"type\":\"gallery_item\",\"props\":{\"image\":\"wp-content\\\/uploads\\\/2024\\\/04\\\/Urne-in-der-Margeritenwiese.jpg\",\"link\":\"fr\\\/evenementiel\\\/evenements-prives\\\/dire-au-revoir\\\/decorations-durnes\\\/\",\"link_text\":\"Plus d'images\",\"title\":\"D\\u00e9corations d'urnes\"}},{\"type\":\"gallery_item\",\"props\":{\"image\":\"wp-content\\\/uploads\\\/2024\\\/03\\\/sarg_rot-weiss_2-1.jpg\",\"link\":\"fr\\\/evenementiel\\\/evenements-prives\\\/dire-au-revoir\\\/decorations-de-cercueil\\\/\",\"link_text\":\"Plus d'images\",\"title\":\"D\\u00e9corations de cercueil\"}},{\"type\":\"gallery_item\",\"props\":{\"image\":\"wp-content\\\/uploads\\\/2024\\\/03\\\/Herz_gd.jpg\",\"link\":\"fr\\\/evenementiel\\\/evenements-prives\\\/dire-au-revoir\\\/toussaint\\\/\",\"link_text\":\"Plus d'images\",\"title\":\"Toussaint \\\/ D\\u00e9corations fun\\u00e9raires\"}},{\"type\":\"gallery_item\",\"props\":{\"image\":\"wp-content\\\/uploads\\\/2024\\\/03\\\/IMG_4868.jpg\",\"link\":\"fr\\\/evenementiel\\\/evenements-prives\\\/dire-au-revoir\\\/adieu\\\/\",\"link_text\":\"Plus d'images\",\"title\":\"Faire ses adieux\"}},{\"type\":\"gallery_item\",\"props\":{\"image\":\"wp-content\\\/uploads\\\/2024\\\/04\\\/val_8-e1430137210221.jpg\",\"link\":\"fr\\\/evenementiel\\\/evenements-prives\\\/dire-au-revoir\\\/dons-funeraires-divers\\\/\",\"link_text\":\"Plus d'images\",\"title\":\"Dons fun\\u00e9raires divers\"}}],\"name\":\"Abschied nehmen\"}]}]}],\"name\":\"About\"},{\"type\":\"section\",\"props\":{\"image_position\":\"center-center\",\"padding\":\"none\",\"preserve_color\":true,\"style\":\"primary\",\"title_breakpoint\":\"xl\",\"title_position\":\"top-left\",\"title_rotation\":\"left\",\"vertical_align\":\"\",\"width\":\"xlarge\"},\"children\":[{\"type\":\"row\",\"children\":[{\"type\":\"column\",\"props\":{\"image_position\":\"center-center\",\"position_sticky_breakpoint\":\"m\"},\"children\":[{\"type\":\"totop\",\"props\":{\"margin\":\"default\",\"text_align\":\"right\",\"title_grid_column_gap\":\"small\",\"title_grid_row_gap\":\"small\"}}]}]}]}],\"version\":\"4.4.7\"} --><\/p>\n","protected":false},"excerpt":{"rendered":"<p>Dire au revoir Dire au revoir &#8230; Ceux qui souhaitent rendre hommage au d\u00e9funt avec des fleurs Dans cette rubrique, nous vous pr\u00e9sentons les diff\u00e9rentes possibilit\u00e9s et prestations li\u00e9es au d\u00e9part d&rsquo;un proche. Nous classons tout ce qui concerne le d\u00e9part en diff\u00e9rents th\u00e8mes. Dans le domaine priv\u00e9, la d\u00e9coration du cercueil ou de l&rsquo;urne [&hellip;]<\/p>\n","protected":false},"author":2,"featured_media":0,"parent":11893,"menu_order":2,"comment_status":"closed","ping_status":"closed","template":"","meta":{"footnotes":""},"class_list":["post-12028","page","type-page","status-publish","hentry"],"yoast_head":"<!-- This site is optimized with the Yoast SEO Premium plugin v24.9 (Yoast SEO v24.9) - https:\/\/yoast.com\/wordpress\/plugins\/seo\/ -->\n<title>Dire au revoir - Blumen Florist Luzern Blumenonline<\/title>\n<meta name=\"description\" content=\"Blumen Blumengesch\u00e4ft Florist Luzern\" \/>\n<meta name=\"robots\" content=\"index, follow, max-snippet:-1, max-image-preview:large, max-video-preview:-1\" \/>\n<link rel=\"canonical\" href=\"https:\/\/flowerevents.com\/fr\/evenementiel\/evenements-prives\/dire-au-revoir\/\" \/>\n<meta property=\"og:locale\" content=\"fr_FR\" \/>\n<meta property=\"og:type\" content=\"article\" \/>\n<meta property=\"og:title\" content=\"Dire au revoir\" \/>\n<meta property=\"og:description\" content=\"Instagram\" \/>\n<meta property=\"og:url\" content=\"https:\/\/flowerevents.com\/fr\/evenementiel\/evenements-prives\/dire-au-revoir\/\" \/>\n<meta property=\"og:site_name\" content=\"Blumen Florist Luzern Blumenonline\" \/>\n<meta property=\"article:publisher\" content=\"https:\/\/www.facebook.com\/flowerevents.ch\" \/>\n<meta property=\"article:modified_time\" content=\"2025-04-11T07:29:01+00:00\" \/>\n<meta name=\"twitter:card\" content=\"summary_large_image\" \/>\n<script type=\"application\/ld+json\" class=\"yoast-schema-graph\">{\"@context\":\"https:\/\/schema.org\",\"@graph\":[{\"@type\":\"WebPage\",\"@id\":\"https:\/\/flowerevents.com\/fr\/evenementiel\/evenements-prives\/dire-au-revoir\/\",\"url\":\"https:\/\/flowerevents.com\/fr\/evenementiel\/evenements-prives\/dire-au-revoir\/\",\"name\":\"Dire au revoir - Blumen Florist Luzern Blumenonline\",\"isPartOf\":{\"@id\":\"https:\/\/flowerevents.com\/fr\/#website\"},\"datePublished\":\"2024-05-31T14:49:25+00:00\",\"dateModified\":\"2025-04-11T07:29:01+00:00\",\"description\":\"Blumen Blumengesch\u00e4ft Florist Luzern\",\"breadcrumb\":{\"@id\":\"https:\/\/flowerevents.com\/fr\/evenementiel\/evenements-prives\/dire-au-revoir\/#breadcrumb\"},\"inLanguage\":\"fr-FR\",\"potentialAction\":[{\"@type\":\"ReadAction\",\"target\":[\"https:\/\/flowerevents.com\/fr\/evenementiel\/evenements-prives\/dire-au-revoir\/\"]}]},{\"@type\":\"BreadcrumbList\",\"@id\":\"https:\/\/flowerevents.com\/fr\/evenementiel\/evenements-prives\/dire-au-revoir\/#breadcrumb\",\"itemListElement\":[{\"@type\":\"ListItem\",\"position\":1,\"name\":\"Startseite\",\"item\":\"https:\/\/flowerevents.com\/fr\/\"},{\"@type\":\"ListItem\",\"position\":2,\"name\":\"\u00c9v\u00e8nementiel\",\"item\":\"https:\/\/flowerevents.com\/fr\/evenementiel\/\"},{\"@type\":\"ListItem\",\"position\":3,\"name\":\"\u00c9v\u00e9nements priv\u00e9s\",\"item\":\"https:\/\/flowerevents.com\/fr\/evenementiel\/evenements-prives\/\"},{\"@type\":\"ListItem\",\"position\":4,\"name\":\"Dire au revoir\"}]},{\"@type\":\"WebSite\",\"@id\":\"https:\/\/flowerevents.com\/fr\/#website\",\"url\":\"https:\/\/flowerevents.com\/fr\/\",\"name\":\"Flowerevents\",\"description\":\"Wenn es um Blumiges geht - die sch\u00f6nste Blumengesch\u00e4ft von Luzern\",\"alternateName\":\"Blumen Luzern Flowerevents\",\"potentialAction\":[{\"@type\":\"SearchAction\",\"target\":{\"@type\":\"EntryPoint\",\"urlTemplate\":\"https:\/\/flowerevents.com\/fr\/?s={search_term_string}\"},\"query-input\":{\"@type\":\"PropertyValueSpecification\",\"valueRequired\":true,\"valueName\":\"search_term_string\"}}],\"inLanguage\":\"fr-FR\"}]}<\/script>\n<!-- \/ Yoast SEO Premium plugin. -->","yoast_head_json":{"title":"Dire au revoir - Blumen Florist Luzern Blumenonline","description":"Blumen Blumengesch\u00e4ft Florist Luzern","robots":{"index":"index","follow":"follow","max-snippet":"max-snippet:-1","max-image-preview":"max-image-preview:large","max-video-preview":"max-video-preview:-1"},"canonical":"https:\/\/flowerevents.com\/fr\/evenementiel\/evenements-prives\/dire-au-revoir\/","og_locale":"fr_FR","og_type":"article","og_title":"Dire au revoir","og_description":"Instagram","og_url":"https:\/\/flowerevents.com\/fr\/evenementiel\/evenements-prives\/dire-au-revoir\/","og_site_name":"Blumen Florist Luzern Blumenonline","article_publisher":"https:\/\/www.facebook.com\/flowerevents.ch","article_modified_time":"2025-04-11T07:29:01+00:00","twitter_card":"summary_large_image","schema":{"@context":"https:\/\/schema.org","@graph":[{"@type":"WebPage","@id":"https:\/\/flowerevents.com\/fr\/evenementiel\/evenements-prives\/dire-au-revoir\/","url":"https:\/\/flowerevents.com\/fr\/evenementiel\/evenements-prives\/dire-au-revoir\/","name":"Dire au revoir - Blumen Florist Luzern Blumenonline","isPartOf":{"@id":"https:\/\/flowerevents.com\/fr\/#website"},"datePublished":"2024-05-31T14:49:25+00:00","dateModified":"2025-04-11T07:29:01+00:00","description":"Blumen Blumengesch\u00e4ft Florist Luzern","breadcrumb":{"@id":"https:\/\/flowerevents.com\/fr\/evenementiel\/evenements-prives\/dire-au-revoir\/#breadcrumb"},"inLanguage":"fr-FR","potentialAction":[{"@type":"ReadAction","target":["https:\/\/flowerevents.com\/fr\/evenementiel\/evenements-prives\/dire-au-revoir\/"]}]},{"@type":"BreadcrumbList","@id":"https:\/\/flowerevents.com\/fr\/evenementiel\/evenements-prives\/dire-au-revoir\/#breadcrumb","itemListElement":[{"@type":"ListItem","position":1,"name":"Startseite","item":"https:\/\/flowerevents.com\/fr\/"},{"@type":"ListItem","position":2,"name":"\u00c9v\u00e8nementiel","item":"https:\/\/flowerevents.com\/fr\/evenementiel\/"},{"@type":"ListItem","position":3,"name":"\u00c9v\u00e9nements priv\u00e9s","item":"https:\/\/flowerevents.com\/fr\/evenementiel\/evenements-prives\/"},{"@type":"ListItem","position":4,"name":"Dire au revoir"}]},{"@type":"WebSite","@id":"https:\/\/flowerevents.com\/fr\/#website","url":"https:\/\/flowerevents.com\/fr\/","name":"Flowerevents","description":"Wenn es um Blumiges geht - die sch\u00f6nste Blumengesch\u00e4ft von Luzern","alternateName":"Blumen Luzern Flowerevents","potentialAction":[{"@type":"SearchAction","target":{"@type":"EntryPoint","urlTemplate":"https:\/\/flowerevents.com\/fr\/?s={search_term_string}"},"query-input":{"@type":"PropertyValueSpecification","valueRequired":true,"valueName":"search_term_string"}}],"inLanguage":"fr-FR"}]}},"_links":{"self":[{"href":"https:\/\/flowerevents.com\/fr\/wp-json\/wp\/v2\/pages\/12028"}],"collection":[{"href":"https:\/\/flowerevents.com\/fr\/wp-json\/wp\/v2\/pages"}],"about":[{"href":"https:\/\/flowerevents.com\/fr\/wp-json\/wp\/v2\/types\/page"}],"author":[{"embeddable":true,"href":"https:\/\/flowerevents.com\/fr\/wp-json\/wp\/v2\/users\/2"}],"replies":[{"embeddable":true,"href":"https:\/\/flowerevents.com\/fr\/wp-json\/wp\/v2\/comments?post=12028"}],"version-history":[{"count":11,"href":"https:\/\/flowerevents.com\/fr\/wp-json\/wp\/v2\/pages\/12028\/revisions"}],"predecessor-version":[{"id":16422,"href":"https:\/\/flowerevents.com\/fr\/wp-json\/wp\/v2\/pages\/12028\/revisions\/16422"}],"up":[{"embeddable":true,"href":"https:\/\/flowerevents.com\/fr\/wp-json\/wp\/v2\/pages\/11893"}],"wp:attachment":[{"href":"https:\/\/flowerevents.com\/fr\/wp-json\/wp\/v2\/media?parent=12028"}],"curies":[{"name":"wp","href":"https:\/\/api.w.org\/{rel}","templated":true}]}}