{"id":11900,"date":"2024-05-31T15:40:32","date_gmt":"2024-05-31T13:40:32","guid":{"rendered":"https:\/\/neu.flowerevents.com\/?page_id=11900"},"modified":"2024-06-21T11:23:26","modified_gmt":"2024-06-21T09:23:26","slug":"mariages","status":"publish","type":"page","link":"https:\/\/flowerevents.com\/fr\/evenementiel\/evenements-prives\/mariages\/","title":{"rendered":"Mariages"},"content":{"rendered":"<h1>Mariages<\/h1>\n<h1>Mariages<\/h1>\n<div>\n<p>Pas de mariage sans d\u00e9coration florale appropri\u00e9e<\/p>\n<p>Nous vous conseillons volontiers pour votre concept floral, que nous adaptons individuellement \u00e0 vos besoins.<\/p>\n<p>D\u00e9coration de mariage &#8211; \u00e9glise ou c\u00e9r\u00e9monie &#8211; d\u00e9coration de table<br \/>d\u00e9coration de pi\u00e8ce &#8211; d\u00e9coration de voiture &#8211; fleurs pour enfants\u00a0<br \/>plantes et bien plus encore.<\/p>\n<p>Nous vous faisons partager ici notre exp\u00e9rience.\u00a0<\/p>\n<p>Cliquez sur les liens correspondants pour plus d&rsquo;images et d&rsquo;informations.<\/p>\n<\/div>\n<ul>\n<li>\n        <a href=\"\/evenements\/evenements-daffaires\/?lang=fr\">\u00c9v\u00e9nements d&rsquo;affaires<\/a>\n    <\/li>\n<li>\n        <a href=\"\/evenements\/evenements-daffaires\/conception-de-salons\/?lang=fr\">Conception de salon<\/a>\n    <\/li>\n<li>\n        <a href=\"\/evenements\/evenements-daffaires\/fleurs-en-abonnement\/?lang=fr\">Abonnement de fleurs<\/a>\n    <\/li>\n<li>\n        <a href=\"\/evenements\/evenements-prives\/?lang=fr\">\u00c9v\u00e9nements priv\u00e9s<\/a>\n    <\/li>\n<li>\n        <a href=\"\/evenements\/evenements-prives\/dire-au-revoir\/?lang=fr\">Dire au revoir<\/a>\n    <\/li>\n<\/ul>\n<ul>\n<li>\n<p>        <img decoding=\"async\" src=\"\/wp-content\/uploads\/2024\/03\/bs_creme_q.jpg\" alt=\"\"><\/p>\n<h1>Bouquet de mari\u00e9e<\/h1>\n<p><a href=\"\/fr\/mariages\/bouquets-de-mariee\/\">Plus d&rsquo;informations et d&rsquo;images<\/a><\/p>\n<\/li>\n<li>\n<p>        <img decoding=\"async\" src=\"\/wp-content\/uploads\/2024\/03\/kide_ebikon_q.jpg\" alt=\"\"><\/p>\n<h1>D\u00e9corations d&rsquo;\u00e9glise<\/h1>\n<p><a href=\"\/fr\/mariages\/decorations-deglise\/\">Plus d&rsquo;informations et d&rsquo;images<\/a><\/p>\n<\/li>\n<li>\n<p>        <img decoding=\"async\" src=\"\/wp-content\/uploads\/2024\/04\/q.rs_zelt.jpg\" alt=\"\"><\/p>\n<h1>C\u00e9r\u00e9monies et d\u00e9coration de salle<\/h1>\n<p><a href=\"\/fr\/mariages\/ceremonies\/\">Plus d&rsquo;informations et d&rsquo;images<\/a><\/p>\n<\/li>\n<li>\n<p>        <img decoding=\"async\" src=\"\/wp-content\/uploads\/2024\/04\/TD.Q.jpg\" alt=\"\"><\/p>\n<h1>Decorations de table<\/h1>\n<p><a href=\"\/fr\/mariages\/decorations-de-table\/\">Plus d&rsquo;informations et d&rsquo;images<\/a><\/p>\n<\/li>\n<li>\n<p>        <img decoding=\"async\" src=\"\/wp-content\/uploads\/2024\/04\/ho_streublumen.Q.jpg\" alt=\"\"><\/p>\n<h1>Mariage divers<\/h1>\n<p><a href=\"\/fr\/mariages\/mariage-divers\/\">Plus d&rsquo;informations et d&rsquo;images<\/a><\/p>\n<\/li>\n<li>\n<p>        <img decoding=\"async\" src=\"\/wp-content\/uploads\/2024\/04\/Ad.Q.jpg\" alt=\"\"><\/p>\n<h1>D\u00e9corations de voiture<\/h1>\n<p><a href=\"\/fr\/mariages\/decorations-de-voiture\/\">Plus d&rsquo;informations et d&rsquo;images<\/a><\/p>\n<\/li>\n<\/ul>\n<p><!--more--><br \/>\n<!-- {\"type\":\"layout\",\"children\":[{\"type\":\"section\",\"props\":{\"header_transparent\":false,\"header_transparent_noplaceholder\":false,\"height\":\"section\",\"height_offset_top\":false,\"image\":\"wp-content\\\/uploads\\\/2024\\\/05\\\/s2.bue2_.jpg\",\"image_loading\":true,\"image_parallax_bgy\":\"400\",\"image_position\":\"center-center\",\"image_size\":\"cover\",\"overlap\":false,\"padding\":\"small\",\"padding_remove_horizontal\":false,\"preserve_color\":true,\"style\":\"primary\",\"title_breakpoint\":\"xl\",\"title_position\":\"top-left\",\"title_rotation\":\"left\",\"vertical_align\":\"middle\",\"width\":\"xlarge\"},\"children\":[{\"type\":\"row\",\"children\":[{\"type\":\"column\",\"props\":{\"image_position\":\"center-center\",\"position_sticky_breakpoint\":\"m\",\"vertical_align\":\"middle\"},\"children\":[{\"type\":\"headline\",\"props\":{\"animation\":\"parallax\",\"content\":\"Mariages\",\"parallax_blur\":\"50\",\"parallax_opacity\":\"1,0\",\"parallax_scale\":\"0.5\",\"text_align\":\"center\",\"title_element\":\"h1\",\"title_style\":\"heading-2xlarge\"}}]}],\"props\":{\"column_gap\":\"small\",\"height\":\"pixels\",\"height_viewport\":300,\"row_gap\":\"small\"}}],\"name\":\"Hero\"},{\"type\":\"section\",\"props\":{\"image_position\":\"center-center\",\"padding\":\"small\",\"padding_remove_bottom\":true,\"preserve_color\":true,\"style\":\"primary\",\"title_breakpoint\":\"xl\",\"title_position\":\"top-left\",\"title_rotation\":\"left\",\"vertical_align\":\"middle\",\"width\":\"xlarge\"},\"children\":[{\"type\":\"row\",\"props\":{\"match\":false,\"width\":\"expand\"},\"children\":[{\"type\":\"column\",\"props\":{\"image_position\":\"center-center\",\"position_sticky_breakpoint\":\"m\"},\"children\":[{\"type\":\"headline\",\"props\":{\"content\":\"Mariages\",\"link_style\":\"default\",\"title_element\":\"h1\"},\"name\":\"Hochzeiten\"},{\"type\":\"text\",\"props\":{\"column_breakpoint\":\"m\",\"content\":\"\n\n<p>Pas de mariage sans d\\u00e9coration florale appropri\\u00e9e<\\\/p>\\n\n\n<p>Nous vous conseillons volontiers pour votre concept floral, que nous adaptons individuellement \\u00e0 vos besoins.<\\\/p>\\n\n\n<p>D\\u00e9coration de mariage - \\u00e9glise ou c\\u00e9r\\u00e9monie - d\\u00e9coration de table<br \\\/>d\\u00e9coration de pi\\u00e8ce - d\\u00e9coration de voiture - fleurs pour enfants\\u00a0<br \\\/>plantes et bien plus encore.<\\\/p>\\n\n\n<p>Nous vous faisons partager ici notre exp\\u00e9rience.\\u00a0<\\\/p>\\n\n\n<p>Cliquez sur les liens correspondants pour plus d'images et d'informations.<\\\/p>\",\"margin\":\"default\",\"position\":\"relative\",\"text_align\":\"left\"}},{\"type\":\"subnav\",\"children\":[{\"type\":\"subnav_item\",\"props\":{\"content\":\"\\u00c9v\\u00e9nements d'affaires\",\"link\":\"evenements\\\/evenements-daffaires\\\/?lang=fr\"}},{\"type\":\"subnav_item\",\"props\":{\"content\":\"Conception de salon\",\"link\":\"evenements\\\/evenements-daffaires\\\/conception-de-salons\\\/?lang=fr\"}},{\"type\":\"subnav_item\",\"props\":{\"content\":\"Abonnement de fleurs\",\"link\":\"evenements\\\/evenements-daffaires\\\/fleurs-en-abonnement\\\/?lang=fr\"}},{\"type\":\"subnav_item\",\"props\":{\"content\":\"\\u00c9v\\u00e9nements priv\\u00e9s\",\"link\":\"evenements\\\/evenements-prives\\\/?lang=fr\"}},{\"type\":\"subnav_item\",\"props\":{\"content\":\"Dire au revoir\",\"link\":\"evenements\\\/evenements-prives\\\/dire-au-revoir\\\/?lang=fr\"}}]},{\"type\":\"gallery\",\"props\":{\"filter\":true,\"filter_align\":\"left\",\"filter_all\":true,\"filter_grid_breakpoint\":\"m\",\"filter_grid_width\":\"auto\",\"filter_position\":\"top\",\"filter_style\":\"tab\",\"grid_column_gap\":\"small\",\"grid_default\":\"1\",\"grid_medium\":\"2\",\"grid_row_gap\":\"small\",\"image_loading\":false,\"item_animation\":false,\"lightbox\":false,\"link_style\":\"default\",\"link_text\":\"Read more\",\"margin\":\"default\",\"meta_align\":\"below-title\",\"meta_element\":\"div\",\"meta_style\":\"text-meta\",\"overlay_hover\":true,\"overlay_mode\":\"cover\",\"overlay_position\":\"center\",\"overlay_style\":\"overlay-primary\",\"overlay_transition\":\"fade\",\"show_content\":true,\"show_hover_image\":true,\"show_link\":true,\"show_meta\":true,\"show_title\":true,\"text_align\":\"center\",\"text_color\":\"light\",\"title_element\":\"h1\",\"title_hover_style\":\"reset\",\"title_style\":\"h1\"},\"children\":[{\"type\":\"gallery_item\",\"props\":{\"image\":\"wp-content\\\/uploads\\\/2024\\\/03\\\/bs_creme_q.jpg\",\"link\":\"fr\\\/mariages\\\/bouquets-de-mariee\\\/\",\"link_text\":\"Plus d'informations et d'images\",\"meta\":\"\",\"title\":\"Bouquet de mari\\u00e9e\"}},{\"type\":\"gallery_item\",\"props\":{\"image\":\"wp-content\\\/uploads\\\/2024\\\/03\\\/kide_ebikon_q.jpg\",\"link\":\"fr\\\/mariages\\\/decorations-deglise\\\/\",\"link_text\":\"Plus d'informations et d'images\",\"title\":\"D\\u00e9corations d'\\u00e9glise\"}},{\"type\":\"gallery_item\",\"props\":{\"image\":\"wp-content\\\/uploads\\\/2024\\\/04\\\/q.rs_zelt.jpg\",\"link\":\"fr\\\/mariages\\\/ceremonies\\\/\",\"link_text\":\"Plus d'informations et d'images\",\"title\":\"C\\u00e9r\\u00e9monies et d\\u00e9coration de salle\"}},{\"type\":\"gallery_item\",\"props\":{\"image\":\"wp-content\\\/uploads\\\/2024\\\/04\\\/TD.Q.jpg\",\"link\":\"fr\\\/mariages\\\/decorations-de-table\\\/\",\"link_text\":\"Plus d'informations et d'images\",\"title\":\"Decorations de table\"}},{\"type\":\"gallery_item\",\"props\":{\"image\":\"wp-content\\\/uploads\\\/2024\\\/04\\\/ho_streublumen.Q.jpg\",\"link\":\"fr\\\/mariages\\\/mariage-divers\\\/\",\"link_text\":\"Plus d'informations et d'images\",\"title\":\"Mariage divers\"}},{\"type\":\"gallery_item\",\"props\":{\"image\":\"wp-content\\\/uploads\\\/2024\\\/04\\\/Ad.Q.jpg\",\"link\":\"fr\\\/mariages\\\/decorations-de-voiture\\\/\",\"link_text\":\"Plus d'informations et d'images\",\"title\":\"D\\u00e9corations de voiture\"}}]}]}]}],\"name\":\"About\"},{\"type\":\"section\",\"props\":{\"image_position\":\"center-center\",\"preserve_color\":true,\"style\":\"primary\",\"title_breakpoint\":\"xl\",\"title_position\":\"top-left\",\"title_rotation\":\"left\",\"vertical_align\":\"middle\",\"width\":\"xlarge\"},\"children\":[{\"type\":\"row\",\"children\":[{\"type\":\"column\",\"props\":{\"image_position\":\"center-center\",\"position_sticky_breakpoint\":\"m\"},\"children\":[{\"type\":\"totop\",\"props\":{\"margin\":\"default\",\"text_align\":\"right\",\"title_grid_column_gap\":\"small\",\"title_grid_row_gap\":\"small\"}}]}]}]}],\"version\":\"4.3.13\"} --><\/p>\n","protected":false},"excerpt":{"rendered":"<p>Mariages Mariages Pas de mariage sans d\u00e9coration florale appropri\u00e9e Nous vous conseillons volontiers pour votre concept floral, que nous adaptons individuellement \u00e0 vos besoins. D\u00e9coration de mariage &#8211; \u00e9glise ou c\u00e9r\u00e9monie &#8211; d\u00e9coration de tabled\u00e9coration de pi\u00e8ce &#8211; d\u00e9coration de voiture &#8211; fleurs pour enfants\u00a0plantes et bien plus encore. Nous vous faisons partager ici notre [&hellip;]<\/p>\n","protected":false},"author":2,"featured_media":0,"parent":11893,"menu_order":1,"comment_status":"closed","ping_status":"closed","template":"","meta":{"footnotes":""},"class_list":["post-11900","page","type-page","status-publish","hentry"],"yoast_head":"<!-- This site is optimized with the Yoast SEO Premium plugin v24.9 (Yoast SEO v24.9) - https:\/\/yoast.com\/wordpress\/plugins\/seo\/ -->\n<title>Mariages - Blumen Florist Luzern Blumenonline<\/title>\n<meta name=\"description\" content=\"Blumen Blumengesch\u00e4ft Florist Luzern\" \/>\n<meta name=\"robots\" content=\"index, follow, max-snippet:-1, max-image-preview:large, max-video-preview:-1\" \/>\n<link rel=\"canonical\" href=\"https:\/\/flowerevents.com\/fr\/evenementiel\/evenements-prives\/mariages\/\" \/>\n<meta property=\"og:locale\" content=\"fr_FR\" \/>\n<meta property=\"og:type\" content=\"article\" \/>\n<meta property=\"og:title\" content=\"Mariages\" \/>\n<meta property=\"og:description\" content=\"Instagram\" \/>\n<meta property=\"og:url\" content=\"https:\/\/flowerevents.com\/fr\/evenementiel\/evenements-prives\/mariages\/\" \/>\n<meta property=\"og:site_name\" content=\"Blumen Florist Luzern Blumenonline\" \/>\n<meta property=\"article:publisher\" content=\"https:\/\/www.facebook.com\/flowerevents.ch\" \/>\n<meta property=\"article:modified_time\" content=\"2024-06-21T09:23:26+00:00\" \/>\n<meta name=\"twitter:card\" content=\"summary_large_image\" \/>\n<script type=\"application\/ld+json\" class=\"yoast-schema-graph\">{\"@context\":\"https:\/\/schema.org\",\"@graph\":[{\"@type\":\"WebPage\",\"@id\":\"https:\/\/flowerevents.com\/fr\/evenementiel\/evenements-prives\/mariages\/\",\"url\":\"https:\/\/flowerevents.com\/fr\/evenementiel\/evenements-prives\/mariages\/\",\"name\":\"Mariages - Blumen Florist Luzern Blumenonline\",\"isPartOf\":{\"@id\":\"https:\/\/flowerevents.com\/fr\/#website\"},\"datePublished\":\"2024-05-31T13:40:32+00:00\",\"dateModified\":\"2024-06-21T09:23:26+00:00\",\"description\":\"Blumen Blumengesch\u00e4ft Florist Luzern\",\"breadcrumb\":{\"@id\":\"https:\/\/flowerevents.com\/fr\/evenementiel\/evenements-prives\/mariages\/#breadcrumb\"},\"inLanguage\":\"fr-FR\",\"potentialAction\":[{\"@type\":\"ReadAction\",\"target\":[\"https:\/\/flowerevents.com\/fr\/evenementiel\/evenements-prives\/mariages\/\"]}]},{\"@type\":\"BreadcrumbList\",\"@id\":\"https:\/\/flowerevents.com\/fr\/evenementiel\/evenements-prives\/mariages\/#breadcrumb\",\"itemListElement\":[{\"@type\":\"ListItem\",\"position\":1,\"name\":\"Startseite\",\"item\":\"https:\/\/flowerevents.com\/fr\/\"},{\"@type\":\"ListItem\",\"position\":2,\"name\":\"\u00c9v\u00e8nementiel\",\"item\":\"https:\/\/flowerevents.com\/fr\/evenementiel\/\"},{\"@type\":\"ListItem\",\"position\":3,\"name\":\"\u00c9v\u00e9nements priv\u00e9s\",\"item\":\"https:\/\/flowerevents.com\/fr\/evenementiel\/evenements-prives\/\"},{\"@type\":\"ListItem\",\"position\":4,\"name\":\"Mariages\"}]},{\"@type\":\"WebSite\",\"@id\":\"https:\/\/flowerevents.com\/fr\/#website\",\"url\":\"https:\/\/flowerevents.com\/fr\/\",\"name\":\"Flowerevents\",\"description\":\"Wenn es um Blumiges geht - die sch\u00f6nste Blumengesch\u00e4ft von Luzern\",\"alternateName\":\"Blumen Luzern Flowerevents\",\"potentialAction\":[{\"@type\":\"SearchAction\",\"target\":{\"@type\":\"EntryPoint\",\"urlTemplate\":\"https:\/\/flowerevents.com\/fr\/?s={search_term_string}\"},\"query-input\":{\"@type\":\"PropertyValueSpecification\",\"valueRequired\":true,\"valueName\":\"search_term_string\"}}],\"inLanguage\":\"fr-FR\"}]}<\/script>\n<!-- \/ Yoast SEO Premium plugin. -->","yoast_head_json":{"title":"Mariages - Blumen Florist Luzern Blumenonline","description":"Blumen Blumengesch\u00e4ft Florist Luzern","robots":{"index":"index","follow":"follow","max-snippet":"max-snippet:-1","max-image-preview":"max-image-preview:large","max-video-preview":"max-video-preview:-1"},"canonical":"https:\/\/flowerevents.com\/fr\/evenementiel\/evenements-prives\/mariages\/","og_locale":"fr_FR","og_type":"article","og_title":"Mariages","og_description":"Instagram","og_url":"https:\/\/flowerevents.com\/fr\/evenementiel\/evenements-prives\/mariages\/","og_site_name":"Blumen Florist Luzern Blumenonline","article_publisher":"https:\/\/www.facebook.com\/flowerevents.ch","article_modified_time":"2024-06-21T09:23:26+00:00","twitter_card":"summary_large_image","schema":{"@context":"https:\/\/schema.org","@graph":[{"@type":"WebPage","@id":"https:\/\/flowerevents.com\/fr\/evenementiel\/evenements-prives\/mariages\/","url":"https:\/\/flowerevents.com\/fr\/evenementiel\/evenements-prives\/mariages\/","name":"Mariages - Blumen Florist Luzern Blumenonline","isPartOf":{"@id":"https:\/\/flowerevents.com\/fr\/#website"},"datePublished":"2024-05-31T13:40:32+00:00","dateModified":"2024-06-21T09:23:26+00:00","description":"Blumen Blumengesch\u00e4ft Florist Luzern","breadcrumb":{"@id":"https:\/\/flowerevents.com\/fr\/evenementiel\/evenements-prives\/mariages\/#breadcrumb"},"inLanguage":"fr-FR","potentialAction":[{"@type":"ReadAction","target":["https:\/\/flowerevents.com\/fr\/evenementiel\/evenements-prives\/mariages\/"]}]},{"@type":"BreadcrumbList","@id":"https:\/\/flowerevents.com\/fr\/evenementiel\/evenements-prives\/mariages\/#breadcrumb","itemListElement":[{"@type":"ListItem","position":1,"name":"Startseite","item":"https:\/\/flowerevents.com\/fr\/"},{"@type":"ListItem","position":2,"name":"\u00c9v\u00e8nementiel","item":"https:\/\/flowerevents.com\/fr\/evenementiel\/"},{"@type":"ListItem","position":3,"name":"\u00c9v\u00e9nements priv\u00e9s","item":"https:\/\/flowerevents.com\/fr\/evenementiel\/evenements-prives\/"},{"@type":"ListItem","position":4,"name":"Mariages"}]},{"@type":"WebSite","@id":"https:\/\/flowerevents.com\/fr\/#website","url":"https:\/\/flowerevents.com\/fr\/","name":"Flowerevents","description":"Wenn es um Blumiges geht - die sch\u00f6nste Blumengesch\u00e4ft von Luzern","alternateName":"Blumen Luzern Flowerevents","potentialAction":[{"@type":"SearchAction","target":{"@type":"EntryPoint","urlTemplate":"https:\/\/flowerevents.com\/fr\/?s={search_term_string}"},"query-input":{"@type":"PropertyValueSpecification","valueRequired":true,"valueName":"search_term_string"}}],"inLanguage":"fr-FR"}]}},"_links":{"self":[{"href":"https:\/\/flowerevents.com\/fr\/wp-json\/wp\/v2\/pages\/11900"}],"collection":[{"href":"https:\/\/flowerevents.com\/fr\/wp-json\/wp\/v2\/pages"}],"about":[{"href":"https:\/\/flowerevents.com\/fr\/wp-json\/wp\/v2\/types\/page"}],"author":[{"embeddable":true,"href":"https:\/\/flowerevents.com\/fr\/wp-json\/wp\/v2\/users\/2"}],"replies":[{"embeddable":true,"href":"https:\/\/flowerevents.com\/fr\/wp-json\/wp\/v2\/comments?post=11900"}],"version-history":[{"count":9,"href":"https:\/\/flowerevents.com\/fr\/wp-json\/wp\/v2\/pages\/11900\/revisions"}],"predecessor-version":[{"id":13174,"href":"https:\/\/flowerevents.com\/fr\/wp-json\/wp\/v2\/pages\/11900\/revisions\/13174"}],"up":[{"embeddable":true,"href":"https:\/\/flowerevents.com\/fr\/wp-json\/wp\/v2\/pages\/11893"}],"wp:attachment":[{"href":"https:\/\/flowerevents.com\/fr\/wp-json\/wp\/v2\/media?parent=11900"}],"curies":[{"name":"wp","href":"https:\/\/api.w.org\/{rel}","templated":true}]}}