{"id":11899,"date":"2024-05-31T15:40:23","date_gmt":"2024-05-31T13:40:23","guid":{"rendered":"https:\/\/neu.flowerevents.com\/?page_id=11899"},"modified":"2024-06-02T15:48:48","modified_gmt":"2024-06-02T13:48:48","slug":"fleurs-en-abonnement-prive","status":"publish","type":"page","link":"https:\/\/flowerevents.com\/fr\/evenementiel\/evenements-prives\/fleurs-en-abonnement-prive\/","title":{"rendered":"Fleurs en abonnement priv\u00e9"},"content":{"rendered":"<h1>Fleurs par abonnement priv\u00e9<\/h1>\n<div>\n<h1>Fleurs par abonnement priv\u00e9<\/h1>\n<\/div>\n<div>\n<p>Il y a des gens qui aiment recevoir un abonnement floral et qui attendent avec impatience la date et la surprise florale que nous allons livrer.<\/p>\n<p>Vous pouvez personnaliser un abonnement floral<br \/>Souhaitez-vous une livraison hebdomadaire ou mensuelle, toutes les deux semaines ou un jour pr\u00e9cis?<br \/>Choisissez les couleurs ou les fleurs (m\u00eame celles que vous n&rsquo;aimez pas), etc.<br \/>Ou laissez-nous vous conseiller.<\/p>\n<p>Une alternative \u00e0 l&rsquo;abonnement est un bon pour des fleurs.<\/p>\n<\/div>\n<ul>\n<li>\n        <a href=\"\/evenements\/evenements-daffaires\/?lang=fr\">\u00c9v\u00e9nements d&rsquo;affaires<\/a>\n    <\/li>\n<li>\n        <a href=\"\/evenements\/evenements-daffaires\/conception-de-salons\/?lang=fr\">Conception de salon<\/a>\n    <\/li>\n<li>\n        <a href=\"\/evenements\/evenements-prives\/?lang=fr\">\u00c9v\u00e9nements priv\u00e9s<\/a>\n    <\/li>\n<li>\n        <a href=\"\/evenements\/evenements-prives\/mariages\/?lang=fr\">Mariages<\/a>\n    <\/li>\n<li>\n        <a href=\"\/evenements\/evenements-prives\/dire-au-revoir\/?lang=fr\">DIre au revoir<\/a>\n    <\/li>\n<\/ul>\n<ul>\n<li>\n<p>        <img decoding=\"async\" src=\"\/wp-content\/uploads\/2024\/03\/Abo-Sunneziel-05.02.21b.jpg\" alt=\"\"><\/p>\n<h2>Abonnement sur grand plateau<\/h2>\n<\/li>\n<li>\n<p>        <img decoding=\"async\" src=\"\/wp-content\/uploads\/2024\/04\/3-er-d.jpg\" alt=\"\"><\/p>\n<h2>Abonnement 3 x livraison<\/h2>\n<\/li>\n<li>\n<p>        <img decoding=\"async\" src=\"\/wp-content\/uploads\/2024\/04\/4-er-d.jpg\" alt=\"\"><\/p>\n<h2>Abonnement 4 x livraison<\/h2>\n<\/li>\n<li>\n<p>        <img decoding=\"async\" src=\"\/wp-content\/uploads\/2024\/04\/6-er-d.jpg\" alt=\"\"><\/p>\n<h2>Abonnement 6 x livraison<\/h2>\n<\/li>\n<li>\n<p>        <img decoding=\"async\" src=\"\/wp-content\/uploads\/2024\/04\/12-er-d.jpg\" alt=\"\"><\/p>\n<h2>Abonnement 12 x livraison<\/h2>\n<\/li>\n<li>\n<p>        <img decoding=\"async\" src=\"\/wp-content\/uploads\/2024\/04\/Wiese.jpg\" alt=\"\"><\/p>\n<h2>Prairie fleurie<\/h2>\n<\/li>\n<li>\n<p>        <img decoding=\"async\" src=\"\/wp-content\/uploads\/2024\/05\/ge_wiese.jpg\" alt=\"\"><\/p>\n<h2>Prairie avant l&rsquo;\u00e9t\u00e9<\/h2>\n<\/li>\n<li>\n<p>        <img decoding=\"async\" src=\"\/wp-content\/uploads\/2024\/04\/IMG_5147.jpg\" alt=\"\"><\/p>\n<h2>Abonnement dans un vase au sol<\/h2>\n<\/li>\n<\/ul>\n<p><!--more--><br \/>\n<!-- {\"type\":\"layout\",\"children\":[{\"type\":\"section\",\"props\":{\"header_transparent\":true,\"header_transparent_noplaceholder\":false,\"height\":\"section\",\"height_offset_top\":false,\"image\":\"wp-content\\\/uploads\\\/2024\\\/05\\\/s2.Abo-Sunneziel-05.02.21b.jpg\",\"image_loading\":true,\"image_parallax_bgy\":\"400\",\"image_position\":\"center-center\",\"image_size\":\"cover\",\"media_focal_point\":\"top-center\",\"padding\":\"small\",\"preserve_color\":true,\"style\":\"default\",\"title_breakpoint\":\"xl\",\"title_position\":\"top-left\",\"title_rotation\":\"left\",\"vertical_align\":\"middle\",\"width\":\"xlarge\"},\"children\":[{\"type\":\"row\",\"children\":[{\"type\":\"column\",\"props\":{\"image_position\":\"center-center\",\"position_sticky_breakpoint\":\"m\",\"vertical_align\":\"middle\"},\"children\":[{\"type\":\"headline\",\"props\":{\"content\":\"Fleurs par abonnement priv\\u00e9\",\"margin_remove_bottom\":true,\"margin_remove_top\":true,\"text_align\":\"center\",\"title_element\":\"h1\",\"title_style\":\"heading-xlarge\"}}]}],\"props\":{\"column_gap\":\"collapse\",\"margin\":\"default\",\"margin_remove_bottom\":true,\"margin_remove_top\":true,\"row_gap\":\"small\",\"width\":\"expand\"}}],\"name\":\"Hero\"},{\"type\":\"section\",\"props\":{\"image_position\":\"center-center\",\"padding\":\"small\",\"padding_remove_bottom\":false,\"preserve_color\":true,\"style\":\"primary\",\"title_breakpoint\":\"xl\",\"title_position\":\"top-left\",\"title_rotation\":\"left\",\"vertical_align\":\"middle\",\"width\":\"xlarge\"},\"children\":[{\"type\":\"row\",\"props\":{\"match\":false,\"width\":\"expand\"},\"children\":[{\"type\":\"column\",\"props\":{\"image_position\":\"center-center\",\"position_sticky_breakpoint\":\"m\",\"vertical_align\":\"middle\"},\"children\":[{\"type\":\"text\",\"props\":{\"column_breakpoint\":\"m\",\"content\":\"\n\n<h1>Fleurs par abonnement priv\\u00e9<\\\/h1>\",\"dropcap\":false,\"id\":\"Blumen im Abonnement\",\"margin\":\"remove-vertical\"},\"name\":\"Blumen im Abonnement\"},{\"type\":\"text\",\"props\":{\"column_breakpoint\":\"m\",\"content\":\"\n\n<p>Il y a des gens qui aiment recevoir un abonnement floral et qui attendent avec impatience la date et la surprise florale que nous allons livrer.<\\\/p>\\n\n\n<p>Vous pouvez personnaliser un abonnement floral<br \\\/>Souhaitez-vous une livraison hebdomadaire ou mensuelle, toutes les deux semaines ou un jour pr\\u00e9cis?<br \\\/>Choisissez les couleurs ou les fleurs (m\\u00eame celles que vous n'aimez pas), etc.<br \\\/>Ou laissez-nous vous conseiller.<\\\/p>\\n\n\n<p>Une alternative \\u00e0 l'abonnement est un bon pour des fleurs.<\\\/p>\",\"margin\":\"default\"}},{\"type\":\"subnav\",\"children\":[{\"type\":\"subnav_item\",\"props\":{\"content\":\"\\u00c9v\\u00e9nements d'affaires\",\"link\":\"evenements\\\/evenements-daffaires\\\/?lang=fr\"}},{\"type\":\"subnav_item\",\"props\":{\"content\":\"Conception de salon\",\"link\":\"evenements\\\/evenements-daffaires\\\/conception-de-salons\\\/?lang=fr\"}},{\"type\":\"subnav_item\",\"props\":{\"content\":\"\\u00c9v\\u00e9nements priv\\u00e9s\",\"link\":\"evenements\\\/evenements-prives\\\/?lang=fr\"}},{\"type\":\"subnav_item\",\"props\":{\"content\":\"Mariages\",\"link\":\"evenements\\\/evenements-prives\\\/mariages\\\/?lang=fr\"}},{\"type\":\"subnav_item\",\"props\":{\"content\":\"DIre au revoir\",\"link\":\"evenements\\\/evenements-prives\\\/dire-au-revoir\\\/?lang=fr\"}}]},{\"type\":\"slideshow\",\"props\":{\"link_style\":\"default\",\"link_text\":\"Read more\",\"margin\":\"default\",\"meta_align\":\"below-content\",\"meta_element\":\"div\",\"meta_style\":\"\",\"nav\":\"dotnav\",\"nav_align\":\"center\",\"nav_below\":true,\"nav_breakpoint\":\"s\",\"nav_color\":\"light\",\"nav_position\":\"bottom-center\",\"nav_position_margin\":\"medium\",\"overlay_animation\":\"parallax\",\"overlay_container\":\"default\",\"overlay_position\":\"bottom-center\",\"overlay_width\":\"xlarge\",\"show_content\":true,\"show_link\":true,\"show_meta\":true,\"show_thumbnail\":true,\"show_title\":true,\"slidenav\":\"outside\",\"slidenav_breakpoint\":\"s\",\"slidenav_margin\":\"\",\"slidenav_outside_breakpoint\":\"xl\",\"slidenav_outside_color\":\"light\",\"slideshow_animation\":\"fade\",\"slideshow_autoplay\":true,\"slideshow_autoplay_interval\":\"3\",\"slideshow_autoplay_pause\":true,\"slideshow_height\":\"viewport\",\"slideshow_max_height\":\"800\",\"slideshow_min_height\":\"800\",\"slideshow_ratio\":\"2:1.6\",\"thumbnav_height\":\"75\",\"thumbnav_svg_color\":\"emphasis\",\"thumbnav_width\":\"100\",\"title_element\":\"h2\"},\"children\":[{\"type\":\"slideshow_item\",\"props\":{\"image\":\"wp-content\\\/uploads\\\/2024\\\/03\\\/Abo-Sunneziel-05.02.21b.jpg\",\"title\":\"Abonnement sur grand plateau\"}},{\"type\":\"slideshow_item\",\"props\":{\"image\":\"wp-content\\\/uploads\\\/2024\\\/04\\\/3-er-d.jpg\",\"title\":\"Abonnement 3 x livraison\"}},{\"type\":\"slideshow_item\",\"props\":{\"image\":\"wp-content\\\/uploads\\\/2024\\\/04\\\/4-er-d.jpg\",\"title\":\"Abonnement 4 x livraison\"}},{\"type\":\"slideshow_item\",\"props\":{\"image\":\"wp-content\\\/uploads\\\/2024\\\/04\\\/6-er-d.jpg\",\"title\":\"Abonnement 6 x livraison\"}},{\"type\":\"slideshow_item\",\"props\":{\"image\":\"wp-content\\\/uploads\\\/2024\\\/04\\\/12-er-d.jpg\",\"title\":\"Abonnement 12 x livraison\"}},{\"type\":\"slideshow_item\",\"props\":{\"image\":\"wp-content\\\/uploads\\\/2024\\\/04\\\/Wiese.jpg\",\"title\":\"Prairie fleurie\"}},{\"type\":\"slideshow_item\",\"props\":{\"image\":\"wp-content\\\/uploads\\\/2024\\\/05\\\/ge_wiese.jpg\",\"title\":\"Prairie avant l'\\u00e9t\\u00e9\"}},{\"type\":\"slideshow_item\",\"props\":{\"image\":\"wp-content\\\/uploads\\\/2024\\\/04\\\/IMG_5147.jpg\",\"title\":\"Abonnement dans un vase au sol\"}}]}]}]}],\"name\":\"About\"},{\"type\":\"section\",\"props\":{\"image_position\":\"center-center\",\"padding\":\"none\",\"preserve_color\":true,\"style\":\"primary\",\"title_breakpoint\":\"xl\",\"title_position\":\"top-left\",\"title_rotation\":\"left\",\"vertical_align\":\"middle\",\"width\":\"xlarge\"},\"children\":[{\"type\":\"row\",\"children\":[{\"type\":\"column\",\"props\":{\"image_position\":\"center-center\",\"position_sticky_breakpoint\":\"m\"},\"children\":[{\"type\":\"totop\",\"props\":{\"margin\":\"default\",\"text_align\":\"right\",\"title_grid_column_gap\":\"small\",\"title_grid_row_gap\":\"small\"}}]}]}]}],\"version\":\"4.3.13\"} --><\/p>\n","protected":false},"excerpt":{"rendered":"<p>Fleurs par abonnement priv\u00e9 Fleurs par abonnement priv\u00e9 Il y a des gens qui aiment recevoir un abonnement floral et qui attendent avec impatience la date et la surprise florale que nous allons livrer. Vous pouvez personnaliser un abonnement floralSouhaitez-vous une livraison hebdomadaire ou mensuelle, toutes les deux semaines ou un jour pr\u00e9cis?Choisissez les couleurs [&hellip;]<\/p>\n","protected":false},"author":2,"featured_media":0,"parent":11893,"menu_order":2,"comment_status":"closed","ping_status":"closed","template":"","meta":{"footnotes":""},"class_list":["post-11899","page","type-page","status-publish","hentry"],"yoast_head":"<!-- This site is optimized with the Yoast SEO Premium plugin v24.9 (Yoast SEO v24.9) - https:\/\/yoast.com\/wordpress\/plugins\/seo\/ -->\n<title>Fleurs en abonnement priv\u00e9 - Blumen Florist Luzern Blumenonline<\/title>\n<meta name=\"description\" content=\"Blumen Blumengesch\u00e4ft Florist Luzern\" \/>\n<meta name=\"robots\" content=\"index, follow, max-snippet:-1, max-image-preview:large, max-video-preview:-1\" \/>\n<link rel=\"canonical\" href=\"https:\/\/flowerevents.com\/fr\/evenementiel\/evenements-prives\/fleurs-en-abonnement-prive\/\" \/>\n<meta property=\"og:locale\" content=\"fr_FR\" \/>\n<meta property=\"og:type\" content=\"article\" \/>\n<meta property=\"og:title\" content=\"Fleurs en abonnement priv\u00e9\" \/>\n<meta property=\"og:description\" content=\"Instagram\" \/>\n<meta property=\"og:url\" content=\"https:\/\/flowerevents.com\/fr\/evenementiel\/evenements-prives\/fleurs-en-abonnement-prive\/\" \/>\n<meta property=\"og:site_name\" content=\"Blumen Florist Luzern Blumenonline\" \/>\n<meta property=\"article:publisher\" content=\"https:\/\/www.facebook.com\/flowerevents.ch\" \/>\n<meta property=\"article:modified_time\" content=\"2024-06-02T13:48:48+00:00\" \/>\n<meta name=\"twitter:card\" content=\"summary_large_image\" \/>\n<script type=\"application\/ld+json\" class=\"yoast-schema-graph\">{\"@context\":\"https:\/\/schema.org\",\"@graph\":[{\"@type\":\"WebPage\",\"@id\":\"https:\/\/flowerevents.com\/fr\/evenementiel\/evenements-prives\/fleurs-en-abonnement-prive\/\",\"url\":\"https:\/\/flowerevents.com\/fr\/evenementiel\/evenements-prives\/fleurs-en-abonnement-prive\/\",\"name\":\"Fleurs en abonnement priv\u00e9 - Blumen Florist Luzern Blumenonline\",\"isPartOf\":{\"@id\":\"https:\/\/flowerevents.com\/fr\/#website\"},\"datePublished\":\"2024-05-31T13:40:23+00:00\",\"dateModified\":\"2024-06-02T13:48:48+00:00\",\"description\":\"Blumen Blumengesch\u00e4ft Florist Luzern\",\"breadcrumb\":{\"@id\":\"https:\/\/flowerevents.com\/fr\/evenementiel\/evenements-prives\/fleurs-en-abonnement-prive\/#breadcrumb\"},\"inLanguage\":\"fr-FR\",\"potentialAction\":[{\"@type\":\"ReadAction\",\"target\":[\"https:\/\/flowerevents.com\/fr\/evenementiel\/evenements-prives\/fleurs-en-abonnement-prive\/\"]}]},{\"@type\":\"BreadcrumbList\",\"@id\":\"https:\/\/flowerevents.com\/fr\/evenementiel\/evenements-prives\/fleurs-en-abonnement-prive\/#breadcrumb\",\"itemListElement\":[{\"@type\":\"ListItem\",\"position\":1,\"name\":\"Startseite\",\"item\":\"https:\/\/flowerevents.com\/fr\/\"},{\"@type\":\"ListItem\",\"position\":2,\"name\":\"\u00c9v\u00e8nementiel\",\"item\":\"https:\/\/flowerevents.com\/fr\/evenementiel\/\"},{\"@type\":\"ListItem\",\"position\":3,\"name\":\"\u00c9v\u00e9nements priv\u00e9s\",\"item\":\"https:\/\/flowerevents.com\/fr\/evenementiel\/evenements-prives\/\"},{\"@type\":\"ListItem\",\"position\":4,\"name\":\"Fleurs en abonnement priv\u00e9\"}]},{\"@type\":\"WebSite\",\"@id\":\"https:\/\/flowerevents.com\/fr\/#website\",\"url\":\"https:\/\/flowerevents.com\/fr\/\",\"name\":\"Flowerevents\",\"description\":\"Wenn es um Blumiges geht - die sch\u00f6nste Blumengesch\u00e4ft von Luzern\",\"alternateName\":\"Blumen Luzern Flowerevents\",\"potentialAction\":[{\"@type\":\"SearchAction\",\"target\":{\"@type\":\"EntryPoint\",\"urlTemplate\":\"https:\/\/flowerevents.com\/fr\/?s={search_term_string}\"},\"query-input\":{\"@type\":\"PropertyValueSpecification\",\"valueRequired\":true,\"valueName\":\"search_term_string\"}}],\"inLanguage\":\"fr-FR\"}]}<\/script>\n<!-- \/ Yoast SEO Premium plugin. -->","yoast_head_json":{"title":"Fleurs en abonnement priv\u00e9 - Blumen Florist Luzern Blumenonline","description":"Blumen Blumengesch\u00e4ft Florist Luzern","robots":{"index":"index","follow":"follow","max-snippet":"max-snippet:-1","max-image-preview":"max-image-preview:large","max-video-preview":"max-video-preview:-1"},"canonical":"https:\/\/flowerevents.com\/fr\/evenementiel\/evenements-prives\/fleurs-en-abonnement-prive\/","og_locale":"fr_FR","og_type":"article","og_title":"Fleurs en abonnement priv\u00e9","og_description":"Instagram","og_url":"https:\/\/flowerevents.com\/fr\/evenementiel\/evenements-prives\/fleurs-en-abonnement-prive\/","og_site_name":"Blumen Florist Luzern Blumenonline","article_publisher":"https:\/\/www.facebook.com\/flowerevents.ch","article_modified_time":"2024-06-02T13:48:48+00:00","twitter_card":"summary_large_image","schema":{"@context":"https:\/\/schema.org","@graph":[{"@type":"WebPage","@id":"https:\/\/flowerevents.com\/fr\/evenementiel\/evenements-prives\/fleurs-en-abonnement-prive\/","url":"https:\/\/flowerevents.com\/fr\/evenementiel\/evenements-prives\/fleurs-en-abonnement-prive\/","name":"Fleurs en abonnement priv\u00e9 - Blumen Florist Luzern Blumenonline","isPartOf":{"@id":"https:\/\/flowerevents.com\/fr\/#website"},"datePublished":"2024-05-31T13:40:23+00:00","dateModified":"2024-06-02T13:48:48+00:00","description":"Blumen Blumengesch\u00e4ft Florist Luzern","breadcrumb":{"@id":"https:\/\/flowerevents.com\/fr\/evenementiel\/evenements-prives\/fleurs-en-abonnement-prive\/#breadcrumb"},"inLanguage":"fr-FR","potentialAction":[{"@type":"ReadAction","target":["https:\/\/flowerevents.com\/fr\/evenementiel\/evenements-prives\/fleurs-en-abonnement-prive\/"]}]},{"@type":"BreadcrumbList","@id":"https:\/\/flowerevents.com\/fr\/evenementiel\/evenements-prives\/fleurs-en-abonnement-prive\/#breadcrumb","itemListElement":[{"@type":"ListItem","position":1,"name":"Startseite","item":"https:\/\/flowerevents.com\/fr\/"},{"@type":"ListItem","position":2,"name":"\u00c9v\u00e8nementiel","item":"https:\/\/flowerevents.com\/fr\/evenementiel\/"},{"@type":"ListItem","position":3,"name":"\u00c9v\u00e9nements priv\u00e9s","item":"https:\/\/flowerevents.com\/fr\/evenementiel\/evenements-prives\/"},{"@type":"ListItem","position":4,"name":"Fleurs en abonnement priv\u00e9"}]},{"@type":"WebSite","@id":"https:\/\/flowerevents.com\/fr\/#website","url":"https:\/\/flowerevents.com\/fr\/","name":"Flowerevents","description":"Wenn es um Blumiges geht - die sch\u00f6nste Blumengesch\u00e4ft von Luzern","alternateName":"Blumen Luzern Flowerevents","potentialAction":[{"@type":"SearchAction","target":{"@type":"EntryPoint","urlTemplate":"https:\/\/flowerevents.com\/fr\/?s={search_term_string}"},"query-input":{"@type":"PropertyValueSpecification","valueRequired":true,"valueName":"search_term_string"}}],"inLanguage":"fr-FR"}]}},"_links":{"self":[{"href":"https:\/\/flowerevents.com\/fr\/wp-json\/wp\/v2\/pages\/11899"}],"collection":[{"href":"https:\/\/flowerevents.com\/fr\/wp-json\/wp\/v2\/pages"}],"about":[{"href":"https:\/\/flowerevents.com\/fr\/wp-json\/wp\/v2\/types\/page"}],"author":[{"embeddable":true,"href":"https:\/\/flowerevents.com\/fr\/wp-json\/wp\/v2\/users\/2"}],"replies":[{"embeddable":true,"href":"https:\/\/flowerevents.com\/fr\/wp-json\/wp\/v2\/comments?post=11899"}],"version-history":[{"count":10,"href":"https:\/\/flowerevents.com\/fr\/wp-json\/wp\/v2\/pages\/11899\/revisions"}],"predecessor-version":[{"id":12257,"href":"https:\/\/flowerevents.com\/fr\/wp-json\/wp\/v2\/pages\/11899\/revisions\/12257"}],"up":[{"embeddable":true,"href":"https:\/\/flowerevents.com\/fr\/wp-json\/wp\/v2\/pages\/11893"}],"wp:attachment":[{"href":"https:\/\/flowerevents.com\/fr\/wp-json\/wp\/v2\/media?parent=11899"}],"curies":[{"name":"wp","href":"https:\/\/api.w.org\/{rel}","templated":true}]}}