{"id":11898,"date":"2024-05-31T15:40:13","date_gmt":"2024-05-31T13:40:13","guid":{"rendered":"https:\/\/neu.flowerevents.com\/?page_id=11898"},"modified":"2024-11-01T08:33:16","modified_gmt":"2024-11-01T07:33:16","slug":"conception-de-salons","status":"publish","type":"page","link":"https:\/\/flowerevents.com\/fr\/evenementiel\/evenements-daffaires\/conception-de-salons\/","title":{"rendered":"Conception de salons"},"content":{"rendered":"<h1>Conceptions pour les salons<\/h1>\n<p><a href=\"#Messe Gestaltungen\">Conceptions pour les salons<\/a><\/p>\n<div>\n<p>La pr\u00e9sence d&rsquo;une entreprise sur un salon international d\u00e9pend de nombreux aspects visuels. L&rsquo;am\u00e9nagement floral en fait partie. Pour diff\u00e9rentes entreprises, nous r\u00e9alisons \u00e9galement de tels projets en Belgique et \u00e0 l&rsquo;\u00e9tranger.<\/p>\n<\/div>\n<ul>\n<li>\n        <a href=\"\/evenements\/evenements-daffaires\/?lang=fr\">\u00c9v\u00e9nements d&rsquo;affairs<\/a>\n    <\/li>\n<li>\n        <a href=\"\/evenements\/evenements-daffaires\/fleurs-en-abonnement\/?lang=fr\">Abonnement aux fleurs<\/a>\n    <\/li>\n<li>\n        <a href=\"\/evenements\/evenements-prives\/fleurs-en-abonnement-prive\/?lang=fr\">\u00c9v\u00e9nements priv\u00e9s<\/a>\n    <\/li>\n<li>\n        <a href=\"\/evenements\/evenements-prives\/mariages\/?lang=fr\">Mariages<\/a>\n    <\/li>\n<li>\n        <a href=\"\/evenements\/evenements-prives\/dire-au-revoir\/?lang=fr\">Dire au revoir<\/a>\n    <\/li>\n<\/ul>\n<ul>\n<li>\n<p>        <img decoding=\"async\" src=\"\/wp-content\/uploads\/2024\/10\/Stern.jpg\" alt=\"\"><\/p>\n<h3>Etoile<\/h3>\n<\/li>\n<li>\n<p>        <img decoding=\"async\" src=\"\/wp-content\/uploads\/2024\/10\/Greenroom.jpg\" alt=\"\"><\/p>\n<h3>Salon vert<\/h3>\n<\/li>\n<li>\n<p>        <img decoding=\"async\" src=\"\/wp-content\/uploads\/2024\/10\/Redroom1.jpg\" alt=\"\"><\/p>\n<h3>Salon Rouge<\/h3>\n<\/li>\n<li>\n<p>        <img decoding=\"async\" src=\"\/wp-content\/uploads\/2024\/10\/Waxbaeume-und-Kugeln.jpg\" alt=\"\"><\/p>\n<h3>Arbres et boules de cire<\/h3>\n<\/li>\n<li>\n<p>        <img decoding=\"async\" src=\"\/wp-content\/uploads\/2024\/04\/q.mes_15_6.jpg\" alt=\"\"><\/p>\n<h3>Maison et Objects Paris<\/h3>\n<\/li>\n<li>\n<p>        <img decoding=\"async\" src=\"\/wp-content\/uploads\/2024\/04\/q.s_17_6.jpg\" alt=\"\"><\/p>\n<h3>Ambiente Frankfurt<\/h3>\n<\/li>\n<li>\n<p>        <img decoding=\"async\" src=\"\/wp-content\/uploads\/2024\/04\/Q.Messe-1.jpg\" alt=\"\"><\/p>\n<h3>Maison et Objects Paris<\/h3>\n<\/li>\n<li>\n<p>        <img decoding=\"async\" src=\"\/wp-content\/uploads\/2024\/04\/Q.Karl-Zuber-Floristik-und-Design-29.jpg\" alt=\"\"><\/p>\n<h3>Giardina Zurich<\/h3>\n<\/li>\n<li>\n<p>        <img decoding=\"async\" src=\"\/wp-content\/uploads\/2024\/04\/q.bambuswand.jpg\" alt=\"\"><\/p>\n<h3>Messestand Bambuswand<\/h3>\n<\/li>\n<li>\n<p>        <img decoding=\"async\" src=\"\/wp-content\/uploads\/2024\/05\/aus_basel_world_2.jpg\" alt=\"\"><\/p>\n<h3>Salon de l&rsquo;horlogerie et de la bijouterie<\/h3>\n<\/li>\n<li>\n<p>        <img decoding=\"async\" src=\"\/wp-content\/uploads\/2024\/05\/aus_baumesse_luzern.jpg\" alt=\"\"><\/p>\n<h3>Foire de la construction Lucerne<\/h3>\n<\/li>\n<li>\n<p>        <img decoding=\"async\" src=\"\/wp-content\/uploads\/2024\/05\/aus_casabanca1.jpg\" alt=\"\"><\/p>\n<h3>Casabanca Lucerne<\/h3>\n<\/li>\n<li>\n<p>        <img decoding=\"async\" src=\"\/wp-content\/uploads\/2024\/05\/aus_giardina.jpg\" alt=\"\"><\/p>\n<h3>Giardina Jardin Suisse Zurich<\/h3>\n<\/li>\n<li>\n<p>        <img decoding=\"async\" src=\"\/wp-content\/uploads\/2024\/05\/aus_mefa_2.jpg\" alt=\"\"><\/p>\n<h3>MEFA Zurich<\/h3>\n<\/li>\n<li>\n<p>        <img decoding=\"async\" src=\"\/wp-content\/uploads\/2024\/05\/mes_15_par_1.jpg\" alt=\"\"><\/p>\n<h3>Maison et Objects Paris<\/h3>\n<\/li>\n<li>\n<p>        <img decoding=\"async\" src=\"\/wp-content\/uploads\/2024\/05\/schli_h17_6.jpg\" alt=\"\"><\/p>\n<h3>Ambiente Frankfurt<\/h3>\n<\/li>\n<li>\n<p>        <img decoding=\"async\" src=\"\/wp-content\/uploads\/2024\/05\/schli_h17_12.jpg\" alt=\"\"><\/p>\n<h3>Maison et Objects Paris<\/h3>\n<\/li>\n<\/ul>\n<p><!--more--><br \/>\n<!-- {\"type\":\"layout\",\"children\":[{\"type\":\"section\",\"props\":{\"header_transparent\":true,\"header_transparent_noplaceholder\":false,\"height\":\"section\",\"height_offset_top\":false,\"image\":\"wp-content\\\/uploads\\\/2024\\\/05\\\/aus_mefa_1.jpg\",\"image_loading\":true,\"image_parallax_bgy\":\"400\",\"image_position\":\"center-center\",\"image_size\":\"cover\",\"media_focal_point\":\"top-center\",\"padding\":\"small\",\"style\":\"default\",\"title_breakpoint\":\"xl\",\"title_position\":\"top-left\",\"title_rotation\":\"left\",\"vertical_align\":\"middle\",\"width\":\"expand\"},\"children\":[{\"type\":\"row\",\"children\":[{\"type\":\"column\",\"props\":{\"image_position\":\"center-center\",\"position_sticky_breakpoint\":\"m\"},\"children\":[{\"type\":\"headline\",\"props\":{\"animation\":\"none\",\"content\":\"Conceptions pour les salons\",\"margin_remove_bottom\":true,\"margin_remove_top\":true,\"parallax_blur\":\"50\",\"parallax_opacity\":\"1,0\",\"parallax_scale\":\"0.5\",\"text_align\":\"center\",\"title_element\":\"h1\",\"title_style\":\"heading-xlarge\"}}]}]}],\"name\":\"Hero\"},{\"type\":\"section\",\"props\":{\"image_position\":\"center-center\",\"padding\":\"xsmall\",\"padding_remove_bottom\":true,\"preserve_color\":true,\"style\":\"primary\",\"title_breakpoint\":\"xl\",\"title_position\":\"top-left\",\"title_rotation\":\"left\",\"vertical_align\":\"\",\"width\":\"xlarge\"},\"children\":[{\"type\":\"row\",\"children\":[{\"type\":\"column\",\"props\":{\"image_position\":\"center-center\",\"position_sticky_breakpoint\":\"m\"},\"children\":[{\"type\":\"nav\",\"props\":{\"grid\":\"1\",\"id\":\"#\",\"image_vertical_align\":true,\"nav_size\":\"medium\",\"nav_style\":\"primary\",\"show_image\":true,\"show_meta\":true},\"children\":[{\"type\":\"nav_item\",\"props\":{\"content\":\"Conceptions pour les salons\",\"link\":\"#Messe Gestaltungen\"}}]},{\"type\":\"text\",\"props\":{\"column_breakpoint\":\"m\",\"content\":\"\n\n<p>La pr\\u00e9sence d'une entreprise sur un salon international d\\u00e9pend de nombreux aspects visuels. L'am\\u00e9nagement floral en fait partie. Pour diff\\u00e9rentes entreprises, nous r\\u00e9alisons \\u00e9galement de tels projets en Belgique et \\u00e0 l'\\u00e9tranger.<\\\/p>\",\"margin\":\"default\"}},{\"type\":\"subnav\",\"children\":[{\"type\":\"subnav_item\",\"props\":{\"content\":\"\\u00c9v\\u00e9nements d'affairs\",\"link\":\"evenements\\\/evenements-daffaires\\\/?lang=fr\"}},{\"type\":\"subnav_item\",\"props\":{\"content\":\"Abonnement aux fleurs\",\"link\":\"evenements\\\/evenements-daffaires\\\/fleurs-en-abonnement\\\/?lang=fr\"}},{\"type\":\"subnav_item\",\"props\":{\"content\":\"\\u00c9v\\u00e9nements priv\\u00e9s\",\"link\":\"evenements\\\/evenements-prives\\\/fleurs-en-abonnement-prive\\\/?lang=fr\"}},{\"type\":\"subnav_item\",\"props\":{\"content\":\"Mariages\",\"link\":\"evenements\\\/evenements-prives\\\/mariages\\\/?lang=fr\"}},{\"type\":\"subnav_item\",\"props\":{\"content\":\"Dire au revoir\",\"link\":\"evenements\\\/evenements-prives\\\/dire-au-revoir\\\/?lang=fr\"}}]},{\"type\":\"slideshow\",\"props\":{\"link_style\":\"default\",\"link_text\":\"Read more\",\"margin\":\"default\",\"meta_align\":\"below-title\",\"meta_element\":\"div\",\"meta_style\":\"text-meta\",\"nav\":\"dotnav\",\"nav_align\":\"center\",\"nav_below\":true,\"nav_breakpoint\":\"s\",\"nav_color\":\"light\",\"nav_position\":\"bottom-center\",\"nav_position_margin\":\"\",\"overlay_animation\":\"parallax\",\"overlay_container\":\"default\",\"overlay_position\":\"bottom-center\",\"show_content\":true,\"show_link\":true,\"show_meta\":true,\"show_thumbnail\":true,\"show_title\":true,\"slidenav\":\"outside\",\"slidenav_breakpoint\":\"s\",\"slidenav_margin\":\"\",\"slidenav_outside_breakpoint\":\"xl\",\"slidenav_outside_color\":\"light\",\"slideshow_animation\":\"fade\",\"slideshow_autoplay\":true,\"slideshow_autoplay_pause\":true,\"slideshow_height\":\"section\",\"slideshow_min_height\":300,\"slideshow_velocity\":\"3\",\"thumbnav_height\":\"75\",\"thumbnav_svg_color\":\"emphasis\",\"thumbnav_width\":\"100\",\"title_element\":\"h3\"},\"children\":[{\"type\":\"slideshow_item\",\"props\":{\"image\":\"wp-content\\\/uploads\\\/2024\\\/10\\\/Stern.jpg\",\"title\":\"Etoile\"}},{\"type\":\"slideshow_item\",\"props\":{\"image\":\"wp-content\\\/uploads\\\/2024\\\/10\\\/Greenroom.jpg\",\"title\":\"Salon vert\"}},{\"type\":\"slideshow_item\",\"props\":{\"image\":\"wp-content\\\/uploads\\\/2024\\\/10\\\/Redroom1.jpg\",\"title\":\"Salon Rouge\"}},{\"type\":\"slideshow_item\",\"props\":{\"image\":\"wp-content\\\/uploads\\\/2024\\\/10\\\/Waxbaeume-und-Kugeln.jpg\",\"title\":\"Arbres et boules de cire\"}},{\"type\":\"slideshow_item\",\"props\":{\"image\":\"wp-content\\\/uploads\\\/2024\\\/04\\\/q.mes_15_6.jpg\",\"title\":\"Maison et Objects Paris\"}},{\"type\":\"slideshow_item\",\"props\":{\"image\":\"wp-content\\\/uploads\\\/2024\\\/04\\\/q.s_17_6.jpg\",\"title\":\"Ambiente Frankfurt\"}},{\"type\":\"slideshow_item\",\"props\":{\"image\":\"wp-content\\\/uploads\\\/2024\\\/04\\\/Q.Messe-1.jpg\",\"title\":\"Maison et Objects Paris\"}},{\"type\":\"slideshow_item\",\"props\":{\"image\":\"wp-content\\\/uploads\\\/2024\\\/04\\\/Q.Karl-Zuber-Floristik-und-Design-29.jpg\",\"title\":\"Giardina Zurich\"}},{\"type\":\"slideshow_item\",\"props\":{\"image\":\"wp-content\\\/uploads\\\/2024\\\/04\\\/q.bambuswand.jpg\",\"title\":\"Messestand Bambuswand\"}},{\"type\":\"slideshow_item\",\"props\":{\"image\":\"wp-content\\\/uploads\\\/2024\\\/05\\\/aus_basel_world_2.jpg\",\"title\":\"Salon de l'horlogerie et de la bijouterie\"}},{\"type\":\"slideshow_item\",\"props\":{\"image\":\"wp-content\\\/uploads\\\/2024\\\/05\\\/aus_baumesse_luzern.jpg\",\"title\":\"Foire de la construction Lucerne\"}},{\"type\":\"slideshow_item\",\"props\":{\"image\":\"wp-content\\\/uploads\\\/2024\\\/05\\\/aus_casabanca1.jpg\",\"title\":\"Casabanca Lucerne\"}},{\"type\":\"slideshow_item\",\"props\":{\"image\":\"wp-content\\\/uploads\\\/2024\\\/05\\\/aus_giardina.jpg\",\"title\":\"Giardina Jardin Suisse Zurich\"}},{\"type\":\"slideshow_item\",\"props\":{\"image\":\"wp-content\\\/uploads\\\/2024\\\/05\\\/aus_mefa_2.jpg\",\"title\":\"MEFA Zurich\"}},{\"type\":\"slideshow_item\",\"props\":{\"image\":\"wp-content\\\/uploads\\\/2024\\\/05\\\/mes_15_par_1.jpg\",\"title\":\"Maison et Objects Paris\"}},{\"type\":\"slideshow_item\",\"props\":{\"image\":\"wp-content\\\/uploads\\\/2024\\\/05\\\/schli_h17_6.jpg\",\"title\":\"Ambiente Frankfurt\"}},{\"type\":\"slideshow_item\",\"props\":{\"image\":\"wp-content\\\/uploads\\\/2024\\\/05\\\/schli_h17_12.jpg\",\"title\":\"Maison et Objects Paris\"}}]}]}]}],\"name\":\"Events\"},{\"type\":\"section\",\"props\":{\"image_position\":\"center-center\",\"padding\":\"none\",\"preserve_color\":true,\"style\":\"primary\",\"title_breakpoint\":\"xl\",\"title_position\":\"top-left\",\"title_rotation\":\"left\",\"vertical_align\":\"\",\"width\":\"xlarge\"},\"children\":[{\"type\":\"row\",\"children\":[{\"type\":\"column\",\"props\":{\"image_position\":\"center-center\",\"position_sticky_breakpoint\":\"m\"},\"children\":[{\"type\":\"totop\",\"props\":{\"margin\":\"default\",\"text_align\":\"right\",\"title_grid_column_gap\":\"small\",\"title_grid_row_gap\":\"small\"}}]}]}]},{\"type\":\"section\",\"props\":{\"image_position\":\"center-center\",\"padding\":\"small\",\"padding_remove_bottom\":false,\"padding_remove_horizontal\":false,\"preserve_color\":true,\"style\":\"primary\",\"title_breakpoint\":\"xl\",\"title_position\":\"top-left\",\"title_rotation\":\"left\",\"vertical_align\":\"\",\"width\":\"xlarge\"},\"children\":[{\"type\":\"row\",\"props\":{\"match\":false,\"width\":\"expand\"},\"children\":[{\"type\":\"column\",\"props\":{\"image_position\":\"center-center\",\"position_sticky_breakpoint\":\"m\",\"vertical_align\":\"middle\"}}]}],\"name\":\"Events\"}],\"version\":\"4.4.7\"} --><\/p>\n","protected":false},"excerpt":{"rendered":"<p>Conceptions pour les salons Conceptions pour les salons La pr\u00e9sence d&rsquo;une entreprise sur un salon international d\u00e9pend de nombreux aspects visuels. L&rsquo;am\u00e9nagement floral en fait partie. Pour diff\u00e9rentes entreprises, nous r\u00e9alisons \u00e9galement de tels projets en Belgique et \u00e0 l&rsquo;\u00e9tranger. \u00c9v\u00e9nements d&rsquo;affairs Abonnement aux fleurs \u00c9v\u00e9nements priv\u00e9s Mariages Dire au revoir Etoile Salon vert Salon [&hellip;]<\/p>\n","protected":false},"author":2,"featured_media":0,"parent":11892,"menu_order":1,"comment_status":"closed","ping_status":"closed","template":"","meta":{"footnotes":""},"class_list":["post-11898","page","type-page","status-publish","hentry"],"yoast_head":"<!-- This site is optimized with the Yoast SEO Premium plugin v24.9 (Yoast SEO v24.9) - https:\/\/yoast.com\/wordpress\/plugins\/seo\/ -->\n<title>Conception de salons - Blumen Florist Luzern Blumenonline<\/title>\n<meta name=\"description\" content=\"Blumen Blumengesch\u00e4ft Florist Luzern\" \/>\n<meta name=\"robots\" content=\"index, follow, max-snippet:-1, max-image-preview:large, max-video-preview:-1\" \/>\n<link rel=\"canonical\" href=\"https:\/\/flowerevents.com\/fr\/evenementiel\/evenements-daffaires\/conception-de-salons\/\" \/>\n<meta property=\"og:locale\" content=\"fr_FR\" \/>\n<meta property=\"og:type\" content=\"article\" \/>\n<meta property=\"og:title\" content=\"Conception de salons\" \/>\n<meta property=\"og:description\" content=\"Instagram\" \/>\n<meta property=\"og:url\" content=\"https:\/\/flowerevents.com\/fr\/evenementiel\/evenements-daffaires\/conception-de-salons\/\" \/>\n<meta property=\"og:site_name\" content=\"Blumen Florist Luzern Blumenonline\" \/>\n<meta property=\"article:publisher\" content=\"https:\/\/www.facebook.com\/flowerevents.ch\" \/>\n<meta property=\"article:modified_time\" content=\"2024-11-01T07:33:16+00:00\" \/>\n<meta name=\"twitter:card\" content=\"summary_large_image\" \/>\n<script type=\"application\/ld+json\" class=\"yoast-schema-graph\">{\"@context\":\"https:\/\/schema.org\",\"@graph\":[{\"@type\":\"WebPage\",\"@id\":\"https:\/\/flowerevents.com\/fr\/evenementiel\/evenements-daffaires\/conception-de-salons\/\",\"url\":\"https:\/\/flowerevents.com\/fr\/evenementiel\/evenements-daffaires\/conception-de-salons\/\",\"name\":\"Conception de salons - Blumen Florist Luzern Blumenonline\",\"isPartOf\":{\"@id\":\"https:\/\/flowerevents.com\/fr\/#website\"},\"datePublished\":\"2024-05-31T13:40:13+00:00\",\"dateModified\":\"2024-11-01T07:33:16+00:00\",\"description\":\"Blumen Blumengesch\u00e4ft Florist Luzern\",\"breadcrumb\":{\"@id\":\"https:\/\/flowerevents.com\/fr\/evenementiel\/evenements-daffaires\/conception-de-salons\/#breadcrumb\"},\"inLanguage\":\"fr-FR\",\"potentialAction\":[{\"@type\":\"ReadAction\",\"target\":[\"https:\/\/flowerevents.com\/fr\/evenementiel\/evenements-daffaires\/conception-de-salons\/\"]}]},{\"@type\":\"BreadcrumbList\",\"@id\":\"https:\/\/flowerevents.com\/fr\/evenementiel\/evenements-daffaires\/conception-de-salons\/#breadcrumb\",\"itemListElement\":[{\"@type\":\"ListItem\",\"position\":1,\"name\":\"Startseite\",\"item\":\"https:\/\/flowerevents.com\/fr\/\"},{\"@type\":\"ListItem\",\"position\":2,\"name\":\"\u00c9v\u00e8nementiel\",\"item\":\"https:\/\/flowerevents.com\/fr\/evenementiel\/\"},{\"@type\":\"ListItem\",\"position\":3,\"name\":\"\u00c9v\u00e9nements d&#8217;affaires\",\"item\":\"https:\/\/flowerevents.com\/fr\/evenementiel\/evenements-daffaires\/\"},{\"@type\":\"ListItem\",\"position\":4,\"name\":\"Conception de salons\"}]},{\"@type\":\"WebSite\",\"@id\":\"https:\/\/flowerevents.com\/fr\/#website\",\"url\":\"https:\/\/flowerevents.com\/fr\/\",\"name\":\"Flowerevents\",\"description\":\"Wenn es um Blumiges geht - die sch\u00f6nste Blumengesch\u00e4ft von Luzern\",\"alternateName\":\"Blumen Luzern Flowerevents\",\"potentialAction\":[{\"@type\":\"SearchAction\",\"target\":{\"@type\":\"EntryPoint\",\"urlTemplate\":\"https:\/\/flowerevents.com\/fr\/?s={search_term_string}\"},\"query-input\":{\"@type\":\"PropertyValueSpecification\",\"valueRequired\":true,\"valueName\":\"search_term_string\"}}],\"inLanguage\":\"fr-FR\"}]}<\/script>\n<!-- \/ Yoast SEO Premium plugin. -->","yoast_head_json":{"title":"Conception de salons - Blumen Florist Luzern Blumenonline","description":"Blumen Blumengesch\u00e4ft Florist Luzern","robots":{"index":"index","follow":"follow","max-snippet":"max-snippet:-1","max-image-preview":"max-image-preview:large","max-video-preview":"max-video-preview:-1"},"canonical":"https:\/\/flowerevents.com\/fr\/evenementiel\/evenements-daffaires\/conception-de-salons\/","og_locale":"fr_FR","og_type":"article","og_title":"Conception de salons","og_description":"Instagram","og_url":"https:\/\/flowerevents.com\/fr\/evenementiel\/evenements-daffaires\/conception-de-salons\/","og_site_name":"Blumen Florist Luzern Blumenonline","article_publisher":"https:\/\/www.facebook.com\/flowerevents.ch","article_modified_time":"2024-11-01T07:33:16+00:00","twitter_card":"summary_large_image","schema":{"@context":"https:\/\/schema.org","@graph":[{"@type":"WebPage","@id":"https:\/\/flowerevents.com\/fr\/evenementiel\/evenements-daffaires\/conception-de-salons\/","url":"https:\/\/flowerevents.com\/fr\/evenementiel\/evenements-daffaires\/conception-de-salons\/","name":"Conception de salons - Blumen Florist Luzern Blumenonline","isPartOf":{"@id":"https:\/\/flowerevents.com\/fr\/#website"},"datePublished":"2024-05-31T13:40:13+00:00","dateModified":"2024-11-01T07:33:16+00:00","description":"Blumen Blumengesch\u00e4ft Florist Luzern","breadcrumb":{"@id":"https:\/\/flowerevents.com\/fr\/evenementiel\/evenements-daffaires\/conception-de-salons\/#breadcrumb"},"inLanguage":"fr-FR","potentialAction":[{"@type":"ReadAction","target":["https:\/\/flowerevents.com\/fr\/evenementiel\/evenements-daffaires\/conception-de-salons\/"]}]},{"@type":"BreadcrumbList","@id":"https:\/\/flowerevents.com\/fr\/evenementiel\/evenements-daffaires\/conception-de-salons\/#breadcrumb","itemListElement":[{"@type":"ListItem","position":1,"name":"Startseite","item":"https:\/\/flowerevents.com\/fr\/"},{"@type":"ListItem","position":2,"name":"\u00c9v\u00e8nementiel","item":"https:\/\/flowerevents.com\/fr\/evenementiel\/"},{"@type":"ListItem","position":3,"name":"\u00c9v\u00e9nements d&#8217;affaires","item":"https:\/\/flowerevents.com\/fr\/evenementiel\/evenements-daffaires\/"},{"@type":"ListItem","position":4,"name":"Conception de salons"}]},{"@type":"WebSite","@id":"https:\/\/flowerevents.com\/fr\/#website","url":"https:\/\/flowerevents.com\/fr\/","name":"Flowerevents","description":"Wenn es um Blumiges geht - die sch\u00f6nste Blumengesch\u00e4ft von Luzern","alternateName":"Blumen Luzern Flowerevents","potentialAction":[{"@type":"SearchAction","target":{"@type":"EntryPoint","urlTemplate":"https:\/\/flowerevents.com\/fr\/?s={search_term_string}"},"query-input":{"@type":"PropertyValueSpecification","valueRequired":true,"valueName":"search_term_string"}}],"inLanguage":"fr-FR"}]}},"_links":{"self":[{"href":"https:\/\/flowerevents.com\/fr\/wp-json\/wp\/v2\/pages\/11898"}],"collection":[{"href":"https:\/\/flowerevents.com\/fr\/wp-json\/wp\/v2\/pages"}],"about":[{"href":"https:\/\/flowerevents.com\/fr\/wp-json\/wp\/v2\/types\/page"}],"author":[{"embeddable":true,"href":"https:\/\/flowerevents.com\/fr\/wp-json\/wp\/v2\/users\/2"}],"replies":[{"embeddable":true,"href":"https:\/\/flowerevents.com\/fr\/wp-json\/wp\/v2\/comments?post=11898"}],"version-history":[{"count":7,"href":"https:\/\/flowerevents.com\/fr\/wp-json\/wp\/v2\/pages\/11898\/revisions"}],"predecessor-version":[{"id":14584,"href":"https:\/\/flowerevents.com\/fr\/wp-json\/wp\/v2\/pages\/11898\/revisions\/14584"}],"up":[{"embeddable":true,"href":"https:\/\/flowerevents.com\/fr\/wp-json\/wp\/v2\/pages\/11892"}],"wp:attachment":[{"href":"https:\/\/flowerevents.com\/fr\/wp-json\/wp\/v2\/media?parent=11898"}],"curies":[{"name":"wp","href":"https:\/\/api.w.org\/{rel}","templated":true}]}}